{"id":972,"date":"2019-08-14T21:50:12","date_gmt":"2019-08-14T19:50:12","guid":{"rendered":"http:\/\/www.global-projects.es\/?post_type=project&#038;p=972"},"modified":"2020-04-30T12:06:54","modified_gmt":"2020-04-30T10:06:54","slug":"despacho-profesional-terrassa","status":"publish","type":"project","link":"https:\/\/www.global-projects.es\/es\/project\/despacho-profesional-terrassa\/","title":{"rendered":"Despacho profesional Terrassa"},"content":{"rendered":"<p>[et_pb_section fb_built=\u00bb1&#8243; _builder_version=\u00bb3.22.5&#8243; custom_padding=\u00bb60px||\u00bb][et_pb_row _builder_version=\u00bb3.25&#8243;][et_pb_column type=\u00bb4_4&#8243; _builder_version=\u00bb3.25&#8243; custom_padding=\u00bb|||\u00bb custom_padding__hover=\u00bb|||\u00bb][et_pb_post_title meta=\u00bboff\u00bb featured_image=\u00bboff\u00bb _builder_version=\u00bb3.22.5&#8243;][\/et_pb_post_title][et_pb_gallery gallery_ids=\u00bb106,5419,5420,5421,5422,5423,5424,5425,5426,5427,5428,5429,5430,5431,5432&#8243; posts_number=\u00bb21&#8243; show_title_and_caption=\u00bboff\u00bb show_pagination=\u00bboff\u00bb module_class=\u00bbthree-column-grid\u00bb _builder_version=\u00bb3.22.5&#8243;][\/et_pb_gallery][\/et_pb_column][\/et_pb_row][et_pb_row column_structure=\u00bb2_3,1_3&#8243; _builder_version=\u00bb3.25&#8243;][et_pb_column type=\u00bb2_3&#8243; _builder_version=\u00bb3.25&#8243; custom_padding=\u00bb|||\u00bb custom_padding__hover=\u00bb|||\u00bb][et_pb_text _builder_version=\u00bb3.27.4&#8243;]<\/p>\n<p><u>El proyecto<\/u><\/p>\n<p>Abrils Studio y Global Project llevaron a cabo un trabajo conjunto en la reforma y construcci\u00f3n de un despacho profesional ubicado en Terrassa.<\/p>\n<p><u>La ejecuci\u00f3n<\/u><\/p>\n<p>El proyecto de construcci\u00f3n y reforma parti\u00f3 de la premisa de aprovechar las caracter\u00edsticas del local, una antigua f\u00e1brica textil de techos altos y ladrillo visto. Para ello se proyect\u00f3 dividir el espacio en dos plantas. En la planta baja se cre\u00f3 un espacio abierto donde se combin\u00f3 el parquet y el suelo hidr\u00e1ulico. Se mantuvieron los grandes ventanales para dotar al espacio de luz natural, complement\u00e1ndolo con una cocina empotrada y separada con puertas correderas blancas.<\/p>\n<p>La segunda planta se utiliz\u00f3 para crear una sala de reuniones caracterizada por el pino y la cristalera, que componen un espacio desde donde se puede visualizar el despacho completo.<\/p>\n<p>&nbsp;<\/p>\n<p>[\/et_pb_text][\/et_pb_column][et_pb_column type=\u00bb1_3&#8243; _builder_version=\u00bb3.25&#8243; custom_padding=\u00bb|||\u00bb custom_padding__hover=\u00bb|||\u00bb][et_pb_button button_url=\u00bb\/contacto\u00bb button_text=\u00bbP\u00eddenos presupuesto\u00bb button_alignment=\u00bbleft\u00bb _builder_version=\u00bb4.4.4&#8243; button_on_hover=\u00bboff\u00bb hover_enabled=\u00bb0&#8243; custom_css_main_element=\u00bbwidth:100%;\u00bb][\/et_pb_button][et_pb_text _builder_version=\u00bb3.27.4&#8243; _dynamic_attributes=\u00bbcontent\u00bb text_font=\u00bbPoppins||||||||\u00bb text_text_color=\u00bb#00a4b3&#8243;]@ET-DC@eyJkeW5hbWljIjp0cnVlLCJjb250ZW50IjoicG9zdF90YWdzIiwic2V0dGluZ3MiOnsiYmVmb3JlIjoiIiwiYWZ0ZXIiOiIiLCJsaW5rX3RvX3Rlcm1fcGFnZSI6Im9mZiIsInNlcGFyYXRvciI6IiwgIiwiY2F0ZWdvcnlfdHlwZSI6InByb2plY3RfdGFnIn19@[\/et_pb_text][et_pb_text _builder_version=\u00bb3.27.4&#8243; text_font=\u00bb||||||||\u00bb text_text_color=\u00bb#02314b\u00bb]<\/p>\n<p><strong>Tipolog\u00eda:\u00a0<\/strong>Reforma\u00a0de un despacho profesional en Terrassa.<br \/><strong>Interiorismo:\u00a0<\/strong><a href=\"http:\/\/www.abrilsstudio.com\/\">Abrils Studio<\/a><span>.<\/span><br \/><strong>Construcci\u00f3n:\u00a0<\/strong>Global Projects.<br \/><strong>Superf\u00edcie:\u00a0<\/strong>XXX m2<\/p>\n<p>[\/et_pb_text][\/et_pb_column][\/et_pb_row][et_pb_row use_custom_gutter=\u00bbon\u00bb gutter_width=\u00bb2&#8243; _builder_version=\u00bb4.2.2&#8243; custom_padding=\u00bb||0px||false|false\u00bb locked=\u00bboff\u00bb][et_pb_column type=\u00bb4_4&#8243; _builder_version=\u00bb4.2.2&#8243;][et_pb_text _builder_version=\u00bb4.2.2&#8243;]<\/p>\n<h2>Proyectos Relacionados<\/h2>\n<p>[\/et_pb_text][et_pb_portfolio fullwidth=\u00bboff\u00bb posts_number=\u00bb3&#8243; include_categories=\u00bbcurrent\u00bb show_title=\u00bboff\u00bb show_categories=\u00bboff\u00bb show_pagination=\u00bboff\u00bb module_class=\u00bbthree-column-grid portfolio\u00bb _builder_version=\u00bb4.2.2&#8243;][\/et_pb_portfolio][\/et_pb_column][\/et_pb_row][\/et_pb_section]<\/p>\n","protected":false},"excerpt":{"rendered":"<p>El proyecto Abrils Studio y Global Project llevaron a cabo un trabajo conjunto en la reforma y construcci\u00f3n de un despacho profesional ubicado en Terrassa. La ejecuci\u00f3n El proyecto de construcci\u00f3n y reforma parti\u00f3 de la premisa de aprovechar las caracter\u00edsticas del local, una antigua f\u00e1brica textil de techos altos y ladrillo visto. Para ello [&hellip;]<\/p>\n","protected":false},"author":2,"featured_media":975,"comment_status":"open","ping_status":"closed","template":"","meta":{"_et_pb_use_builder":"on","_et_pb_old_content":"","_et_gb_content_width":"","footnotes":""},"project_category":[3],"project_tag":[],"class_list":["post-972","project","type-project","status-publish","has-post-thumbnail","hentry","project_category-reformas-de-oficinas"],"yoast_head":"<!-- This site is optimized with the Yoast SEO plugin v27.5 - https:\/\/yoast.com\/product\/yoast-seo-wordpress\/ -->\n<title>Despacho profesional Terrassa - Global Projects<\/title>\n<meta name=\"description\" content=\"Ficha del proyecto de la reforma integral de un despacho profesional en Terrassa. Haz click para conocer m\u00e1s los trabajos realizados en este espacio.\" \/>\n<meta name=\"robots\" content=\"index, follow, max-snippet:-1, max-image-preview:large, max-video-preview:-1\" \/>\n<link rel=\"canonical\" href=\"https:\/\/www.global-projects.es\/es\/project\/despacho-profesional-terrassa\/\" \/>\n<meta property=\"og:locale\" content=\"es_ES\" \/>\n<meta property=\"og:type\" content=\"article\" \/>\n<meta property=\"og:title\" content=\"Despacho profesional Terrassa - Global Projects\" \/>\n<meta property=\"og:description\" content=\"Ficha del proyecto de la reforma integral de un despacho profesional en Terrassa. Haz click para conocer m\u00e1s los trabajos realizados en este espacio.\" \/>\n<meta property=\"og:url\" content=\"https:\/\/www.global-projects.es\/es\/project\/despacho-profesional-terrassa\/\" \/>\n<meta property=\"og:site_name\" content=\"Global Projects\" \/>\n<meta property=\"article:publisher\" content=\"https:\/\/www.facebook.com\/gblprojects\" \/>\n<meta property=\"article:modified_time\" content=\"2020-04-30T10:06:54+00:00\" \/>\n<meta property=\"og:image\" content=\"https:\/\/www.global-projects.es\/wp-content\/uploads\/2019\/08\/Despacho-Terrassa-1-1024x687.jpg\" \/>\n\t<meta property=\"og:image:width\" content=\"1024\" \/>\n\t<meta property=\"og:image:height\" content=\"687\" \/>\n\t<meta property=\"og:image:type\" content=\"image\/jpeg\" \/>\n<meta name=\"twitter:card\" content=\"summary_large_image\" \/>\n<meta name=\"twitter:site\" content=\"@global_projects\" \/>\n<meta name=\"twitter:label1\" content=\"Tiempo de lectura\" \/>\n\t<meta name=\"twitter:data1\" content=\"2 minutos\" \/>\n<script type=\"application\/ld+json\" class=\"yoast-schema-graph\">{\"@context\":\"https:\\\/\\\/schema.org\",\"@graph\":[{\"@type\":\"WebPage\",\"@id\":\"https:\\\/\\\/www.global-projects.es\\\/es\\\/project\\\/despacho-profesional-terrassa\\\/\",\"url\":\"https:\\\/\\\/www.global-projects.es\\\/es\\\/project\\\/despacho-profesional-terrassa\\\/\",\"name\":\"Despacho profesional Terrassa - Global Projects\",\"isPartOf\":{\"@id\":\"https:\\\/\\\/www.global-projects.es\\\/es\\\/#website\"},\"primaryImageOfPage\":{\"@id\":\"https:\\\/\\\/www.global-projects.es\\\/es\\\/project\\\/despacho-profesional-terrassa\\\/#primaryimage\"},\"image\":{\"@id\":\"https:\\\/\\\/www.global-projects.es\\\/es\\\/project\\\/despacho-profesional-terrassa\\\/#primaryimage\"},\"thumbnailUrl\":\"https:\\\/\\\/www.global-projects.es\\\/wp-content\\\/uploads\\\/2019\\\/08\\\/Despacho-Terrassa-1.jpg\",\"datePublished\":\"2019-08-14T19:50:12+00:00\",\"dateModified\":\"2020-04-30T10:06:54+00:00\",\"description\":\"Ficha del proyecto de la reforma integral de un despacho profesional en Terrassa. Haz click para conocer m\u00e1s los trabajos realizados en este espacio.\",\"breadcrumb\":{\"@id\":\"https:\\\/\\\/www.global-projects.es\\\/es\\\/project\\\/despacho-profesional-terrassa\\\/#breadcrumb\"},\"inLanguage\":\"es\",\"potentialAction\":[{\"@type\":\"ReadAction\",\"target\":[\"https:\\\/\\\/www.global-projects.es\\\/es\\\/project\\\/despacho-profesional-terrassa\\\/\"]}]},{\"@type\":\"ImageObject\",\"inLanguage\":\"es\",\"@id\":\"https:\\\/\\\/www.global-projects.es\\\/es\\\/project\\\/despacho-profesional-terrassa\\\/#primaryimage\",\"url\":\"https:\\\/\\\/www.global-projects.es\\\/wp-content\\\/uploads\\\/2019\\\/08\\\/Despacho-Terrassa-1.jpg\",\"contentUrl\":\"https:\\\/\\\/www.global-projects.es\\\/wp-content\\\/uploads\\\/2019\\\/08\\\/Despacho-Terrassa-1.jpg\",\"width\":3500,\"height\":2348},{\"@type\":\"BreadcrumbList\",\"@id\":\"https:\\\/\\\/www.global-projects.es\\\/es\\\/project\\\/despacho-profesional-terrassa\\\/#breadcrumb\",\"itemListElement\":[{\"@type\":\"ListItem\",\"position\":1,\"name\":\"Portada\",\"item\":\"https:\\\/\\\/www.global-projects.es\\\/es\\\/\"},{\"@type\":\"ListItem\",\"position\":2,\"name\":\"Proyectos\",\"item\":\"https:\\\/\\\/www.global-projects.es\\\/es\\\/project\\\/\"},{\"@type\":\"ListItem\",\"position\":3,\"name\":\"Despacho profesional Terrassa\"}]},{\"@type\":\"WebSite\",\"@id\":\"https:\\\/\\\/www.global-projects.es\\\/es\\\/#website\",\"url\":\"https:\\\/\\\/www.global-projects.es\\\/es\\\/\",\"name\":\"Global Projects\",\"description\":\"Reformas Integrales Barcelona\",\"potentialAction\":[{\"@type\":\"SearchAction\",\"target\":{\"@type\":\"EntryPoint\",\"urlTemplate\":\"https:\\\/\\\/www.global-projects.es\\\/es\\\/?s={search_term_string}\"},\"query-input\":{\"@type\":\"PropertyValueSpecification\",\"valueRequired\":true,\"valueName\":\"search_term_string\"}}],\"inLanguage\":\"es\"}]}<\/script>\n<!-- \/ Yoast SEO plugin. -->","yoast_head_json":{"title":"Despacho profesional Terrassa - Global Projects","description":"Ficha del proyecto de la reforma integral de un despacho profesional en Terrassa. Haz click para conocer m\u00e1s los trabajos realizados en este espacio.","robots":{"index":"index","follow":"follow","max-snippet":"max-snippet:-1","max-image-preview":"max-image-preview:large","max-video-preview":"max-video-preview:-1"},"canonical":"https:\/\/www.global-projects.es\/es\/project\/despacho-profesional-terrassa\/","og_locale":"es_ES","og_type":"article","og_title":"Despacho profesional Terrassa - Global Projects","og_description":"Ficha del proyecto de la reforma integral de un despacho profesional en Terrassa. Haz click para conocer m\u00e1s los trabajos realizados en este espacio.","og_url":"https:\/\/www.global-projects.es\/es\/project\/despacho-profesional-terrassa\/","og_site_name":"Global Projects","article_publisher":"https:\/\/www.facebook.com\/gblprojects","article_modified_time":"2020-04-30T10:06:54+00:00","og_image":[{"width":1024,"height":687,"url":"https:\/\/www.global-projects.es\/wp-content\/uploads\/2019\/08\/Despacho-Terrassa-1-1024x687.jpg","type":"image\/jpeg"}],"twitter_card":"summary_large_image","twitter_site":"@global_projects","twitter_misc":{"Tiempo de lectura":"2 minutos"},"schema":{"@context":"https:\/\/schema.org","@graph":[{"@type":"WebPage","@id":"https:\/\/www.global-projects.es\/es\/project\/despacho-profesional-terrassa\/","url":"https:\/\/www.global-projects.es\/es\/project\/despacho-profesional-terrassa\/","name":"Despacho profesional Terrassa - Global Projects","isPartOf":{"@id":"https:\/\/www.global-projects.es\/es\/#website"},"primaryImageOfPage":{"@id":"https:\/\/www.global-projects.es\/es\/project\/despacho-profesional-terrassa\/#primaryimage"},"image":{"@id":"https:\/\/www.global-projects.es\/es\/project\/despacho-profesional-terrassa\/#primaryimage"},"thumbnailUrl":"https:\/\/www.global-projects.es\/wp-content\/uploads\/2019\/08\/Despacho-Terrassa-1.jpg","datePublished":"2019-08-14T19:50:12+00:00","dateModified":"2020-04-30T10:06:54+00:00","description":"Ficha del proyecto de la reforma integral de un despacho profesional en Terrassa. Haz click para conocer m\u00e1s los trabajos realizados en este espacio.","breadcrumb":{"@id":"https:\/\/www.global-projects.es\/es\/project\/despacho-profesional-terrassa\/#breadcrumb"},"inLanguage":"es","potentialAction":[{"@type":"ReadAction","target":["https:\/\/www.global-projects.es\/es\/project\/despacho-profesional-terrassa\/"]}]},{"@type":"ImageObject","inLanguage":"es","@id":"https:\/\/www.global-projects.es\/es\/project\/despacho-profesional-terrassa\/#primaryimage","url":"https:\/\/www.global-projects.es\/wp-content\/uploads\/2019\/08\/Despacho-Terrassa-1.jpg","contentUrl":"https:\/\/www.global-projects.es\/wp-content\/uploads\/2019\/08\/Despacho-Terrassa-1.jpg","width":3500,"height":2348},{"@type":"BreadcrumbList","@id":"https:\/\/www.global-projects.es\/es\/project\/despacho-profesional-terrassa\/#breadcrumb","itemListElement":[{"@type":"ListItem","position":1,"name":"Portada","item":"https:\/\/www.global-projects.es\/es\/"},{"@type":"ListItem","position":2,"name":"Proyectos","item":"https:\/\/www.global-projects.es\/es\/project\/"},{"@type":"ListItem","position":3,"name":"Despacho profesional Terrassa"}]},{"@type":"WebSite","@id":"https:\/\/www.global-projects.es\/es\/#website","url":"https:\/\/www.global-projects.es\/es\/","name":"Global Projects","description":"Reformas Integrales Barcelona","potentialAction":[{"@type":"SearchAction","target":{"@type":"EntryPoint","urlTemplate":"https:\/\/www.global-projects.es\/es\/?s={search_term_string}"},"query-input":{"@type":"PropertyValueSpecification","valueRequired":true,"valueName":"search_term_string"}}],"inLanguage":"es"}]}},"_links":{"self":[{"href":"https:\/\/www.global-projects.es\/es\/wp-json\/wp\/v2\/project\/972","targetHints":{"allow":["GET"]}}],"collection":[{"href":"https:\/\/www.global-projects.es\/es\/wp-json\/wp\/v2\/project"}],"about":[{"href":"https:\/\/www.global-projects.es\/es\/wp-json\/wp\/v2\/types\/project"}],"author":[{"embeddable":true,"href":"https:\/\/www.global-projects.es\/es\/wp-json\/wp\/v2\/users\/2"}],"replies":[{"embeddable":true,"href":"https:\/\/www.global-projects.es\/es\/wp-json\/wp\/v2\/comments?post=972"}],"version-history":[{"count":0,"href":"https:\/\/www.global-projects.es\/es\/wp-json\/wp\/v2\/project\/972\/revisions"}],"wp:featuredmedia":[{"embeddable":true,"href":"https:\/\/www.global-projects.es\/es\/wp-json\/wp\/v2\/media\/975"}],"wp:attachment":[{"href":"https:\/\/www.global-projects.es\/es\/wp-json\/wp\/v2\/media?parent=972"}],"wp:term":[{"taxonomy":"project_category","embeddable":true,"href":"https:\/\/www.global-projects.es\/es\/wp-json\/wp\/v2\/project_category?post=972"},{"taxonomy":"project_tag","embeddable":true,"href":"https:\/\/www.global-projects.es\/es\/wp-json\/wp\/v2\/project_tag?post=972"}],"curies":[{"name":"wp","href":"https:\/\/api.w.org\/{rel}","templated":true}]}}