{"id":7469,"date":"2019-08-01T00:32:10","date_gmt":"2019-07-31T22:32:10","guid":{"rendered":"http:\/\/www.global-projects.es\/?post_type=project&#038;p=7469"},"modified":"2020-05-06T13:54:50","modified_gmt":"2020-05-06T11:54:50","slug":"reforma-gran-via-corts-catalanes","status":"publish","type":"project","link":"https:\/\/www.global-projects.es\/es\/project\/reforma-gran-via-corts-catalanes\/","title":{"rendered":"Reforma integral MH Gran Via de les Corts Catalanes"},"content":{"rendered":"<p>[et_pb_section fb_built=\u00bb1&#8243; _builder_version=\u00bb3.22.5&#8243; custom_padding=\u00bb60px||\u00bb][et_pb_row _builder_version=\u00bb3.25&#8243;][et_pb_column type=\u00bb4_4&#8243; _builder_version=\u00bb3.25&#8243; custom_padding=\u00bb|||\u00bb custom_padding__hover=\u00bb|||\u00bb][et_pb_post_title meta=\u00bboff\u00bb featured_image=\u00bboff\u00bb _builder_version=\u00bb3.22.5&#8243;][\/et_pb_post_title][et_pb_gallery gallery_ids=\u00bb106,7868,7871,7874,7877,7880,7883,7886,7889,7892,7895,7898,7901,7904,7907,7910,7913,7916,7919,7922,7925,7928,7931,7934,7937,7940,7943,7946,7949,7952,7955,7958,7961,7964,7967&#8243; posts_number=\u00bb21&#8243; show_title_and_caption=\u00bboff\u00bb show_pagination=\u00bboff\u00bb module_class=\u00bbthree-column-grid\u00bb _builder_version=\u00bb4.4.2&#8243;][\/et_pb_gallery][\/et_pb_column][\/et_pb_row][et_pb_row column_structure=\u00bb2_3,1_3&#8243; _builder_version=\u00bb3.25&#8243;][et_pb_column type=\u00bb2_3&#8243; _builder_version=\u00bb3.25&#8243; custom_padding=\u00bb|||\u00bb custom_padding__hover=\u00bb|||\u00bb][et_pb_text _builder_version=\u00bb3.27.4&#8243;]<\/p>\n<p><u>El proyecto<\/u><\/p>\n<p>&nbsp;<\/p>\n<p><u>La ejecuci\u00f3n<\/u><\/p>\n<p><span style=\"font-size: 14px;\">La elegancia del blanco marfil.\u00a0Esta es una de esas viviendas que encantan a los barceloneses, que encantan nada m\u00e1s entrar. Restauraci\u00f3n de techos altos, reubicaci\u00f3n de la cocina\u2026.El edificio ya de por s\u00ed, una finca regia, es fant\u00e1stico; en cuanto entras por la puerta, m\u00e1gicamente te imaginas viviendo all\u00ed. Haciendo planes de d\u00f3nde poner el sof\u00e1 o la mesa de comedor y decidir si poner televisi\u00f3n o no\u2026. Un piso d\u00f3nde la luz rebota en las paredes y el techo blanco, blanco puro que proyecta una luz que te invita a coger un libro y no dejarlo hasta que caiga la noche. Con una cocina cosmopolita haciendo cenas paras los amigos, y es que esta cocina abierta al sal\u00f3n se presta a hablar cocinar y sobretodo disfrutar. \u00a0<\/span><\/p>\n<p>[\/et_pb_text][\/et_pb_column][et_pb_column type=\u00bb1_3&#8243; _builder_version=\u00bb3.25&#8243; custom_padding=\u00bb|||\u00bb custom_padding__hover=\u00bb|||\u00bb][et_pb_button button_text=\u00bbP\u00eddenos presupuesto\u00bb button_alignment=\u00bbleft\u00bb _builder_version=\u00bb4.4.4&#8243; button_on_hover=\u00bboff\u00bb hover_enabled=\u00bb0&#8243; custom_css_main_element=\u00bbwidth:100%;\u00bb][\/et_pb_button][et_pb_text _builder_version=\u00bb3.27.4&#8243; _dynamic_attributes=\u00bbcontent\u00bb text_font=\u00bbPoppins||||||||\u00bb text_text_color=\u00bb#00a4b3&#8243;]@ET-DC@eyJkeW5hbWljIjp0cnVlLCJjb250ZW50IjoicG9zdF90YWdzIiwic2V0dGluZ3MiOnsiYmVmb3JlIjoiIiwiYWZ0ZXIiOiIiLCJsaW5rX3RvX3Rlcm1fcGFnZSI6Im9mZiIsInNlcGFyYXRvciI6IiwgIiwiY2F0ZWdvcnlfdHlwZSI6InByb2plY3RfdGFnIn19@[\/et_pb_text][et_pb_text _builder_version=\u00bb3.27.4&#8243; text_font=\u00bb||||||||\u00bb text_text_color=\u00bb#02314b\u00bb]<\/p>\n<p><strong>Tipolog\u00eda:\u00a0<\/strong>Reforma\u00a0integral de una vivienda particular.<br \/><strong>Interiorismo:\u00a0\u00a0<\/strong><br \/><strong>Construcci\u00f3n:\u00a0\u00a0<\/strong><br \/><strong>Superf\u00edcie:\u00a0\u00a0<\/strong><\/p>\n<p>[\/et_pb_text][\/et_pb_column][\/et_pb_row][et_pb_row use_custom_gutter=\u00bbon\u00bb gutter_width=\u00bb2&#8243; _builder_version=\u00bb4.2.2&#8243; custom_padding=\u00bb||0px||false|false\u00bb locked=\u00bboff\u00bb][et_pb_column type=\u00bb4_4&#8243; _builder_version=\u00bb4.2.2&#8243;][et_pb_text _builder_version=\u00bb4.2.2&#8243;]<\/p>\n<h2>Proyectos Relacionados<\/h2>\n<p>[\/et_pb_text][et_pb_portfolio fullwidth=\u00bboff\u00bb posts_number=\u00bb3&#8243; include_categories=\u00bbcurrent\u00bb show_title=\u00bboff\u00bb show_categories=\u00bboff\u00bb show_pagination=\u00bboff\u00bb module_class=\u00bbthree-column-grid portfolio\u00bb _builder_version=\u00bb4.2.2&#8243;][\/et_pb_portfolio][\/et_pb_column][\/et_pb_row][\/et_pb_section]<\/p>\n","protected":false},"excerpt":{"rendered":"<p>El proyecto &nbsp; La ejecuci\u00f3n La elegancia del blanco marfil.\u00a0Esta es una de esas viviendas que encantan a los barceloneses, que encantan nada m\u00e1s entrar. Restauraci\u00f3n de techos altos, reubicaci\u00f3n de la cocina\u2026.El edificio ya de por s\u00ed, una finca regia, es fant\u00e1stico; en cuanto entras por la puerta, m\u00e1gicamente te imaginas viviendo all\u00ed. Haciendo [&hellip;]<\/p>\n","protected":false},"author":2,"featured_media":7922,"comment_status":"open","ping_status":"closed","template":"","meta":{"_et_pb_use_builder":"on","_et_pb_old_content":"","_et_gb_content_width":"","footnotes":""},"project_category":[4],"project_tag":[],"class_list":["post-7469","project","type-project","status-publish","has-post-thumbnail","hentry","project_category-reformas-integrales"],"yoast_head":"<!-- This site is optimized with the Yoast SEO plugin v27.5 - https:\/\/yoast.com\/product\/yoast-seo-wordpress\/ -->\n<title>Reforma integral MH Gran Via de les Corts Catalanes - Global Projects<\/title>\n<meta name=\"robots\" content=\"index, follow, max-snippet:-1, max-image-preview:large, max-video-preview:-1\" \/>\n<link rel=\"canonical\" href=\"https:\/\/www.global-projects.es\/es\/project\/reforma-gran-via-corts-catalanes\/\" \/>\n<meta property=\"og:locale\" content=\"es_ES\" \/>\n<meta property=\"og:type\" content=\"article\" \/>\n<meta property=\"og:title\" content=\"Reforma integral MH Gran Via de les Corts Catalanes - Global Projects\" \/>\n<meta property=\"og:description\" content=\"El proyecto &nbsp; La ejecuci\u00f3n La elegancia del blanco marfil.\u00a0Esta es una de esas viviendas que encantan a los barceloneses, que encantan nada m\u00e1s entrar. Restauraci\u00f3n de techos altos, reubicaci\u00f3n de la cocina\u2026.El edificio ya de por s\u00ed, una finca regia, es fant\u00e1stico; en cuanto entras por la puerta, m\u00e1gicamente te imaginas viviendo all\u00ed. Haciendo [&hellip;]\" \/>\n<meta property=\"og:url\" content=\"https:\/\/www.global-projects.es\/es\/project\/reforma-gran-via-corts-catalanes\/\" \/>\n<meta property=\"og:site_name\" content=\"Global Projects\" \/>\n<meta property=\"article:publisher\" content=\"https:\/\/www.facebook.com\/gblprojects\" \/>\n<meta property=\"article:modified_time\" content=\"2020-05-06T11:54:50+00:00\" \/>\n<meta property=\"og:image\" content=\"https:\/\/www.global-projects.es\/wp-content\/uploads\/2020\/03\/Reforma-integral-MH-Gran-Via-de-les-Corts-Catalanes-19.jpg\" \/>\n\t<meta property=\"og:image:width\" content=\"1200\" \/>\n\t<meta property=\"og:image:height\" content=\"782\" \/>\n\t<meta property=\"og:image:type\" content=\"image\/jpeg\" \/>\n<meta name=\"twitter:card\" content=\"summary_large_image\" \/>\n<meta name=\"twitter:site\" content=\"@global_projects\" \/>\n<meta name=\"twitter:label1\" content=\"Tiempo de lectura\" \/>\n\t<meta name=\"twitter:data1\" content=\"2 minutos\" \/>\n<script type=\"application\/ld+json\" class=\"yoast-schema-graph\">{\"@context\":\"https:\\\/\\\/schema.org\",\"@graph\":[{\"@type\":\"WebPage\",\"@id\":\"https:\\\/\\\/www.global-projects.es\\\/es\\\/project\\\/reforma-gran-via-corts-catalanes\\\/\",\"url\":\"https:\\\/\\\/www.global-projects.es\\\/es\\\/project\\\/reforma-gran-via-corts-catalanes\\\/\",\"name\":\"Reforma integral MH Gran Via de les Corts Catalanes - Global Projects\",\"isPartOf\":{\"@id\":\"https:\\\/\\\/www.global-projects.es\\\/es\\\/#website\"},\"primaryImageOfPage\":{\"@id\":\"https:\\\/\\\/www.global-projects.es\\\/es\\\/project\\\/reforma-gran-via-corts-catalanes\\\/#primaryimage\"},\"image\":{\"@id\":\"https:\\\/\\\/www.global-projects.es\\\/es\\\/project\\\/reforma-gran-via-corts-catalanes\\\/#primaryimage\"},\"thumbnailUrl\":\"https:\\\/\\\/www.global-projects.es\\\/wp-content\\\/uploads\\\/2020\\\/03\\\/Reforma-integral-MH-Gran-Via-de-les-Corts-Catalanes-19.jpg\",\"datePublished\":\"2019-07-31T22:32:10+00:00\",\"dateModified\":\"2020-05-06T11:54:50+00:00\",\"breadcrumb\":{\"@id\":\"https:\\\/\\\/www.global-projects.es\\\/es\\\/project\\\/reforma-gran-via-corts-catalanes\\\/#breadcrumb\"},\"inLanguage\":\"es\",\"potentialAction\":[{\"@type\":\"ReadAction\",\"target\":[\"https:\\\/\\\/www.global-projects.es\\\/es\\\/project\\\/reforma-gran-via-corts-catalanes\\\/\"]}]},{\"@type\":\"ImageObject\",\"inLanguage\":\"es\",\"@id\":\"https:\\\/\\\/www.global-projects.es\\\/es\\\/project\\\/reforma-gran-via-corts-catalanes\\\/#primaryimage\",\"url\":\"https:\\\/\\\/www.global-projects.es\\\/wp-content\\\/uploads\\\/2020\\\/03\\\/Reforma-integral-MH-Gran-Via-de-les-Corts-Catalanes-19.jpg\",\"contentUrl\":\"https:\\\/\\\/www.global-projects.es\\\/wp-content\\\/uploads\\\/2020\\\/03\\\/Reforma-integral-MH-Gran-Via-de-les-Corts-Catalanes-19.jpg\",\"width\":1200,\"height\":782},{\"@type\":\"BreadcrumbList\",\"@id\":\"https:\\\/\\\/www.global-projects.es\\\/es\\\/project\\\/reforma-gran-via-corts-catalanes\\\/#breadcrumb\",\"itemListElement\":[{\"@type\":\"ListItem\",\"position\":1,\"name\":\"Portada\",\"item\":\"https:\\\/\\\/www.global-projects.es\\\/es\\\/\"},{\"@type\":\"ListItem\",\"position\":2,\"name\":\"Proyectos\",\"item\":\"https:\\\/\\\/www.global-projects.es\\\/es\\\/project\\\/\"},{\"@type\":\"ListItem\",\"position\":3,\"name\":\"Reforma integral MH Gran Via de les Corts Catalanes\"}]},{\"@type\":\"WebSite\",\"@id\":\"https:\\\/\\\/www.global-projects.es\\\/es\\\/#website\",\"url\":\"https:\\\/\\\/www.global-projects.es\\\/es\\\/\",\"name\":\"Global Projects\",\"description\":\"Reformas Integrales Barcelona\",\"potentialAction\":[{\"@type\":\"SearchAction\",\"target\":{\"@type\":\"EntryPoint\",\"urlTemplate\":\"https:\\\/\\\/www.global-projects.es\\\/es\\\/?s={search_term_string}\"},\"query-input\":{\"@type\":\"PropertyValueSpecification\",\"valueRequired\":true,\"valueName\":\"search_term_string\"}}],\"inLanguage\":\"es\"}]}<\/script>\n<!-- \/ Yoast SEO plugin. -->","yoast_head_json":{"title":"Reforma integral MH Gran Via de les Corts Catalanes - Global Projects","robots":{"index":"index","follow":"follow","max-snippet":"max-snippet:-1","max-image-preview":"max-image-preview:large","max-video-preview":"max-video-preview:-1"},"canonical":"https:\/\/www.global-projects.es\/es\/project\/reforma-gran-via-corts-catalanes\/","og_locale":"es_ES","og_type":"article","og_title":"Reforma integral MH Gran Via de les Corts Catalanes - Global Projects","og_description":"El proyecto &nbsp; La ejecuci\u00f3n La elegancia del blanco marfil.\u00a0Esta es una de esas viviendas que encantan a los barceloneses, que encantan nada m\u00e1s entrar. Restauraci\u00f3n de techos altos, reubicaci\u00f3n de la cocina\u2026.El edificio ya de por s\u00ed, una finca regia, es fant\u00e1stico; en cuanto entras por la puerta, m\u00e1gicamente te imaginas viviendo all\u00ed. Haciendo [&hellip;]","og_url":"https:\/\/www.global-projects.es\/es\/project\/reforma-gran-via-corts-catalanes\/","og_site_name":"Global Projects","article_publisher":"https:\/\/www.facebook.com\/gblprojects","article_modified_time":"2020-05-06T11:54:50+00:00","og_image":[{"width":1200,"height":782,"url":"https:\/\/www.global-projects.es\/wp-content\/uploads\/2020\/03\/Reforma-integral-MH-Gran-Via-de-les-Corts-Catalanes-19.jpg","type":"image\/jpeg"}],"twitter_card":"summary_large_image","twitter_site":"@global_projects","twitter_misc":{"Tiempo de lectura":"2 minutos"},"schema":{"@context":"https:\/\/schema.org","@graph":[{"@type":"WebPage","@id":"https:\/\/www.global-projects.es\/es\/project\/reforma-gran-via-corts-catalanes\/","url":"https:\/\/www.global-projects.es\/es\/project\/reforma-gran-via-corts-catalanes\/","name":"Reforma integral MH Gran Via de les Corts Catalanes - Global Projects","isPartOf":{"@id":"https:\/\/www.global-projects.es\/es\/#website"},"primaryImageOfPage":{"@id":"https:\/\/www.global-projects.es\/es\/project\/reforma-gran-via-corts-catalanes\/#primaryimage"},"image":{"@id":"https:\/\/www.global-projects.es\/es\/project\/reforma-gran-via-corts-catalanes\/#primaryimage"},"thumbnailUrl":"https:\/\/www.global-projects.es\/wp-content\/uploads\/2020\/03\/Reforma-integral-MH-Gran-Via-de-les-Corts-Catalanes-19.jpg","datePublished":"2019-07-31T22:32:10+00:00","dateModified":"2020-05-06T11:54:50+00:00","breadcrumb":{"@id":"https:\/\/www.global-projects.es\/es\/project\/reforma-gran-via-corts-catalanes\/#breadcrumb"},"inLanguage":"es","potentialAction":[{"@type":"ReadAction","target":["https:\/\/www.global-projects.es\/es\/project\/reforma-gran-via-corts-catalanes\/"]}]},{"@type":"ImageObject","inLanguage":"es","@id":"https:\/\/www.global-projects.es\/es\/project\/reforma-gran-via-corts-catalanes\/#primaryimage","url":"https:\/\/www.global-projects.es\/wp-content\/uploads\/2020\/03\/Reforma-integral-MH-Gran-Via-de-les-Corts-Catalanes-19.jpg","contentUrl":"https:\/\/www.global-projects.es\/wp-content\/uploads\/2020\/03\/Reforma-integral-MH-Gran-Via-de-les-Corts-Catalanes-19.jpg","width":1200,"height":782},{"@type":"BreadcrumbList","@id":"https:\/\/www.global-projects.es\/es\/project\/reforma-gran-via-corts-catalanes\/#breadcrumb","itemListElement":[{"@type":"ListItem","position":1,"name":"Portada","item":"https:\/\/www.global-projects.es\/es\/"},{"@type":"ListItem","position":2,"name":"Proyectos","item":"https:\/\/www.global-projects.es\/es\/project\/"},{"@type":"ListItem","position":3,"name":"Reforma integral MH Gran Via de les Corts Catalanes"}]},{"@type":"WebSite","@id":"https:\/\/www.global-projects.es\/es\/#website","url":"https:\/\/www.global-projects.es\/es\/","name":"Global Projects","description":"Reformas Integrales Barcelona","potentialAction":[{"@type":"SearchAction","target":{"@type":"EntryPoint","urlTemplate":"https:\/\/www.global-projects.es\/es\/?s={search_term_string}"},"query-input":{"@type":"PropertyValueSpecification","valueRequired":true,"valueName":"search_term_string"}}],"inLanguage":"es"}]}},"_links":{"self":[{"href":"https:\/\/www.global-projects.es\/es\/wp-json\/wp\/v2\/project\/7469","targetHints":{"allow":["GET"]}}],"collection":[{"href":"https:\/\/www.global-projects.es\/es\/wp-json\/wp\/v2\/project"}],"about":[{"href":"https:\/\/www.global-projects.es\/es\/wp-json\/wp\/v2\/types\/project"}],"author":[{"embeddable":true,"href":"https:\/\/www.global-projects.es\/es\/wp-json\/wp\/v2\/users\/2"}],"replies":[{"embeddable":true,"href":"https:\/\/www.global-projects.es\/es\/wp-json\/wp\/v2\/comments?post=7469"}],"version-history":[{"count":0,"href":"https:\/\/www.global-projects.es\/es\/wp-json\/wp\/v2\/project\/7469\/revisions"}],"wp:featuredmedia":[{"embeddable":true,"href":"https:\/\/www.global-projects.es\/es\/wp-json\/wp\/v2\/media\/7922"}],"wp:attachment":[{"href":"https:\/\/www.global-projects.es\/es\/wp-json\/wp\/v2\/media?parent=7469"}],"wp:term":[{"taxonomy":"project_category","embeddable":true,"href":"https:\/\/www.global-projects.es\/es\/wp-json\/wp\/v2\/project_category?post=7469"},{"taxonomy":"project_tag","embeddable":true,"href":"https:\/\/www.global-projects.es\/es\/wp-json\/wp\/v2\/project_tag?post=7469"}],"curies":[{"name":"wp","href":"https:\/\/api.w.org\/{rel}","templated":true}]}}