{"id":7133,"date":"2019-08-01T00:05:55","date_gmt":"2019-07-31T22:05:55","guid":{"rendered":"http:\/\/www.global-projects.es\/?post_type=project&#038;p=7133"},"modified":"2020-05-06T15:10:51","modified_gmt":"2020-05-06T13:10:51","slug":"reforma-integral-arc-de-triomf","status":"publish","type":"project","link":"https:\/\/www.global-projects.es\/es\/project\/reforma-integral-arc-de-triomf\/","title":{"rendered":"Reforma integral AG Arc de triomf"},"content":{"rendered":"<p>[et_pb_section fb_built=\u00bb1&#8243; _builder_version=\u00bb3.22.5&#8243; custom_padding=\u00bb60px||\u00bb][et_pb_row _builder_version=\u00bb3.25&#8243;][et_pb_column type=\u00bb4_4&#8243; _builder_version=\u00bb3.25&#8243; custom_padding=\u00bb|||\u00bb custom_padding__hover=\u00bb|||\u00bb][et_pb_post_title meta=\u00bboff\u00bb featured_image=\u00bboff\u00bb _builder_version=\u00bb3.22.5&#8243;][\/et_pb_post_title][et_pb_gallery gallery_ids=\u00bb106,7595,7598,7601,7604,7607,7610,7613,7616,7619,7622,7625,7628,7631,7634,7637,7640,7643,7646,7649,7652,7655,7658,7661,7664,7667,7670,7673,7676,7679,7682,7685,7688,7691,7694,7697,7700,7703,7706,7709,7712,7715,7718,7721,7724,7727,7730&#8243; posts_number=\u00bb21&#8243; show_title_and_caption=\u00bboff\u00bb show_pagination=\u00bboff\u00bb module_class=\u00bbthree-column-grid\u00bb _builder_version=\u00bb4.4.2&#8243;][\/et_pb_gallery][\/et_pb_column][\/et_pb_row][et_pb_row column_structure=\u00bb2_3,1_3&#8243; _builder_version=\u00bb3.25&#8243;][et_pb_column type=\u00bb2_3&#8243; _builder_version=\u00bb3.25&#8243; custom_padding=\u00bb|||\u00bb custom_padding__hover=\u00bb|||\u00bb][et_pb_text _builder_version=\u00bb3.27.4&#8243;]<\/p>\n<p><u>El proyecto<\/u><\/p>\n<p>&nbsp;<\/p>\n<p><u>La ejecuci\u00f3n<\/u><\/p>\n<p>\u00c1tico fant\u00e1stico distribuido en 2 habitaciones una de ellas con ba\u00f1o propio, ba\u00f1o de invitados y una terraza ideal para barbacoas en verano.\u00a0<span style=\"font-size: 14px;\">Nada m\u00e1s entrar, encontramos a mano izquierda la cocina cerrada donde se opt\u00f3 por usar tonos neutros tanto en el revestimiento del suelo como en la pared.<\/span><\/p>\n<p>Cabe destacar que tanto la encimera como la pared es de m\u00e1rmol hace juego con el mobiliario hecho a medida para aprovechar el espacio al m\u00e1ximo.\u00a0<span style=\"font-size: 14px;\">En la zona de d\u00eda donde sal\u00f3n-comedor se fusionan en un solo espacio. Decorado al estilo mediterr\u00e1neo; donde las combinaciones de diferentes texturas de las maderas y tonos son las protagonistas, los colores vivos de la pared y mobiliario claro consiguen potenciar al m\u00e1ximo la entrada de luz natural.<\/span><\/p>\n<p>Toda la vivienda est\u00e1 equipada de ventanas correderas de alta calidad para aislar al m\u00e1ximo tanto del fr\u00edo como del calor.\u00a0<span style=\"font-size: 14px;\">En la zona de noche encontramos la habitaci\u00f3n principal equipado de ba\u00f1o propio y ba\u00f1era donde le acompa\u00f1a un revestimiento de gres porcelanaico en tonos marrones y grifer\u00edas Tres e iluminaci\u00f3n de buey siguen en la misma l\u00ednea de tonos claros que el resto de la vivienda creando homogeneidad y amplitud.<\/span><\/p>\n<p>El vestidor que se encuentra en la habitaci\u00f3n principal es un armario empotrado hecho a medida con puertas con molduras pensando para tener una gran capacidad de almacenamiento.<\/p>\n<p>[\/et_pb_text][\/et_pb_column][et_pb_column type=\u00bb1_3&#8243; _builder_version=\u00bb3.25&#8243; custom_padding=\u00bb|||\u00bb custom_padding__hover=\u00bb|||\u00bb][et_pb_button button_text=\u00bbP\u00eddenos presupuesto\u00bb button_alignment=\u00bbleft\u00bb _builder_version=\u00bb4.4.4&#8243; button_on_hover=\u00bboff\u00bb hover_enabled=\u00bb0&#8243; custom_css_main_element=\u00bbwidth:100%;\u00bb][\/et_pb_button][et_pb_text _builder_version=\u00bb3.27.4&#8243; _dynamic_attributes=\u00bbcontent\u00bb text_font=\u00bbPoppins||||||||\u00bb text_text_color=\u00bb#00a4b3&#8243;]@ET-DC@eyJkeW5hbWljIjp0cnVlLCJjb250ZW50IjoicG9zdF90YWdzIiwic2V0dGluZ3MiOnsiYmVmb3JlIjoiIiwiYWZ0ZXIiOiIiLCJsaW5rX3RvX3Rlcm1fcGFnZSI6Im9mZiIsInNlcGFyYXRvciI6IiwgIiwiY2F0ZWdvcnlfdHlwZSI6InByb2plY3RfdGFnIn19@[\/et_pb_text][et_pb_text _builder_version=\u00bb3.27.4&#8243; text_font=\u00bb||||||||\u00bb text_text_color=\u00bb#02314b\u00bb]<\/p>\n<p><strong>Tipolog\u00eda:\u00a0<\/strong>Reforma\u00a0integral de una vivienda particular.<br \/><strong>Interiorismo:\u00a0\u00a0<\/strong><br \/><strong>Construcci\u00f3n:\u00a0\u00a0<\/strong><br \/><strong>Superf\u00edcie:\u00a0\u00a0<\/strong><\/p>\n<p>[\/et_pb_text][\/et_pb_column][\/et_pb_row][et_pb_row use_custom_gutter=\u00bbon\u00bb gutter_width=\u00bb2&#8243; _builder_version=\u00bb4.2.2&#8243; custom_padding=\u00bb||0px||false|false\u00bb locked=\u00bboff\u00bb][et_pb_column type=\u00bb4_4&#8243; _builder_version=\u00bb4.2.2&#8243;][et_pb_text _builder_version=\u00bb4.2.2&#8243;]<\/p>\n<h2>Proyectos Relacionados<\/h2>\n<p>[\/et_pb_text][et_pb_portfolio fullwidth=\u00bboff\u00bb posts_number=\u00bb3&#8243; include_categories=\u00bbcurrent\u00bb show_title=\u00bboff\u00bb show_categories=\u00bboff\u00bb show_pagination=\u00bboff\u00bb module_class=\u00bbthree-column-grid portfolio\u00bb _builder_version=\u00bb4.2.2&#8243;][\/et_pb_portfolio][\/et_pb_column][\/et_pb_row][\/et_pb_section]<\/p>\n","protected":false},"excerpt":{"rendered":"<p>El proyecto &nbsp; La ejecuci\u00f3n \u00c1tico fant\u00e1stico distribuido en 2 habitaciones una de ellas con ba\u00f1o propio, ba\u00f1o de invitados y una terraza ideal para barbacoas en verano.\u00a0Nada m\u00e1s entrar, encontramos a mano izquierda la cocina cerrada donde se opt\u00f3 por usar tonos neutros tanto en el revestimiento del suelo como en la pared. Cabe [&hellip;]<\/p>\n","protected":false},"author":2,"featured_media":7640,"comment_status":"open","ping_status":"closed","template":"","meta":{"_et_pb_use_builder":"on","_et_pb_old_content":"","_et_gb_content_width":"","footnotes":""},"project_category":[4],"project_tag":[],"class_list":["post-7133","project","type-project","status-publish","has-post-thumbnail","hentry","project_category-reformas-integrales"],"yoast_head":"<!-- This site is optimized with the Yoast SEO plugin v27.5 - https:\/\/yoast.com\/product\/yoast-seo-wordpress\/ -->\n<title>Reforma integral AG Arc de triomf - Global Projects<\/title>\n<meta name=\"robots\" content=\"index, follow, max-snippet:-1, max-image-preview:large, max-video-preview:-1\" \/>\n<link rel=\"canonical\" href=\"https:\/\/www.global-projects.es\/es\/project\/reforma-integral-arc-de-triomf\/\" \/>\n<meta property=\"og:locale\" content=\"es_ES\" \/>\n<meta property=\"og:type\" content=\"article\" \/>\n<meta property=\"og:title\" content=\"Reforma integral AG Arc de triomf - Global Projects\" \/>\n<meta property=\"og:description\" content=\"El proyecto &nbsp; La ejecuci\u00f3n \u00c1tico fant\u00e1stico distribuido en 2 habitaciones una de ellas con ba\u00f1o propio, ba\u00f1o de invitados y una terraza ideal para barbacoas en verano.\u00a0Nada m\u00e1s entrar, encontramos a mano izquierda la cocina cerrada donde se opt\u00f3 por usar tonos neutros tanto en el revestimiento del suelo como en la pared. Cabe [&hellip;]\" \/>\n<meta property=\"og:url\" content=\"https:\/\/www.global-projects.es\/es\/project\/reforma-integral-arc-de-triomf\/\" \/>\n<meta property=\"og:site_name\" content=\"Global Projects\" \/>\n<meta property=\"article:publisher\" content=\"https:\/\/www.facebook.com\/gblprojects\" \/>\n<meta property=\"article:modified_time\" content=\"2020-05-06T13:10:51+00:00\" \/>\n<meta property=\"og:image\" content=\"https:\/\/www.global-projects.es\/wp-content\/uploads\/2020\/03\/Reforma-integral-AG-Arc-de-triomf-16.jpg\" \/>\n\t<meta property=\"og:image:width\" content=\"1200\" \/>\n\t<meta property=\"og:image:height\" content=\"806\" \/>\n\t<meta property=\"og:image:type\" content=\"image\/jpeg\" \/>\n<meta name=\"twitter:card\" content=\"summary_large_image\" \/>\n<meta name=\"twitter:site\" content=\"@global_projects\" \/>\n<meta name=\"twitter:label1\" content=\"Tiempo de lectura\" \/>\n\t<meta name=\"twitter:data1\" content=\"3 minutos\" \/>\n<script type=\"application\/ld+json\" class=\"yoast-schema-graph\">{\"@context\":\"https:\\\/\\\/schema.org\",\"@graph\":[{\"@type\":\"WebPage\",\"@id\":\"https:\\\/\\\/www.global-projects.es\\\/es\\\/project\\\/reforma-integral-arc-de-triomf\\\/\",\"url\":\"https:\\\/\\\/www.global-projects.es\\\/es\\\/project\\\/reforma-integral-arc-de-triomf\\\/\",\"name\":\"Reforma integral AG Arc de triomf - Global Projects\",\"isPartOf\":{\"@id\":\"https:\\\/\\\/www.global-projects.es\\\/es\\\/#website\"},\"primaryImageOfPage\":{\"@id\":\"https:\\\/\\\/www.global-projects.es\\\/es\\\/project\\\/reforma-integral-arc-de-triomf\\\/#primaryimage\"},\"image\":{\"@id\":\"https:\\\/\\\/www.global-projects.es\\\/es\\\/project\\\/reforma-integral-arc-de-triomf\\\/#primaryimage\"},\"thumbnailUrl\":\"https:\\\/\\\/www.global-projects.es\\\/wp-content\\\/uploads\\\/2020\\\/03\\\/Reforma-integral-AG-Arc-de-triomf-16.jpg\",\"datePublished\":\"2019-07-31T22:05:55+00:00\",\"dateModified\":\"2020-05-06T13:10:51+00:00\",\"breadcrumb\":{\"@id\":\"https:\\\/\\\/www.global-projects.es\\\/es\\\/project\\\/reforma-integral-arc-de-triomf\\\/#breadcrumb\"},\"inLanguage\":\"es\",\"potentialAction\":[{\"@type\":\"ReadAction\",\"target\":[\"https:\\\/\\\/www.global-projects.es\\\/es\\\/project\\\/reforma-integral-arc-de-triomf\\\/\"]}]},{\"@type\":\"ImageObject\",\"inLanguage\":\"es\",\"@id\":\"https:\\\/\\\/www.global-projects.es\\\/es\\\/project\\\/reforma-integral-arc-de-triomf\\\/#primaryimage\",\"url\":\"https:\\\/\\\/www.global-projects.es\\\/wp-content\\\/uploads\\\/2020\\\/03\\\/Reforma-integral-AG-Arc-de-triomf-16.jpg\",\"contentUrl\":\"https:\\\/\\\/www.global-projects.es\\\/wp-content\\\/uploads\\\/2020\\\/03\\\/Reforma-integral-AG-Arc-de-triomf-16.jpg\",\"width\":1200,\"height\":806},{\"@type\":\"BreadcrumbList\",\"@id\":\"https:\\\/\\\/www.global-projects.es\\\/es\\\/project\\\/reforma-integral-arc-de-triomf\\\/#breadcrumb\",\"itemListElement\":[{\"@type\":\"ListItem\",\"position\":1,\"name\":\"Portada\",\"item\":\"https:\\\/\\\/www.global-projects.es\\\/es\\\/\"},{\"@type\":\"ListItem\",\"position\":2,\"name\":\"Proyectos\",\"item\":\"https:\\\/\\\/www.global-projects.es\\\/es\\\/project\\\/\"},{\"@type\":\"ListItem\",\"position\":3,\"name\":\"Reforma integral AG Arc de triomf\"}]},{\"@type\":\"WebSite\",\"@id\":\"https:\\\/\\\/www.global-projects.es\\\/es\\\/#website\",\"url\":\"https:\\\/\\\/www.global-projects.es\\\/es\\\/\",\"name\":\"Global Projects\",\"description\":\"Reformas Integrales Barcelona\",\"potentialAction\":[{\"@type\":\"SearchAction\",\"target\":{\"@type\":\"EntryPoint\",\"urlTemplate\":\"https:\\\/\\\/www.global-projects.es\\\/es\\\/?s={search_term_string}\"},\"query-input\":{\"@type\":\"PropertyValueSpecification\",\"valueRequired\":true,\"valueName\":\"search_term_string\"}}],\"inLanguage\":\"es\"}]}<\/script>\n<!-- \/ Yoast SEO plugin. -->","yoast_head_json":{"title":"Reforma integral AG Arc de triomf - Global Projects","robots":{"index":"index","follow":"follow","max-snippet":"max-snippet:-1","max-image-preview":"max-image-preview:large","max-video-preview":"max-video-preview:-1"},"canonical":"https:\/\/www.global-projects.es\/es\/project\/reforma-integral-arc-de-triomf\/","og_locale":"es_ES","og_type":"article","og_title":"Reforma integral AG Arc de triomf - Global Projects","og_description":"El proyecto &nbsp; La ejecuci\u00f3n \u00c1tico fant\u00e1stico distribuido en 2 habitaciones una de ellas con ba\u00f1o propio, ba\u00f1o de invitados y una terraza ideal para barbacoas en verano.\u00a0Nada m\u00e1s entrar, encontramos a mano izquierda la cocina cerrada donde se opt\u00f3 por usar tonos neutros tanto en el revestimiento del suelo como en la pared. Cabe [&hellip;]","og_url":"https:\/\/www.global-projects.es\/es\/project\/reforma-integral-arc-de-triomf\/","og_site_name":"Global Projects","article_publisher":"https:\/\/www.facebook.com\/gblprojects","article_modified_time":"2020-05-06T13:10:51+00:00","og_image":[{"width":1200,"height":806,"url":"https:\/\/www.global-projects.es\/wp-content\/uploads\/2020\/03\/Reforma-integral-AG-Arc-de-triomf-16.jpg","type":"image\/jpeg"}],"twitter_card":"summary_large_image","twitter_site":"@global_projects","twitter_misc":{"Tiempo de lectura":"3 minutos"},"schema":{"@context":"https:\/\/schema.org","@graph":[{"@type":"WebPage","@id":"https:\/\/www.global-projects.es\/es\/project\/reforma-integral-arc-de-triomf\/","url":"https:\/\/www.global-projects.es\/es\/project\/reforma-integral-arc-de-triomf\/","name":"Reforma integral AG Arc de triomf - Global Projects","isPartOf":{"@id":"https:\/\/www.global-projects.es\/es\/#website"},"primaryImageOfPage":{"@id":"https:\/\/www.global-projects.es\/es\/project\/reforma-integral-arc-de-triomf\/#primaryimage"},"image":{"@id":"https:\/\/www.global-projects.es\/es\/project\/reforma-integral-arc-de-triomf\/#primaryimage"},"thumbnailUrl":"https:\/\/www.global-projects.es\/wp-content\/uploads\/2020\/03\/Reforma-integral-AG-Arc-de-triomf-16.jpg","datePublished":"2019-07-31T22:05:55+00:00","dateModified":"2020-05-06T13:10:51+00:00","breadcrumb":{"@id":"https:\/\/www.global-projects.es\/es\/project\/reforma-integral-arc-de-triomf\/#breadcrumb"},"inLanguage":"es","potentialAction":[{"@type":"ReadAction","target":["https:\/\/www.global-projects.es\/es\/project\/reforma-integral-arc-de-triomf\/"]}]},{"@type":"ImageObject","inLanguage":"es","@id":"https:\/\/www.global-projects.es\/es\/project\/reforma-integral-arc-de-triomf\/#primaryimage","url":"https:\/\/www.global-projects.es\/wp-content\/uploads\/2020\/03\/Reforma-integral-AG-Arc-de-triomf-16.jpg","contentUrl":"https:\/\/www.global-projects.es\/wp-content\/uploads\/2020\/03\/Reforma-integral-AG-Arc-de-triomf-16.jpg","width":1200,"height":806},{"@type":"BreadcrumbList","@id":"https:\/\/www.global-projects.es\/es\/project\/reforma-integral-arc-de-triomf\/#breadcrumb","itemListElement":[{"@type":"ListItem","position":1,"name":"Portada","item":"https:\/\/www.global-projects.es\/es\/"},{"@type":"ListItem","position":2,"name":"Proyectos","item":"https:\/\/www.global-projects.es\/es\/project\/"},{"@type":"ListItem","position":3,"name":"Reforma integral AG Arc de triomf"}]},{"@type":"WebSite","@id":"https:\/\/www.global-projects.es\/es\/#website","url":"https:\/\/www.global-projects.es\/es\/","name":"Global Projects","description":"Reformas Integrales Barcelona","potentialAction":[{"@type":"SearchAction","target":{"@type":"EntryPoint","urlTemplate":"https:\/\/www.global-projects.es\/es\/?s={search_term_string}"},"query-input":{"@type":"PropertyValueSpecification","valueRequired":true,"valueName":"search_term_string"}}],"inLanguage":"es"}]}},"_links":{"self":[{"href":"https:\/\/www.global-projects.es\/es\/wp-json\/wp\/v2\/project\/7133","targetHints":{"allow":["GET"]}}],"collection":[{"href":"https:\/\/www.global-projects.es\/es\/wp-json\/wp\/v2\/project"}],"about":[{"href":"https:\/\/www.global-projects.es\/es\/wp-json\/wp\/v2\/types\/project"}],"author":[{"embeddable":true,"href":"https:\/\/www.global-projects.es\/es\/wp-json\/wp\/v2\/users\/2"}],"replies":[{"embeddable":true,"href":"https:\/\/www.global-projects.es\/es\/wp-json\/wp\/v2\/comments?post=7133"}],"version-history":[{"count":0,"href":"https:\/\/www.global-projects.es\/es\/wp-json\/wp\/v2\/project\/7133\/revisions"}],"wp:featuredmedia":[{"embeddable":true,"href":"https:\/\/www.global-projects.es\/es\/wp-json\/wp\/v2\/media\/7640"}],"wp:attachment":[{"href":"https:\/\/www.global-projects.es\/es\/wp-json\/wp\/v2\/media?parent=7133"}],"wp:term":[{"taxonomy":"project_category","embeddable":true,"href":"https:\/\/www.global-projects.es\/es\/wp-json\/wp\/v2\/project_category?post=7133"},{"taxonomy":"project_tag","embeddable":true,"href":"https:\/\/www.global-projects.es\/es\/wp-json\/wp\/v2\/project_tag?post=7133"}],"curies":[{"name":"wp","href":"https:\/\/api.w.org\/{rel}","templated":true}]}}