{"id":6230,"date":"2019-12-10T16:03:04","date_gmt":"2019-12-10T15:03:04","guid":{"rendered":"http:\/\/www.global-projects.es\/?post_type=project&#038;p=6230"},"modified":"2020-04-30T12:00:11","modified_gmt":"2020-04-30T10:00:11","slug":"casa-noa-matadepera","status":"publish","type":"project","link":"https:\/\/www.global-projects.es\/es\/project\/casa-noa-matadepera\/","title":{"rendered":"Casa Noa Matadepera"},"content":{"rendered":"<p>[et_pb_section fb_built=\u00bb1&#8243; _builder_version=\u00bb3.22.5&#8243; custom_padding=\u00bb60px||\u00bb][et_pb_row _builder_version=\u00bb3.25&#8243;][et_pb_column type=\u00bb4_4&#8243; _builder_version=\u00bb3.25&#8243; custom_padding=\u00bb|||\u00bb custom_padding__hover=\u00bb|||\u00bb][et_pb_post_title meta=\u00bboff\u00bb featured_image=\u00bboff\u00bb _builder_version=\u00bb3.22.5&#8243;][\/et_pb_post_title][et_pb_gallery gallery_ids=\u00bb106,6233,6234,6235,6236,6237,6238,6239,6240,6241,6242,6243,6244,6245,6246,6247,6248,6249,6250&#8243; posts_number=\u00bb21&#8243; show_title_and_caption=\u00bboff\u00bb show_pagination=\u00bboff\u00bb module_class=\u00bbthree-column-grid\u00bb _builder_version=\u00bb4.0.7&#8243;][\/et_pb_gallery][\/et_pb_column][\/et_pb_row][et_pb_row column_structure=\u00bb2_3,1_3&#8243; _builder_version=\u00bb3.25&#8243;][et_pb_column type=\u00bb2_3&#8243; _builder_version=\u00bb3.25&#8243; custom_padding=\u00bb|||\u00bb custom_padding__hover=\u00bb|||\u00bb][et_pb_text _builder_version=\u00bb3.27.4&#8243; custom_padding=\u00bb||0px|||\u00bb]<\/p>\n<p><u>El proyecto<\/u><\/p>\n<p>Este proyecto consisti\u00f3 en la reforma integral de una vivienda de un tama\u00f1o muy grande. Sus 400 metros cuadrados de extensi\u00f3n se vinculan con el jard\u00edn y un sistema t\u00e9rmico controlado.\u00a0<\/p>\n<p>El objetivo de la reforma era equilibrar la proporci\u00f3n entre volumen edificado y jard\u00edn. Busc\u00e1bamos hacer ambos espacios m\u00e1s dom\u00e9sticos y humanos cuidando el atractivo paisaj\u00edstico de la vivienda.<\/p>\n<p><u style=\"font-size: 14px;\">La ejecuci\u00f3n<\/u><\/p>\n<p>A nivel constructivo, detectamos que los muros de carga que limitaban los diferentes \u00e1mbitos eran muros cer\u00e1micos. En ellos se apoyaba un forjado formado por un suelo radiante, un paso t\u00e9cnico de instalaciones y las viguetas de madera vistas.<\/p>\n<p>Este forjado nos permiti\u00f3 generar un ambiente c\u00e1lido en el interior. Elementos como las viguetas de madera y el suelo radiante aportaron inercia y complementaron el sistema de confort pasivo.<\/p>\n<p>La arquitectura y la construcci\u00f3n trabajaron codo con codo para que el dise\u00f1o bioclim\u00e1tico de la propuesta destacara. El resultado final es una vivienda de altas prestaciones t\u00e9rmicas y totalmente integrada en su entorno.<\/p>\n<p>[\/et_pb_text][\/et_pb_column][et_pb_column type=\u00bb1_3&#8243; _builder_version=\u00bb3.25&#8243; custom_padding=\u00bb|||\u00bb custom_padding__hover=\u00bb|||\u00bb][et_pb_button button_url=\u00bb\/contacto\u00bb button_text=\u00bbP\u00eddenos presupuesto\u00bb button_alignment=\u00bbleft\u00bb _builder_version=\u00bb4.4.4&#8243; button_on_hover=\u00bboff\u00bb hover_enabled=\u00bb0&#8243; custom_css_main_element=\u00bbwidth:100%;\u00bb][\/et_pb_button][et_pb_text _builder_version=\u00bb3.27.4&#8243; _dynamic_attributes=\u00bbcontent\u00bb text_font=\u00bbPoppins||||||||\u00bb text_text_color=\u00bb#00a4b3&#8243;]@ET-DC@eyJkeW5hbWljIjp0cnVlLCJjb250ZW50IjoicG9zdF90YWdzIiwic2V0dGluZ3MiOnsiYmVmb3JlIjoiIiwiYWZ0ZXIiOiIiLCJsaW5rX3RvX3Rlcm1fcGFnZSI6Im9mZiIsInNlcGFyYXRvciI6IiwgIiwiY2F0ZWdvcnlfdHlwZSI6InByb2plY3RfdGFnIn19@[\/et_pb_text][et_pb_text _builder_version=\u00bb3.27.4&#8243; text_font=\u00bb||||||||\u00bb text_text_color=\u00bb#02314b\u00bb]<\/p>\n<p><strong>Tipolog\u00eda:\u00a0<\/strong>Reforma\u00a0integral de una vivienda particular.<br \/><strong>Interiorismo: <a href=\"https:\/\/www.alventosamorell.com\/es\/\">Alventosa Morell<\/a><\/strong>.<br \/><strong>Construcci\u00f3n:\u00a0<\/strong>Global Projects.<br \/><strong>Superf\u00edcie:\u00a0<\/strong>400 m2<\/p>\n<p>[\/et_pb_text][\/et_pb_column][\/et_pb_row][et_pb_row use_custom_gutter=\u00bbon\u00bb gutter_width=\u00bb2&#8243; _builder_version=\u00bb4.2.2&#8243; custom_padding=\u00bb||0px||false|false\u00bb locked=\u00bboff\u00bb][et_pb_column type=\u00bb4_4&#8243; _builder_version=\u00bb4.2.2&#8243;][et_pb_text _builder_version=\u00bb4.2.2&#8243;]<\/p>\n<h2>Proyectos Relacionados<\/h2>\n<p>[\/et_pb_text][et_pb_portfolio fullwidth=\u00bboff\u00bb posts_number=\u00bb3&#8243; include_categories=\u00bbcurrent\u00bb show_title=\u00bboff\u00bb show_categories=\u00bboff\u00bb show_pagination=\u00bboff\u00bb module_class=\u00bbthree-column-grid portfolio\u00bb _builder_version=\u00bb4.2.2&#8243;][\/et_pb_portfolio][\/et_pb_column][\/et_pb_row][\/et_pb_section]<\/p>\n","protected":false},"excerpt":{"rendered":"<p>El proyecto Este proyecto consisti\u00f3 en la reforma integral de una vivienda de un tama\u00f1o muy grande. Sus 400 metros cuadrados de extensi\u00f3n se vinculan con el jard\u00edn y un sistema t\u00e9rmico controlado.\u00a0 El objetivo de la reforma era equilibrar la proporci\u00f3n entre volumen edificado y jard\u00edn. Busc\u00e1bamos hacer ambos espacios m\u00e1s dom\u00e9sticos y humanos [&hellip;]<\/p>\n","protected":false},"author":2,"featured_media":6233,"comment_status":"open","ping_status":"closed","template":"","meta":{"_et_pb_use_builder":"on","_et_pb_old_content":"","_et_gb_content_width":"","footnotes":""},"project_category":[4],"project_tag":[],"class_list":["post-6230","project","type-project","status-publish","has-post-thumbnail","hentry","project_category-reformas-integrales"],"yoast_head":"<!-- This site is optimized with the Yoast SEO plugin v27.5 - https:\/\/yoast.com\/product\/yoast-seo-wordpress\/ -->\n<title>Casa Noa Matadepera - Global Projects<\/title>\n<meta name=\"description\" content=\"Reforma integral en Matadepera. Modificaci\u00f3n de una vivienda muy grande, 400m2, con una gran vinculaci\u00f3n con el jard\u00edn y un sistema t\u00e9rmico controlado.\" \/>\n<meta name=\"robots\" content=\"index, follow, max-snippet:-1, max-image-preview:large, max-video-preview:-1\" \/>\n<link rel=\"canonical\" href=\"https:\/\/www.global-projects.es\/en\/project\/casa-noa-matadepera\/\" \/>\n<meta property=\"og:locale\" content=\"es_ES\" \/>\n<meta property=\"og:type\" content=\"article\" \/>\n<meta property=\"og:title\" content=\"Casa Noa Matadepera - Global Projects\" \/>\n<meta property=\"og:description\" content=\"Reforma integral en Matadepera. Modificaci\u00f3n de una vivienda muy grande, 400m2, con una gran vinculaci\u00f3n con el jard\u00edn y un sistema t\u00e9rmico controlado.\" \/>\n<meta property=\"og:url\" content=\"https:\/\/www.global-projects.es\/en\/project\/casa-noa-matadepera\/\" \/>\n<meta property=\"og:site_name\" content=\"Global Projects\" \/>\n<meta property=\"article:publisher\" content=\"https:\/\/www.facebook.com\/gblprojects\" \/>\n<meta property=\"article:modified_time\" content=\"2020-04-30T10:00:11+00:00\" \/>\n<meta property=\"og:image\" content=\"https:\/\/www.global-projects.es\/wp-content\/uploads\/2019\/12\/Reforma-Casa-Noa-Matadepera-1.jpg\" \/>\n\t<meta property=\"og:image:width\" content=\"1200\" \/>\n\t<meta property=\"og:image:height\" content=\"600\" \/>\n\t<meta property=\"og:image:type\" content=\"image\/jpeg\" \/>\n<meta name=\"twitter:card\" content=\"summary_large_image\" \/>\n<meta name=\"twitter:site\" content=\"@global_projects\" \/>\n<meta name=\"twitter:label1\" content=\"Tiempo de lectura\" \/>\n\t<meta name=\"twitter:data1\" content=\"2 minutos\" \/>\n<script type=\"application\/ld+json\" class=\"yoast-schema-graph\">{\"@context\":\"https:\\\/\\\/schema.org\",\"@graph\":[{\"@type\":\"WebPage\",\"@id\":\"https:\\\/\\\/www.global-projects.es\\\/en\\\/project\\\/casa-noa-matadepera\\\/\",\"url\":\"https:\\\/\\\/www.global-projects.es\\\/en\\\/project\\\/casa-noa-matadepera\\\/\",\"name\":\"Casa Noa Matadepera - Global Projects\",\"isPartOf\":{\"@id\":\"https:\\\/\\\/www.global-projects.es\\\/es\\\/#website\"},\"primaryImageOfPage\":{\"@id\":\"https:\\\/\\\/www.global-projects.es\\\/en\\\/project\\\/casa-noa-matadepera\\\/#primaryimage\"},\"image\":{\"@id\":\"https:\\\/\\\/www.global-projects.es\\\/en\\\/project\\\/casa-noa-matadepera\\\/#primaryimage\"},\"thumbnailUrl\":\"https:\\\/\\\/www.global-projects.es\\\/wp-content\\\/uploads\\\/2019\\\/12\\\/Reforma-Casa-Noa-Matadepera-1.jpg\",\"datePublished\":\"2019-12-10T15:03:04+00:00\",\"dateModified\":\"2020-04-30T10:00:11+00:00\",\"description\":\"Reforma integral en Matadepera. Modificaci\u00f3n de una vivienda muy grande, 400m2, con una gran vinculaci\u00f3n con el jard\u00edn y un sistema t\u00e9rmico controlado.\",\"breadcrumb\":{\"@id\":\"https:\\\/\\\/www.global-projects.es\\\/en\\\/project\\\/casa-noa-matadepera\\\/#breadcrumb\"},\"inLanguage\":\"es\",\"potentialAction\":[{\"@type\":\"ReadAction\",\"target\":[\"https:\\\/\\\/www.global-projects.es\\\/en\\\/project\\\/casa-noa-matadepera\\\/\"]}]},{\"@type\":\"ImageObject\",\"inLanguage\":\"es\",\"@id\":\"https:\\\/\\\/www.global-projects.es\\\/en\\\/project\\\/casa-noa-matadepera\\\/#primaryimage\",\"url\":\"https:\\\/\\\/www.global-projects.es\\\/wp-content\\\/uploads\\\/2019\\\/12\\\/Reforma-Casa-Noa-Matadepera-1.jpg\",\"contentUrl\":\"https:\\\/\\\/www.global-projects.es\\\/wp-content\\\/uploads\\\/2019\\\/12\\\/Reforma-Casa-Noa-Matadepera-1.jpg\",\"width\":1200,\"height\":600},{\"@type\":\"BreadcrumbList\",\"@id\":\"https:\\\/\\\/www.global-projects.es\\\/en\\\/project\\\/casa-noa-matadepera\\\/#breadcrumb\",\"itemListElement\":[{\"@type\":\"ListItem\",\"position\":1,\"name\":\"Portada\",\"item\":\"https:\\\/\\\/www.global-projects.es\\\/es\\\/\"},{\"@type\":\"ListItem\",\"position\":2,\"name\":\"Proyectos\",\"item\":\"https:\\\/\\\/www.global-projects.es\\\/es\\\/project\\\/\"},{\"@type\":\"ListItem\",\"position\":3,\"name\":\"Casa Noa Matadepera\"}]},{\"@type\":\"WebSite\",\"@id\":\"https:\\\/\\\/www.global-projects.es\\\/es\\\/#website\",\"url\":\"https:\\\/\\\/www.global-projects.es\\\/es\\\/\",\"name\":\"Global Projects\",\"description\":\"Reformas Integrales Barcelona\",\"potentialAction\":[{\"@type\":\"SearchAction\",\"target\":{\"@type\":\"EntryPoint\",\"urlTemplate\":\"https:\\\/\\\/www.global-projects.es\\\/es\\\/?s={search_term_string}\"},\"query-input\":{\"@type\":\"PropertyValueSpecification\",\"valueRequired\":true,\"valueName\":\"search_term_string\"}}],\"inLanguage\":\"es\"}]}<\/script>\n<!-- \/ Yoast SEO plugin. -->","yoast_head_json":{"title":"Casa Noa Matadepera - Global Projects","description":"Reforma integral en Matadepera. Modificaci\u00f3n de una vivienda muy grande, 400m2, con una gran vinculaci\u00f3n con el jard\u00edn y un sistema t\u00e9rmico controlado.","robots":{"index":"index","follow":"follow","max-snippet":"max-snippet:-1","max-image-preview":"max-image-preview:large","max-video-preview":"max-video-preview:-1"},"canonical":"https:\/\/www.global-projects.es\/en\/project\/casa-noa-matadepera\/","og_locale":"es_ES","og_type":"article","og_title":"Casa Noa Matadepera - Global Projects","og_description":"Reforma integral en Matadepera. Modificaci\u00f3n de una vivienda muy grande, 400m2, con una gran vinculaci\u00f3n con el jard\u00edn y un sistema t\u00e9rmico controlado.","og_url":"https:\/\/www.global-projects.es\/en\/project\/casa-noa-matadepera\/","og_site_name":"Global Projects","article_publisher":"https:\/\/www.facebook.com\/gblprojects","article_modified_time":"2020-04-30T10:00:11+00:00","og_image":[{"width":1200,"height":600,"url":"https:\/\/www.global-projects.es\/wp-content\/uploads\/2019\/12\/Reforma-Casa-Noa-Matadepera-1.jpg","type":"image\/jpeg"}],"twitter_card":"summary_large_image","twitter_site":"@global_projects","twitter_misc":{"Tiempo de lectura":"2 minutos"},"schema":{"@context":"https:\/\/schema.org","@graph":[{"@type":"WebPage","@id":"https:\/\/www.global-projects.es\/en\/project\/casa-noa-matadepera\/","url":"https:\/\/www.global-projects.es\/en\/project\/casa-noa-matadepera\/","name":"Casa Noa Matadepera - Global Projects","isPartOf":{"@id":"https:\/\/www.global-projects.es\/es\/#website"},"primaryImageOfPage":{"@id":"https:\/\/www.global-projects.es\/en\/project\/casa-noa-matadepera\/#primaryimage"},"image":{"@id":"https:\/\/www.global-projects.es\/en\/project\/casa-noa-matadepera\/#primaryimage"},"thumbnailUrl":"https:\/\/www.global-projects.es\/wp-content\/uploads\/2019\/12\/Reforma-Casa-Noa-Matadepera-1.jpg","datePublished":"2019-12-10T15:03:04+00:00","dateModified":"2020-04-30T10:00:11+00:00","description":"Reforma integral en Matadepera. Modificaci\u00f3n de una vivienda muy grande, 400m2, con una gran vinculaci\u00f3n con el jard\u00edn y un sistema t\u00e9rmico controlado.","breadcrumb":{"@id":"https:\/\/www.global-projects.es\/en\/project\/casa-noa-matadepera\/#breadcrumb"},"inLanguage":"es","potentialAction":[{"@type":"ReadAction","target":["https:\/\/www.global-projects.es\/en\/project\/casa-noa-matadepera\/"]}]},{"@type":"ImageObject","inLanguage":"es","@id":"https:\/\/www.global-projects.es\/en\/project\/casa-noa-matadepera\/#primaryimage","url":"https:\/\/www.global-projects.es\/wp-content\/uploads\/2019\/12\/Reforma-Casa-Noa-Matadepera-1.jpg","contentUrl":"https:\/\/www.global-projects.es\/wp-content\/uploads\/2019\/12\/Reforma-Casa-Noa-Matadepera-1.jpg","width":1200,"height":600},{"@type":"BreadcrumbList","@id":"https:\/\/www.global-projects.es\/en\/project\/casa-noa-matadepera\/#breadcrumb","itemListElement":[{"@type":"ListItem","position":1,"name":"Portada","item":"https:\/\/www.global-projects.es\/es\/"},{"@type":"ListItem","position":2,"name":"Proyectos","item":"https:\/\/www.global-projects.es\/es\/project\/"},{"@type":"ListItem","position":3,"name":"Casa Noa Matadepera"}]},{"@type":"WebSite","@id":"https:\/\/www.global-projects.es\/es\/#website","url":"https:\/\/www.global-projects.es\/es\/","name":"Global Projects","description":"Reformas Integrales Barcelona","potentialAction":[{"@type":"SearchAction","target":{"@type":"EntryPoint","urlTemplate":"https:\/\/www.global-projects.es\/es\/?s={search_term_string}"},"query-input":{"@type":"PropertyValueSpecification","valueRequired":true,"valueName":"search_term_string"}}],"inLanguage":"es"}]}},"_links":{"self":[{"href":"https:\/\/www.global-projects.es\/es\/wp-json\/wp\/v2\/project\/6230","targetHints":{"allow":["GET"]}}],"collection":[{"href":"https:\/\/www.global-projects.es\/es\/wp-json\/wp\/v2\/project"}],"about":[{"href":"https:\/\/www.global-projects.es\/es\/wp-json\/wp\/v2\/types\/project"}],"author":[{"embeddable":true,"href":"https:\/\/www.global-projects.es\/es\/wp-json\/wp\/v2\/users\/2"}],"replies":[{"embeddable":true,"href":"https:\/\/www.global-projects.es\/es\/wp-json\/wp\/v2\/comments?post=6230"}],"version-history":[{"count":0,"href":"https:\/\/www.global-projects.es\/es\/wp-json\/wp\/v2\/project\/6230\/revisions"}],"wp:featuredmedia":[{"embeddable":true,"href":"https:\/\/www.global-projects.es\/es\/wp-json\/wp\/v2\/media\/6233"}],"wp:attachment":[{"href":"https:\/\/www.global-projects.es\/es\/wp-json\/wp\/v2\/media?parent=6230"}],"wp:term":[{"taxonomy":"project_category","embeddable":true,"href":"https:\/\/www.global-projects.es\/es\/wp-json\/wp\/v2\/project_category?post=6230"},{"taxonomy":"project_tag","embeddable":true,"href":"https:\/\/www.global-projects.es\/es\/wp-json\/wp\/v2\/project_tag?post=6230"}],"curies":[{"name":"wp","href":"https:\/\/api.w.org\/{rel}","templated":true}]}}