{"id":10386,"date":"2019-12-10T16:50:00","date_gmt":"2019-12-10T15:50:00","guid":{"rendered":"https:\/\/www.global-projects.es\/?post_type=project&#038;p=10386"},"modified":"2020-10-22T17:42:49","modified_gmt":"2020-10-22T15:42:49","slug":"diseno-interior-artesa","status":"publish","type":"project","link":"https:\/\/www.global-projects.es\/es\/project\/diseno-interior-artesa\/","title":{"rendered":"Dise\u00f1o interior Artesa"},"content":{"rendered":"\n\n[et_pb_section fb_built=\u00bb1&#8243; _builder_version=\u00bb4.6.6&#8243; custom_padding=\u00bb60px||\u00bb][et_pb_row _builder_version=\u00bb4.6.6&#8243;][et_pb_column type=\u00bb4_4&#8243; _builder_version=\u00bb4.6.6&#8243; custom_padding=\u00bb|||\u00bb custom_padding__hover=\u00bb|||\u00bb][et_pb_post_title meta=\u00bboff\u00bb featured_image=\u00bboff\u00bb _builder_version=\u00bb3.22.5&#8243; hover_enabled=\u00bb0&#8243; sticky_enabled=\u00bb0&#8243;][\/et_pb_post_title][et_pb_gallery gallery_ids=\u00bb10392,10395,10398,10401,10404,10407,10410,10413,10416,10419,10422,10425,10428,10431,10434,10437,10440,10443,10446,10449,10452,10455,10458,10461,10464,10467,10470,10473&#8243; posts_number=\u00bb21&#8243; show_title_and_caption=\u00bboff\u00bb show_pagination=\u00bboff\u00bb module_class=\u00bbthree-column-grid\u00bb _builder_version=\u00bb4.6.6&#8243;][\/et_pb_gallery][\/et_pb_column][\/et_pb_row][et_pb_row column_structure=\u00bb2_3,1_3&#8243; _builder_version=\u00bb3.25&#8243; custom_margin=\u00bb|||||\u00bb][et_pb_column type=\u00bb2_3&#8243; _builder_version=\u00bb3.25&#8243; custom_padding=\u00bb|||\u00bb custom_padding__hover=\u00bb|||\u00bb][et_pb_text _builder_version=\u00bb3.27.4&#8243;]<p><span style=\"text-decoration: underline;\">El proyecto<\/span><\/p>\n<p>Realizaci\u00f3n del dise\u00f1o interior de una vivienda unifamiliar de dos plantas con una magn\u00edfica terraza y vistas a los Pirineos.<\/p>\n<p><span style=\"text-decoration: underline;\">La vivienda<\/span><\/p>\n<p>Caminando por una pasarela elevada sobre un mar de piedras blancas, con un verde olivo marcando el centro, se llega a la gran puerta de acceso a la vivienda. \u00c9sta da paso a un espacio de doble altura presidido por una espectacular l\u00e1mpara colgante de Luceplan como regalo de bienvenida.<\/p>\n<p>Una vez dentro, el pavimento cer\u00e1mico de gran formato potencia la amplitud del espacio, funciona como v\u00ednculo de uni\u00f3n entre plantas formando parte de un primer tramo de escalera compacto en contraposici\u00f3n al segundo tramo: ligero, formado por bandejas de acero y madera a modo pelda\u00f1o y con barandillas de cristal que envuelven la zona abierta de la planta superior. Este segundo nivel cambia de concepto, con el pavimento de madera se pretende dar calidez a la zona de estudio abierto y los dos dormitorios infantiles.<\/p>\n<p>Volviendo a la planta baja, desde la entrada se inicia un panelado con puertas integradas para dar acceso a un armario y tambi\u00e9n a la cocina. Al entrar en ella encontramos mobiliario Santos de color blanco, vemos que queda conectada tanto al comedor interior como al exterior y que cuenta con distintos espacios: zona office, zona de almacenamiento, amplia zona de trabajo y lavadero anexo. El equipamiento integrado es de NEFF y el lavadero independiente cuenta con los sistemas m\u00e1s novedosos en tecnolog\u00eda del hogar de Miele.<\/p>\n<p>Siguiendo, dejando atr\u00e1s la entrada y la cocina, se pasa ya a la zona de comedor donde podemos encontrar una mesa de nogal para diez comensales y c\u00f3modos sillones Vitra, ambos elementos iluminados por V\u00e9rtigo, la l\u00e1mpara de Le Petite Friture.<\/p>\n<p>Justo al lado, una amplia zona de estar para toda la familia queda definida por una maravillosa alfombra de NaniMarquina. Los sof\u00e1s Joquer, la butaca de &amp;Tradition, las mesas auxiliares de Ethnicraft y las brutales vistas a la naturaleza con los Pirineos de fondo acaban de definir el espacio. Estas vistas quedan enmarcadas dentro de una balconera de tres grandes hojas, la cual da paso a la zona exterior.<\/p>\n<p>En la terraza encontramos el comedor exterior conectado visualmente con la zona chill out, la cual queda enfrente de la incre\u00edble piscina blanca con final desbordante, desde donde puedes dibujar con el dedo la separaci\u00f3n del cielo con las monta\u00f1as.<\/p>\n<p>Finalmente, las habitaciones y ba\u00f1os. Son las zonas donde se ha dado una atm\u00f3sfera m\u00e1s \u00edntima y personal. Aqu\u00ed encontramos la fusi\u00f3n entre el descanso, el estudio y el vestir en los dormitorios y el relax con el confort en los ba\u00f1os.<\/p>\n<p><em>\u201cMens sana in corpore sano\u201d<\/em><\/p>\n<p><span style=\"text-decoration: underline;\">La ejecuci\u00f3n<\/span><\/p>\n<p>Conseguir una buena distribuci\u00f3n, aprovechar el comportamiento de la luz y ganar en comodidad fueron los puntos principales del proyecto.<\/p>\n<p>Para cumplir con estos aspectos se utilizaron materiales sufridos y duraderos, sin necesidad de mantenimiento. Se realiz\u00f3 un estudio de iluminaci\u00f3n para crear diferentes atm\u00f3sferas en las distintas estancias y se busc\u00f3 el equilibrio entre la fabricaci\u00f3n de mobiliario a medida y la introducci\u00f3n de elementos de dise\u00f1o.<\/p>\n<p>En este proyecto se recurri\u00f3 a sistemas m\u00e1s sostenibles, responsables con el medio ambiente y de alto grado de aislamiento como la fachada ventilada y los cerramientos H\u00f6rmann y Kommerling.<\/p>\n<p>Finalizamos nuestro trabajo con el vestido de las habitaciones y la decoraci\u00f3n del hogar, dej\u00e1ndolo as\u00ed listo para entrar a vivir.<\/p>[\/et_pb_text][\/et_pb_column][et_pb_column type=\u00bb1_3&#8243; _builder_version=\u00bb3.25&#8243; custom_padding=\u00bb|||\u00bb custom_padding__hover=\u00bb|||\u00bb][et_pb_button button_url=\u00bb\/contacto\u00bb button_text=\u00bbP\u00eddenos presupuesto\u00bb button_alignment=\u00bbleft\u00bb _builder_version=\u00bb4.4.4&#8243; button_on_hover=\u00bboff\u00bb custom_css_main_element=\u00bbwidth:100%;\u00bb][\/et_pb_button][et_pb_text _builder_version=\u00bb3.27.4&#8243; _dynamic_attributes=\u00bbcontent\u00bb text_font=\u00bbPoppins||||||||\u00bb text_text_color=\u00bb#00a4b3&#8243;]@ET-DC@eyJkeW5hbWljIjp0cnVlLCJjb250ZW50IjoicG9zdF90YWdzIiwic2V0dGluZ3MiOnsiYmVmb3JlIjoiIiwiYWZ0ZXIiOiIiLCJsaW5rX3RvX3Rlcm1fcGFnZSI6Im9mZiIsInNlcGFyYXRvciI6IiwgIiwiY2F0ZWdvcnlfdHlwZSI6InByb2plY3RfdGFnIn19@[\/et_pb_text][et_pb_text _builder_version=\u00bb4.6.6&#8243; text_font=\u00bb||||||||\u00bb text_text_color=\u00bb#02314b\u00bb]<p><strong>Tipolog\u00eda:\u00a0<\/strong>Dise\u00f1o interior de una vivienda de obra nueva.<br \/> <strong>Interiorismo: <\/strong>Global Projects.<br \/> <strong>Construcci\u00f3n:\u00a0<\/strong>Global Projects.<br \/> <strong>Superf\u00edcie:\u00a0<\/strong>230 m2<\/p>[\/et_pb_text][\/et_pb_column][\/et_pb_row][et_pb_row use_custom_gutter=\u00bbon\u00bb gutter_width=\u00bb2&#8243; _builder_version=\u00bb4.2.2&#8243; custom_padding=\u00bb||0px||false|false\u00bb][et_pb_column type=\u00bb4_4&#8243; _builder_version=\u00bb4.2.2&#8243;][et_pb_text _builder_version=\u00bb4.2.2&#8243;]<h2>Proyectos Relacionados<\/h2>[\/et_pb_text][et_pb_portfolio fullwidth=\u00bboff\u00bb posts_number=\u00bb3&#8243; include_categories=\u00bbcurrent\u00bb show_title=\u00bboff\u00bb show_categories=\u00bboff\u00bb show_pagination=\u00bboff\u00bb module_class=\u00bbthree-column-grid portfolio\u00bb _builder_version=\u00bb4.2.2&#8243;][\/et_pb_portfolio][\/et_pb_column][\/et_pb_row][\/et_pb_section]\n\n","protected":false},"excerpt":{"rendered":"<p>El proyecto Realizaci\u00f3n del dise\u00f1o interior de una vivienda unifamiliar de dos plantas con una magn\u00edfica terraza y vistas a los Pirineos. La vivienda Caminando por una pasarela elevada sobre un mar de piedras blancas, con un verde olivo marcando el centro, se llega a la gran puerta de acceso a la vivienda. \u00c9sta da [&hellip;]<\/p>\n","protected":false},"author":8,"featured_media":10410,"comment_status":"open","ping_status":"closed","template":"","meta":{"_et_pb_use_builder":"on","_et_pb_old_content":"","_et_gb_content_width":"","footnotes":""},"project_category":[4],"project_tag":[],"class_list":["post-10386","project","type-project","status-publish","has-post-thumbnail","hentry","project_category-reformas-integrales"],"yoast_head":"<!-- This site is optimized with the Yoast SEO plugin v27.5 - https:\/\/yoast.com\/product\/yoast-seo-wordpress\/ -->\n<title>Dise\u00f1o interior Artesa - Global Projects<\/title>\n<meta name=\"robots\" content=\"index, follow, max-snippet:-1, max-image-preview:large, max-video-preview:-1\" \/>\n<link rel=\"canonical\" href=\"https:\/\/www.global-projects.es\/es\/project\/diseno-interior-artesa\/\" \/>\n<meta property=\"og:locale\" content=\"es_ES\" \/>\n<meta property=\"og:type\" content=\"article\" \/>\n<meta property=\"og:title\" content=\"Dise\u00f1o interior Artesa - Global Projects\" \/>\n<meta property=\"og:description\" content=\"El proyecto Realizaci\u00f3n del dise\u00f1o interior de una vivienda unifamiliar de dos plantas con una magn\u00edfica terraza y vistas a los Pirineos. La vivienda Caminando por una pasarela elevada sobre un mar de piedras blancas, con un verde olivo marcando el centro, se llega a la gran puerta de acceso a la vivienda. \u00c9sta da [&hellip;]\" \/>\n<meta property=\"og:url\" content=\"https:\/\/www.global-projects.es\/es\/project\/diseno-interior-artesa\/\" \/>\n<meta property=\"og:site_name\" content=\"Global Projects\" \/>\n<meta property=\"article:publisher\" content=\"https:\/\/www.facebook.com\/gblprojects\" \/>\n<meta property=\"article:modified_time\" content=\"2020-10-22T15:42:49+00:00\" \/>\n<meta property=\"og:image\" content=\"https:\/\/www.global-projects.es\/wp-content\/uploads\/2020\/10\/3-scaled.jpg\" \/>\n\t<meta property=\"og:image:width\" content=\"2560\" \/>\n\t<meta property=\"og:image:height\" content=\"1709\" \/>\n\t<meta property=\"og:image:type\" content=\"image\/jpeg\" \/>\n<meta name=\"twitter:card\" content=\"summary_large_image\" \/>\n<meta name=\"twitter:site\" content=\"@global_projects\" \/>\n<meta name=\"twitter:label1\" content=\"Tiempo de lectura\" \/>\n\t<meta name=\"twitter:data1\" content=\"5 minutos\" \/>\n<script type=\"application\/ld+json\" class=\"yoast-schema-graph\">{\"@context\":\"https:\\\/\\\/schema.org\",\"@graph\":[{\"@type\":\"WebPage\",\"@id\":\"https:\\\/\\\/www.global-projects.es\\\/es\\\/project\\\/diseno-interior-artesa\\\/\",\"url\":\"https:\\\/\\\/www.global-projects.es\\\/es\\\/project\\\/diseno-interior-artesa\\\/\",\"name\":\"Dise\u00f1o interior Artesa - Global Projects\",\"isPartOf\":{\"@id\":\"https:\\\/\\\/www.global-projects.es\\\/es\\\/#website\"},\"primaryImageOfPage\":{\"@id\":\"https:\\\/\\\/www.global-projects.es\\\/es\\\/project\\\/diseno-interior-artesa\\\/#primaryimage\"},\"image\":{\"@id\":\"https:\\\/\\\/www.global-projects.es\\\/es\\\/project\\\/diseno-interior-artesa\\\/#primaryimage\"},\"thumbnailUrl\":\"https:\\\/\\\/www.global-projects.es\\\/wp-content\\\/uploads\\\/2020\\\/10\\\/3-scaled.jpg\",\"datePublished\":\"2019-12-10T15:50:00+00:00\",\"dateModified\":\"2020-10-22T15:42:49+00:00\",\"breadcrumb\":{\"@id\":\"https:\\\/\\\/www.global-projects.es\\\/es\\\/project\\\/diseno-interior-artesa\\\/#breadcrumb\"},\"inLanguage\":\"es\",\"potentialAction\":[{\"@type\":\"ReadAction\",\"target\":[\"https:\\\/\\\/www.global-projects.es\\\/es\\\/project\\\/diseno-interior-artesa\\\/\"]}]},{\"@type\":\"ImageObject\",\"inLanguage\":\"es\",\"@id\":\"https:\\\/\\\/www.global-projects.es\\\/es\\\/project\\\/diseno-interior-artesa\\\/#primaryimage\",\"url\":\"https:\\\/\\\/www.global-projects.es\\\/wp-content\\\/uploads\\\/2020\\\/10\\\/3-scaled.jpg\",\"contentUrl\":\"https:\\\/\\\/www.global-projects.es\\\/wp-content\\\/uploads\\\/2020\\\/10\\\/3-scaled.jpg\",\"width\":2560,\"height\":1709},{\"@type\":\"BreadcrumbList\",\"@id\":\"https:\\\/\\\/www.global-projects.es\\\/es\\\/project\\\/diseno-interior-artesa\\\/#breadcrumb\",\"itemListElement\":[{\"@type\":\"ListItem\",\"position\":1,\"name\":\"Portada\",\"item\":\"https:\\\/\\\/www.global-projects.es\\\/es\\\/\"},{\"@type\":\"ListItem\",\"position\":2,\"name\":\"Proyectos\",\"item\":\"https:\\\/\\\/www.global-projects.es\\\/es\\\/project\\\/\"},{\"@type\":\"ListItem\",\"position\":3,\"name\":\"Dise\u00f1o interior Artesa\"}]},{\"@type\":\"WebSite\",\"@id\":\"https:\\\/\\\/www.global-projects.es\\\/es\\\/#website\",\"url\":\"https:\\\/\\\/www.global-projects.es\\\/es\\\/\",\"name\":\"Global Projects\",\"description\":\"Reformas Integrales Barcelona\",\"potentialAction\":[{\"@type\":\"SearchAction\",\"target\":{\"@type\":\"EntryPoint\",\"urlTemplate\":\"https:\\\/\\\/www.global-projects.es\\\/es\\\/?s={search_term_string}\"},\"query-input\":{\"@type\":\"PropertyValueSpecification\",\"valueRequired\":true,\"valueName\":\"search_term_string\"}}],\"inLanguage\":\"es\"}]}<\/script>\n<!-- \/ Yoast SEO plugin. -->","yoast_head_json":{"title":"Dise\u00f1o interior Artesa - Global Projects","robots":{"index":"index","follow":"follow","max-snippet":"max-snippet:-1","max-image-preview":"max-image-preview:large","max-video-preview":"max-video-preview:-1"},"canonical":"https:\/\/www.global-projects.es\/es\/project\/diseno-interior-artesa\/","og_locale":"es_ES","og_type":"article","og_title":"Dise\u00f1o interior Artesa - Global Projects","og_description":"El proyecto Realizaci\u00f3n del dise\u00f1o interior de una vivienda unifamiliar de dos plantas con una magn\u00edfica terraza y vistas a los Pirineos. La vivienda Caminando por una pasarela elevada sobre un mar de piedras blancas, con un verde olivo marcando el centro, se llega a la gran puerta de acceso a la vivienda. \u00c9sta da [&hellip;]","og_url":"https:\/\/www.global-projects.es\/es\/project\/diseno-interior-artesa\/","og_site_name":"Global Projects","article_publisher":"https:\/\/www.facebook.com\/gblprojects","article_modified_time":"2020-10-22T15:42:49+00:00","og_image":[{"width":2560,"height":1709,"url":"https:\/\/www.global-projects.es\/wp-content\/uploads\/2020\/10\/3-scaled.jpg","type":"image\/jpeg"}],"twitter_card":"summary_large_image","twitter_site":"@global_projects","twitter_misc":{"Tiempo de lectura":"5 minutos"},"schema":{"@context":"https:\/\/schema.org","@graph":[{"@type":"WebPage","@id":"https:\/\/www.global-projects.es\/es\/project\/diseno-interior-artesa\/","url":"https:\/\/www.global-projects.es\/es\/project\/diseno-interior-artesa\/","name":"Dise\u00f1o interior Artesa - Global Projects","isPartOf":{"@id":"https:\/\/www.global-projects.es\/es\/#website"},"primaryImageOfPage":{"@id":"https:\/\/www.global-projects.es\/es\/project\/diseno-interior-artesa\/#primaryimage"},"image":{"@id":"https:\/\/www.global-projects.es\/es\/project\/diseno-interior-artesa\/#primaryimage"},"thumbnailUrl":"https:\/\/www.global-projects.es\/wp-content\/uploads\/2020\/10\/3-scaled.jpg","datePublished":"2019-12-10T15:50:00+00:00","dateModified":"2020-10-22T15:42:49+00:00","breadcrumb":{"@id":"https:\/\/www.global-projects.es\/es\/project\/diseno-interior-artesa\/#breadcrumb"},"inLanguage":"es","potentialAction":[{"@type":"ReadAction","target":["https:\/\/www.global-projects.es\/es\/project\/diseno-interior-artesa\/"]}]},{"@type":"ImageObject","inLanguage":"es","@id":"https:\/\/www.global-projects.es\/es\/project\/diseno-interior-artesa\/#primaryimage","url":"https:\/\/www.global-projects.es\/wp-content\/uploads\/2020\/10\/3-scaled.jpg","contentUrl":"https:\/\/www.global-projects.es\/wp-content\/uploads\/2020\/10\/3-scaled.jpg","width":2560,"height":1709},{"@type":"BreadcrumbList","@id":"https:\/\/www.global-projects.es\/es\/project\/diseno-interior-artesa\/#breadcrumb","itemListElement":[{"@type":"ListItem","position":1,"name":"Portada","item":"https:\/\/www.global-projects.es\/es\/"},{"@type":"ListItem","position":2,"name":"Proyectos","item":"https:\/\/www.global-projects.es\/es\/project\/"},{"@type":"ListItem","position":3,"name":"Dise\u00f1o interior Artesa"}]},{"@type":"WebSite","@id":"https:\/\/www.global-projects.es\/es\/#website","url":"https:\/\/www.global-projects.es\/es\/","name":"Global Projects","description":"Reformas Integrales Barcelona","potentialAction":[{"@type":"SearchAction","target":{"@type":"EntryPoint","urlTemplate":"https:\/\/www.global-projects.es\/es\/?s={search_term_string}"},"query-input":{"@type":"PropertyValueSpecification","valueRequired":true,"valueName":"search_term_string"}}],"inLanguage":"es"}]}},"_links":{"self":[{"href":"https:\/\/www.global-projects.es\/es\/wp-json\/wp\/v2\/project\/10386","targetHints":{"allow":["GET"]}}],"collection":[{"href":"https:\/\/www.global-projects.es\/es\/wp-json\/wp\/v2\/project"}],"about":[{"href":"https:\/\/www.global-projects.es\/es\/wp-json\/wp\/v2\/types\/project"}],"author":[{"embeddable":true,"href":"https:\/\/www.global-projects.es\/es\/wp-json\/wp\/v2\/users\/8"}],"replies":[{"embeddable":true,"href":"https:\/\/www.global-projects.es\/es\/wp-json\/wp\/v2\/comments?post=10386"}],"version-history":[{"count":0,"href":"https:\/\/www.global-projects.es\/es\/wp-json\/wp\/v2\/project\/10386\/revisions"}],"wp:featuredmedia":[{"embeddable":true,"href":"https:\/\/www.global-projects.es\/es\/wp-json\/wp\/v2\/media\/10410"}],"wp:attachment":[{"href":"https:\/\/www.global-projects.es\/es\/wp-json\/wp\/v2\/media?parent=10386"}],"wp:term":[{"taxonomy":"project_category","embeddable":true,"href":"https:\/\/www.global-projects.es\/es\/wp-json\/wp\/v2\/project_category?post=10386"},{"taxonomy":"project_tag","embeddable":true,"href":"https:\/\/www.global-projects.es\/es\/wp-json\/wp\/v2\/project_tag?post=10386"}],"curies":[{"name":"wp","href":"https:\/\/api.w.org\/{rel}","templated":true}]}}