{"id":642,"date":"2019-07-24T14:15:00","date_gmt":"2019-07-24T12:15:00","guid":{"rendered":"http:\/\/www.global-projects.es\/?page_id=642"},"modified":"2024-02-13T16:50:52","modified_gmt":"2024-02-13T15:50:52","slug":"reformas-integrales-en-barcelona","status":"publish","type":"page","link":"https:\/\/www.global-projects.es\/es\/servicios\/reformas-integrales-en-barcelona\/","title":{"rendered":"Reformas Integrales en Barcelona"},"content":{"rendered":"<p>[et_pb_section fb_built=\u00bb1&#8243; _builder_version=\u00bb4.16&#8243; global_colors_info=\u00bb{}\u00bb][et_pb_row column_structure=\u00bb1_2,1_2&#8243; _builder_version=\u00bb4.16&#8243; global_colors_info=\u00bb{}\u00bb][et_pb_column type=\u00bb1_2&#8243; _builder_version=\u00bb4.16&#8243; custom_padding=\u00bb|||\u00bb global_colors_info=\u00bb{}\u00bb custom_padding__hover=\u00bb|||\u00bb][et_pb_text _builder_version=\u00bb4.16&#8243; custom_margin=\u00bb||15px\u00bb global_colors_info=\u00bb{}\u00bb]<\/p>\n<h1>Reformas Integrales<br \/> Barcelona<\/h1>\n<p>[\/et_pb_text][et_pb_text module_class=\u00bbfeat-strong-text\u00bb _builder_version=\u00bb4.16&#8243; text_font=\u00bbSanchez||||||||\u00bb text_font_size=\u00bb22px\u00bb text_line_height=\u00bb1.6em\u00bb global_colors_info=\u00bb{}\u00bb]<\/p>\n<p>Ideamos <strong>proyectos totalmente personalizados<\/strong>. T\u00fa eres \u00fanico, y por lo tanto tu proyecto tambi\u00e9n debe serlo. En Global Projects todo comienza con un di\u00e1logo para definir el proyecto, aportar ideas, materiales, colores, esbozos y finalmente el presupuesto de la reforma integral. En este documento encontrar\u00e1s todo lo necesario para <strong>estar informado al 100% de todo el proceso<\/strong>. Nos adaptamos a tu presupuesto y a tus necesidades, sin dejar de lado la <strong>calidad y la excelencia<\/strong> en el trabajo.<\/p>\n<p>[\/et_pb_text][et_pb_button button_url=\u00bb#budget-form\u00bb button_text=\u00bb\u00bfQuieres un presupuesto?\u00bb _builder_version=\u00bb4.16&#8243; global_colors_info=\u00bb{}\u00bb][\/et_pb_button][\/et_pb_column][et_pb_column type=\u00bb1_2&#8243; _builder_version=\u00bb4.16&#8243; custom_padding=\u00bb|||\u00bb global_colors_info=\u00bb{}\u00bb custom_padding__hover=\u00bb|||\u00bb][et_pb_text _builder_version=\u00bb4.16&#8243; global_colors_info=\u00bb{}\u00bb]<\/p>\n<p>Global Projects pone a tu disposici\u00f3n todo un equipo de arquitectos, interioristas y operarios especializados para llevar a cabo tu <strong>reforma integral en Barcelona<\/strong>. Reformamos cualquier tipo de vivienda, desde apartamentos hasta lofts, sin importar el tama\u00f1o, el estilo o la antig\u00fcedad. S\u00f3lo tienes que contactar con nosotros y transmitirnos tu idea para poder empezar.<\/p>\n<p>Buscamos siempre la soluci\u00f3n ideal para aprovechar el espacio al m\u00e1ximo. Queremos ayudarte desde el principio a elegir el color de las paredes, el mejor tipo de parquet o los muebles. Te asesoramos sobre marcas, modelos y caracter\u00edsticas, <strong>cuidando hasta el \u00faltimo detalle para cumplir tus expectativas<\/strong>. Adem\u00e1s, te mantenemos el d\u00eda desde el inicio de la reforma integral, ya que asignamos un responsable de la reforma que te informar\u00e1 en todo momento de la evoluci\u00f3n de los trabajos.<\/p>\n<p>Con Global Projects te sentir\u00e1s apoyado en todo momento. Te asesoramos y te informamos de todas las novedades del proceso de la reforma, ya que lo que <strong>buscamos es tu m\u00e1xima satisfacci\u00f3n<\/strong>. Nuestro equipo de profesionales se implica al 100% en cada reforma; somos expertos en construcci\u00f3n e interiorismo y queremos que t\u00fa puedas disfrutar al m\u00e1ximo de tu reforma.<\/p>\n<p><strong>\u00a1T\u00fa aportas las ideas, nosotros nos encargamos del resto!<\/strong><\/p>\n<p>[\/et_pb_text][\/et_pb_column][\/et_pb_row][\/et_pb_section][et_pb_section fb_built=\u00bb1&#8243; _builder_version=\u00bb4.16&#8243; custom_padding=\u00bb||0px\u00bb global_colors_info=\u00bb{}\u00bb][et_pb_row _builder_version=\u00bb4.16&#8243; global_colors_info=\u00bb{}\u00bb][et_pb_column type=\u00bb4_4&#8243; _builder_version=\u00bb4.16&#8243; custom_padding=\u00bb|||\u00bb global_colors_info=\u00bb{}\u00bb custom_padding__hover=\u00bb|||\u00bb][et_pb_text _builder_version=\u00bb4.16&#8243; text_font=\u00bb|700|||||||\u00bb text_text_color=\u00bb#7eabaf\u00bb text_font_size=\u00bb22px\u00bb header_font=\u00bb||||||||\u00bb saved_tabs=\u00bball\u00bb global_colors_info=\u00bb{}\u00bb]<\/p>\n<p>Algunas reformas integrales<\/p>\n<p>[\/et_pb_text][\/et_pb_column][\/et_pb_row][\/et_pb_section][et_pb_section fb_built=\u00bb1&#8243; _builder_version=\u00bb4.16&#8243; background_color=\u00bb#f5f5f5&#8243; use_background_color_gradient=\u00bbon\u00bb background_color_gradient_stops=\u00bb#ffffff 7%|#f0f0f0 7%\u00bb background_color_gradient_start=\u00bb#ffffff\u00bb background_color_gradient_start_position=\u00bb7%\u00bb background_color_gradient_end=\u00bb#f0f0f0&#8243; background_color_gradient_end_position=\u00bb7%\u00bb custom_margin=\u00bb||\u00bb custom_padding=\u00bb0px||\u00bb global_colors_info=\u00bb{}\u00bb][et_pb_row _builder_version=\u00bb4.16&#8243; custom_padding=\u00bb0px||\u00bb global_colors_info=\u00bb{}\u00bb][et_pb_column type=\u00bb4_4&#8243; _builder_version=\u00bb4.16&#8243; custom_padding=\u00bb|||\u00bb global_colors_info=\u00bb{}\u00bb custom_padding__hover=\u00bb|||\u00bb][et_pb_portfolio fullwidth=\u00bboff\u00bb posts_number=\u00bb6&#8243; include_categories=\u00bb4&#8243; show_title=\u00bboff\u00bb show_categories=\u00bboff\u00bb show_pagination=\u00bboff\u00bb module_class=\u00bbthree-column-grid portfolio\u00bb _builder_version=\u00bb4.16&#8243; global_colors_info=\u00bb{}\u00bb][\/et_pb_portfolio][et_pb_button button_url=\u00bb\/proyectos-reformas\u00bb button_text=\u00bbVer m\u00e1s reformas integrales\u00bb button_alignment=\u00bbcenter\u00bb _builder_version=\u00bb4.16&#8243; locked=\u00bboff\u00bb global_colors_info=\u00bb{}\u00bb][\/et_pb_button][\/et_pb_column][\/et_pb_row][\/et_pb_section][et_pb_section fb_built=\u00bb1&#8243; module_id=\u00bbbudget-form\u00bb _builder_version=\u00bb4.16&#8243; background_color=\u00bb#003954&#8243; locked=\u00bboff\u00bb global_colors_info=\u00bb{}\u00bb][et_pb_row _builder_version=\u00bb4.16&#8243; max_width=\u00bb700px\u00bb global_colors_info=\u00bb{}\u00bb][et_pb_column type=\u00bb4_4&#8243; _builder_version=\u00bb4.16&#8243; custom_padding=\u00bb|||\u00bb global_colors_info=\u00bb{}\u00bb custom_padding__hover=\u00bb|||\u00bb][et_pb_text _builder_version=\u00bb4.16&#8243; text_font=\u00bb||||||||\u00bb text_orientation=\u00bbcenter\u00bb background_layout=\u00bbdark\u00bb global_colors_info=\u00bb{}\u00bb]<\/p>\n<h2>\u00bfQuieres un presupuesto?<\/h2>\n<p><span>\u00bfTienes alguna reforma de vivienda en mente?<\/span><\/p>\n<p>[\/et_pb_text][\/et_pb_column][\/et_pb_row][et_pb_row _builder_version=\u00bb4.16&#8243; global_colors_info=\u00bb{}\u00bb][et_pb_column type=\u00bb4_4&#8243; _builder_version=\u00bb4.16&#8243; custom_padding=\u00bb|||\u00bb global_colors_info=\u00bb{}\u00bb custom_padding__hover=\u00bb|||\u00bb][et_pb_contact_form email=\u00bbpresupuesto@global-projects.es\u00bb custom_message=\u00bbNom: %%Name%%||et_pb_line_break_holder||Email: %%Email_Address%%||et_pb_line_break_holder||Missatge: %%Message%%\u00bb _builder_version=\u00bb4.24.0&#8243; _unique_id=\u00bb6a1bcd84-5803-4efc-85d9-e5ab08cf1294&#8243; form_field_background_color=\u00bbrgba(0,164,179,0.2)\u00bb form_field_text_color=\u00bb#ffffff\u00bb form_field_font=\u00bb||||||||\u00bb hover_enabled=\u00bb0&#8243; custom_css_contact_fields=\u00bbcolor: white;\u00bb form_background_color=\u00bbrgba(0,164,179,0.2)\u00bb global_colors_info=\u00bb{}\u00bb use_spam_service=\u00bbon\u00bb recaptcha_list=\u00bbGlobal Projects|Global Projects-0&#8243; sticky_enabled=\u00bb0&#8243;][et_pb_contact_field field_id=\u00bbName\u00bb field_title=\u00bbNombre\u00bb _builder_version=\u00bb4.16&#8243; global_colors_info=\u00bb{}\u00bb button_text_size__hover_enabled=\u00bboff\u00bb button_one_text_size__hover_enabled=\u00bboff\u00bb button_two_text_size__hover_enabled=\u00bboff\u00bb button_text_color__hover_enabled=\u00bboff\u00bb button_one_text_color__hover_enabled=\u00bboff\u00bb button_two_text_color__hover_enabled=\u00bboff\u00bb button_border_width__hover_enabled=\u00bboff\u00bb button_one_border_width__hover_enabled=\u00bboff\u00bb button_two_border_width__hover_enabled=\u00bboff\u00bb button_border_color__hover_enabled=\u00bboff\u00bb button_one_border_color__hover_enabled=\u00bboff\u00bb button_two_border_color__hover_enabled=\u00bboff\u00bb button_border_radius__hover_enabled=\u00bboff\u00bb button_one_border_radius__hover_enabled=\u00bboff\u00bb button_two_border_radius__hover_enabled=\u00bboff\u00bb button_letter_spacing__hover_enabled=\u00bboff\u00bb button_one_letter_spacing__hover_enabled=\u00bboff\u00bb button_two_letter_spacing__hover_enabled=\u00bboff\u00bb button_bg_color__hover_enabled=\u00bboff\u00bb button_one_bg_color__hover_enabled=\u00bboff\u00bb button_two_bg_color__hover_enabled=\u00bboff\u00bb][\/et_pb_contact_field][et_pb_contact_field field_id=\u00bbEmail_Address\u00bb field_title=\u00bbDirecci\u00f3n de correo electr\u00f3nico\u00bb field_type=\u00bbemail\u00bb _builder_version=\u00bb4.16&#8243; global_colors_info=\u00bb{}\u00bb button_text_size__hover_enabled=\u00bboff\u00bb button_one_text_size__hover_enabled=\u00bboff\u00bb button_two_text_size__hover_enabled=\u00bboff\u00bb button_text_color__hover_enabled=\u00bboff\u00bb button_one_text_color__hover_enabled=\u00bboff\u00bb button_two_text_color__hover_enabled=\u00bboff\u00bb button_border_width__hover_enabled=\u00bboff\u00bb button_one_border_width__hover_enabled=\u00bboff\u00bb button_two_border_width__hover_enabled=\u00bboff\u00bb button_border_color__hover_enabled=\u00bboff\u00bb button_one_border_color__hover_enabled=\u00bboff\u00bb button_two_border_color__hover_enabled=\u00bboff\u00bb button_border_radius__hover_enabled=\u00bboff\u00bb button_one_border_radius__hover_enabled=\u00bboff\u00bb button_two_border_radius__hover_enabled=\u00bboff\u00bb button_letter_spacing__hover_enabled=\u00bboff\u00bb button_one_letter_spacing__hover_enabled=\u00bboff\u00bb button_two_letter_spacing__hover_enabled=\u00bboff\u00bb button_bg_color__hover_enabled=\u00bboff\u00bb button_one_bg_color__hover_enabled=\u00bboff\u00bb button_two_bg_color__hover_enabled=\u00bboff\u00bb][\/et_pb_contact_field][et_pb_contact_field field_id=\u00bbMessage\u00bb field_title=\u00bbMensaje\u00bb field_type=\u00bbtext\u00bb fullwidth_field=\u00bbon\u00bb _builder_version=\u00bb4.16&#8243; global_colors_info=\u00bb{}\u00bb button_text_size__hover_enabled=\u00bboff\u00bb button_one_text_size__hover_enabled=\u00bboff\u00bb button_two_text_size__hover_enabled=\u00bboff\u00bb button_text_color__hover_enabled=\u00bboff\u00bb button_one_text_color__hover_enabled=\u00bboff\u00bb button_two_text_color__hover_enabled=\u00bboff\u00bb button_border_width__hover_enabled=\u00bboff\u00bb button_one_border_width__hover_enabled=\u00bboff\u00bb button_two_border_width__hover_enabled=\u00bboff\u00bb button_border_color__hover_enabled=\u00bboff\u00bb button_one_border_color__hover_enabled=\u00bboff\u00bb button_two_border_color__hover_enabled=\u00bboff\u00bb button_border_radius__hover_enabled=\u00bboff\u00bb button_one_border_radius__hover_enabled=\u00bboff\u00bb button_two_border_radius__hover_enabled=\u00bboff\u00bb button_letter_spacing__hover_enabled=\u00bboff\u00bb button_one_letter_spacing__hover_enabled=\u00bboff\u00bb button_two_letter_spacing__hover_enabled=\u00bboff\u00bb button_bg_color__hover_enabled=\u00bboff\u00bb button_one_bg_color__hover_enabled=\u00bboff\u00bb button_two_bg_color__hover_enabled=\u00bboff\u00bb][\/et_pb_contact_field][\/et_pb_contact_form][\/et_pb_column][\/et_pb_row][\/et_pb_section]<\/p>\n","protected":false},"excerpt":{"rendered":"<p>Reformas Integrales BarcelonaIdeamos proyectos totalmente personalizados. T\u00fa eres \u00fanico, y por lo tanto tu proyecto tambi\u00e9n debe serlo. En Global Projects todo comienza con un di\u00e1logo para definir el proyecto, aportar ideas, materiales, colores, esbozos y finalmente el presupuesto de la reforma integral. En este documento encontrar\u00e1s todo lo necesario para estar informado al 100% [&hellip;]<\/p>\n","protected":false},"author":8,"featured_media":0,"parent":49,"menu_order":8,"comment_status":"closed","ping_status":"closed","template":"","meta":{"_et_pb_use_builder":"on","_et_pb_old_content":"","_et_gb_content_width":"","footnotes":""},"class_list":["post-642","page","type-page","status-publish","hentry"],"yoast_head":"<!-- This site is optimized with the Yoast SEO plugin v27.5 - https:\/\/yoast.com\/product\/yoast-seo-wordpress\/ -->\n<title>Reformas Integrales Barcelona - Global Projects<\/title>\n<meta name=\"description\" content=\"Empresa de reformas especializada en reformas integrales en Barcelona de pisos, locales y viviendas. Reformas de cocinas y ba\u00f1os. Tel. 902 207 209\" \/>\n<meta name=\"robots\" content=\"index, follow, max-snippet:-1, max-image-preview:large, max-video-preview:-1\" \/>\n<link rel=\"canonical\" href=\"https:\/\/www.global-projects.es\/es\/servicios\/reformas-integrales-en-barcelona\/\" \/>\n<meta property=\"og:locale\" content=\"es_ES\" \/>\n<meta property=\"og:type\" content=\"article\" \/>\n<meta property=\"og:title\" content=\"Reformas Integrales Barcelona - Global Projects\" \/>\n<meta property=\"og:description\" content=\"Empresa de reformas especializada en reformas integrales en Barcelona de pisos, locales y viviendas. Reformas de cocinas y ba\u00f1os. Tel. 902 207 209\" \/>\n<meta property=\"og:url\" content=\"https:\/\/www.global-projects.es\/es\/servicios\/reformas-integrales-en-barcelona\/\" \/>\n<meta property=\"og:site_name\" content=\"Global Projects\" \/>\n<meta property=\"article:publisher\" content=\"https:\/\/www.facebook.com\/gblprojects\" \/>\n<meta property=\"article:modified_time\" content=\"2024-02-13T15:50:52+00:00\" \/>\n<meta name=\"twitter:card\" content=\"summary_large_image\" \/>\n<meta name=\"twitter:site\" content=\"@global_projects\" \/>\n<meta name=\"twitter:label1\" content=\"Tiempo de lectura\" \/>\n\t<meta name=\"twitter:data1\" content=\"7 minutos\" \/>\n<script type=\"application\/ld+json\" class=\"yoast-schema-graph\">{\"@context\":\"https:\\\/\\\/schema.org\",\"@graph\":[{\"@type\":\"WebPage\",\"@id\":\"https:\\\/\\\/www.global-projects.es\\\/es\\\/servicios\\\/reformas-integrales-en-barcelona\\\/\",\"url\":\"https:\\\/\\\/www.global-projects.es\\\/es\\\/servicios\\\/reformas-integrales-en-barcelona\\\/\",\"name\":\"Reformas Integrales Barcelona - Global Projects\",\"isPartOf\":{\"@id\":\"https:\\\/\\\/www.global-projects.es\\\/es\\\/#website\"},\"datePublished\":\"2019-07-24T12:15:00+00:00\",\"dateModified\":\"2024-02-13T15:50:52+00:00\",\"description\":\"Empresa de reformas especializada en reformas integrales en Barcelona de pisos, locales y viviendas. Reformas de cocinas y ba\u00f1os. Tel. 902 207 209\",\"breadcrumb\":{\"@id\":\"https:\\\/\\\/www.global-projects.es\\\/es\\\/servicios\\\/reformas-integrales-en-barcelona\\\/#breadcrumb\"},\"inLanguage\":\"es\",\"potentialAction\":[{\"@type\":\"ReadAction\",\"target\":[\"https:\\\/\\\/www.global-projects.es\\\/es\\\/servicios\\\/reformas-integrales-en-barcelona\\\/\"]}]},{\"@type\":\"BreadcrumbList\",\"@id\":\"https:\\\/\\\/www.global-projects.es\\\/es\\\/servicios\\\/reformas-integrales-en-barcelona\\\/#breadcrumb\",\"itemListElement\":[{\"@type\":\"ListItem\",\"position\":1,\"name\":\"Portada\",\"item\":\"https:\\\/\\\/www.global-projects.es\\\/es\\\/\"},{\"@type\":\"ListItem\",\"position\":2,\"name\":\"Servicios\",\"item\":\"https:\\\/\\\/www.global-projects.es\\\/es\\\/servicios\\\/\"},{\"@type\":\"ListItem\",\"position\":3,\"name\":\"Reformas Integrales en Barcelona\"}]},{\"@type\":\"WebSite\",\"@id\":\"https:\\\/\\\/www.global-projects.es\\\/es\\\/#website\",\"url\":\"https:\\\/\\\/www.global-projects.es\\\/es\\\/\",\"name\":\"Global Projects\",\"description\":\"Reformas Integrales Barcelona\",\"potentialAction\":[{\"@type\":\"SearchAction\",\"target\":{\"@type\":\"EntryPoint\",\"urlTemplate\":\"https:\\\/\\\/www.global-projects.es\\\/es\\\/?s={search_term_string}\"},\"query-input\":{\"@type\":\"PropertyValueSpecification\",\"valueRequired\":true,\"valueName\":\"search_term_string\"}}],\"inLanguage\":\"es\"}]}<\/script>\n<!-- \/ Yoast SEO plugin. -->","yoast_head_json":{"title":"Reformas Integrales Barcelona - Global Projects","description":"Empresa de reformas especializada en reformas integrales en Barcelona de pisos, locales y viviendas. Reformas de cocinas y ba\u00f1os. Tel. 902 207 209","robots":{"index":"index","follow":"follow","max-snippet":"max-snippet:-1","max-image-preview":"max-image-preview:large","max-video-preview":"max-video-preview:-1"},"canonical":"https:\/\/www.global-projects.es\/es\/servicios\/reformas-integrales-en-barcelona\/","og_locale":"es_ES","og_type":"article","og_title":"Reformas Integrales Barcelona - Global Projects","og_description":"Empresa de reformas especializada en reformas integrales en Barcelona de pisos, locales y viviendas. Reformas de cocinas y ba\u00f1os. Tel. 902 207 209","og_url":"https:\/\/www.global-projects.es\/es\/servicios\/reformas-integrales-en-barcelona\/","og_site_name":"Global Projects","article_publisher":"https:\/\/www.facebook.com\/gblprojects","article_modified_time":"2024-02-13T15:50:52+00:00","twitter_card":"summary_large_image","twitter_site":"@global_projects","twitter_misc":{"Tiempo de lectura":"7 minutos"},"schema":{"@context":"https:\/\/schema.org","@graph":[{"@type":"WebPage","@id":"https:\/\/www.global-projects.es\/es\/servicios\/reformas-integrales-en-barcelona\/","url":"https:\/\/www.global-projects.es\/es\/servicios\/reformas-integrales-en-barcelona\/","name":"Reformas Integrales Barcelona - Global Projects","isPartOf":{"@id":"https:\/\/www.global-projects.es\/es\/#website"},"datePublished":"2019-07-24T12:15:00+00:00","dateModified":"2024-02-13T15:50:52+00:00","description":"Empresa de reformas especializada en reformas integrales en Barcelona de pisos, locales y viviendas. Reformas de cocinas y ba\u00f1os. Tel. 902 207 209","breadcrumb":{"@id":"https:\/\/www.global-projects.es\/es\/servicios\/reformas-integrales-en-barcelona\/#breadcrumb"},"inLanguage":"es","potentialAction":[{"@type":"ReadAction","target":["https:\/\/www.global-projects.es\/es\/servicios\/reformas-integrales-en-barcelona\/"]}]},{"@type":"BreadcrumbList","@id":"https:\/\/www.global-projects.es\/es\/servicios\/reformas-integrales-en-barcelona\/#breadcrumb","itemListElement":[{"@type":"ListItem","position":1,"name":"Portada","item":"https:\/\/www.global-projects.es\/es\/"},{"@type":"ListItem","position":2,"name":"Servicios","item":"https:\/\/www.global-projects.es\/es\/servicios\/"},{"@type":"ListItem","position":3,"name":"Reformas Integrales en Barcelona"}]},{"@type":"WebSite","@id":"https:\/\/www.global-projects.es\/es\/#website","url":"https:\/\/www.global-projects.es\/es\/","name":"Global Projects","description":"Reformas Integrales Barcelona","potentialAction":[{"@type":"SearchAction","target":{"@type":"EntryPoint","urlTemplate":"https:\/\/www.global-projects.es\/es\/?s={search_term_string}"},"query-input":{"@type":"PropertyValueSpecification","valueRequired":true,"valueName":"search_term_string"}}],"inLanguage":"es"}]}},"_links":{"self":[{"href":"https:\/\/www.global-projects.es\/es\/wp-json\/wp\/v2\/pages\/642","targetHints":{"allow":["GET"]}}],"collection":[{"href":"https:\/\/www.global-projects.es\/es\/wp-json\/wp\/v2\/pages"}],"about":[{"href":"https:\/\/www.global-projects.es\/es\/wp-json\/wp\/v2\/types\/page"}],"author":[{"embeddable":true,"href":"https:\/\/www.global-projects.es\/es\/wp-json\/wp\/v2\/users\/8"}],"replies":[{"embeddable":true,"href":"https:\/\/www.global-projects.es\/es\/wp-json\/wp\/v2\/comments?post=642"}],"version-history":[{"count":1,"href":"https:\/\/www.global-projects.es\/es\/wp-json\/wp\/v2\/pages\/642\/revisions"}],"predecessor-version":[{"id":12800,"href":"https:\/\/www.global-projects.es\/es\/wp-json\/wp\/v2\/pages\/642\/revisions\/12800"}],"up":[{"embeddable":true,"href":"https:\/\/www.global-projects.es\/es\/wp-json\/wp\/v2\/pages\/49"}],"wp:attachment":[{"href":"https:\/\/www.global-projects.es\/es\/wp-json\/wp\/v2\/media?parent=642"}],"curies":[{"name":"wp","href":"https:\/\/api.w.org\/{rel}","templated":true}]}}