{"id":1008,"date":"2019-08-28T17:36:48","date_gmt":"2019-08-28T15:36:48","guid":{"rendered":"http:\/\/www.global-projects.es\/?page_id=1008"},"modified":"2024-02-13T16:54:50","modified_gmt":"2024-02-13T15:54:50","slug":"reformas-de-locales-comerciales","status":"publish","type":"page","link":"https:\/\/www.global-projects.es\/es\/servicios\/reformas-de-locales-comerciales\/","title":{"rendered":"Reformas de Locales Comerciales"},"content":{"rendered":"<p>[et_pb_section fb_built=\u00bb1&#8243; _builder_version=\u00bb4.16&#8243; global_colors_info=\u00bb{}\u00bb][et_pb_row column_structure=\u00bb1_2,1_2&#8243; _builder_version=\u00bb4.16&#8243; global_colors_info=\u00bb{}\u00bb][et_pb_column type=\u00bb1_2&#8243; _builder_version=\u00bb4.16&#8243; custom_padding=\u00bb|||\u00bb global_colors_info=\u00bb{}\u00bb custom_padding__hover=\u00bb|||\u00bb][et_pb_text _builder_version=\u00bb4.16&#8243; custom_margin=\u00bb||15px\u00bb global_colors_info=\u00bb{}\u00bb]<\/p>\n<h1>Reformas de Locales Comerciales<\/h1>\n<p>[\/et_pb_text][et_pb_text module_class=\u00bbfeat-strong-text\u00bb _builder_version=\u00bb4.16&#8243; text_font=\u00bbSanchez||||||||\u00bb text_font_size=\u00bb22px\u00bb text_line_height=\u00bb1.6em\u00bb global_colors_info=\u00bb{}\u00bb]<\/p>\n<p><strong>Reformamos los espacios de tu local comercial<\/strong> para crear nuevas sensaciones y experiencias para tus clientes. Elegimos el mobiliario perfecto para tu negocio, siguiendo tu visi\u00f3n y <strong>teniendo en cuenta hasta el m\u00ednimo detalle<\/strong>. Te ayudamos a buscar la identidad corporativa y el dise\u00f1o que tu local comercial necesita.<\/p>\n<p>[\/et_pb_text][et_pb_button button_url=\u00bb#budget-form\u00bb button_text=\u00bb\u00bfQuieres un presupuesto?\u00bb _builder_version=\u00bb4.16&#8243; global_colors_info=\u00bb{}\u00bb][\/et_pb_button][\/et_pb_column][et_pb_column type=\u00bb1_2&#8243; _builder_version=\u00bb4.16&#8243; custom_padding=\u00bb|||\u00bb global_colors_info=\u00bb{}\u00bb custom_padding__hover=\u00bb|||\u00bb][et_pb_text _builder_version=\u00bb4.16&#8243; global_colors_info=\u00bb{}\u00bb]<\/p>\n<p>Trabajamos en el proyecto, interiorismo y ejecuci\u00f3n de la reforma. <strong>Cuidamos la iluminaci\u00f3n de los espacios en funci\u00f3n del dise\u00f1o y la utilidad de cada uno de ellos<\/strong>. <strong>Seleccionamos el mobiliario adecuado<\/strong> para poder mostrar una buena imagen de tu negocio.<\/p>\n<p>Tiendas, restaurantes, bares, showrooms, hoteles, son algunos de los espacios en los que hemos desarrollado proyectos de reformas en Barcelona.<\/p>\n<p><strong>Dise\u00f1amos y transformamos las instalaciones para que se adapten<\/strong> a las caracter\u00edsticas y necesidades de tu empresa: electricidad, aire acondicionado, decoraci\u00f3n, mobiliario y m\u00e1s.<\/p>\n<p>Nuestro equipo de profesionales, arquitectos e interioristas, plasmar\u00e1n la imagen y la personalidad de tu negocio en la reforma, <strong>transformando el local en el reflejo perfecto de tu empresa<\/strong>. El objetivo principal es conseguir <strong>espacios \u00fanicos y personalizados<\/strong> en base a las necesidades de cada cliente, teniendo en cuenta el tipo de negocio y su rentabilidad.<\/p>\n<p>[\/et_pb_text][\/et_pb_column][\/et_pb_row][\/et_pb_section][et_pb_section fb_built=\u00bb1&#8243; _builder_version=\u00bb4.16&#8243; custom_padding=\u00bb||0px\u00bb global_colors_info=\u00bb{}\u00bb][et_pb_row _builder_version=\u00bb4.16&#8243; global_colors_info=\u00bb{}\u00bb][et_pb_column type=\u00bb4_4&#8243; _builder_version=\u00bb4.16&#8243; custom_padding=\u00bb|||\u00bb global_colors_info=\u00bb{}\u00bb custom_padding__hover=\u00bb|||\u00bb][et_pb_text _builder_version=\u00bb4.16&#8243; text_font=\u00bb|700|||||||\u00bb text_text_color=\u00bb#7eabaf\u00bb text_font_size=\u00bb22px\u00bb header_font=\u00bb||||||||\u00bb saved_tabs=\u00bball\u00bb global_colors_info=\u00bb{}\u00bb]<\/p>\n<p>Algunos proyectos de reformas de locales comerciales<\/p>\n<p>[\/et_pb_text][\/et_pb_column][\/et_pb_row][\/et_pb_section][et_pb_section fb_built=\u00bb1&#8243; _builder_version=\u00bb4.16&#8243; background_color=\u00bb#f5f5f5&#8243; use_background_color_gradient=\u00bbon\u00bb background_color_gradient_stops=\u00bb#ffffff 7%|#f0f0f0 7%\u00bb background_color_gradient_start=\u00bb#ffffff\u00bb background_color_gradient_start_position=\u00bb7%\u00bb background_color_gradient_end=\u00bb#f0f0f0&#8243; background_color_gradient_end_position=\u00bb7%\u00bb custom_margin=\u00bb||\u00bb custom_padding=\u00bb0px||\u00bb global_colors_info=\u00bb{}\u00bb][et_pb_row _builder_version=\u00bb4.16&#8243; custom_padding=\u00bb0px||\u00bb global_colors_info=\u00bb{}\u00bb][et_pb_column type=\u00bb4_4&#8243; _builder_version=\u00bb4.16&#8243; custom_padding=\u00bb|||\u00bb global_colors_info=\u00bb{}\u00bb custom_padding__hover=\u00bb|||\u00bb][et_pb_portfolio fullwidth=\u00bboff\u00bb posts_number=\u00bb6&#8243; include_categories=\u00bb6&#8243; show_title=\u00bboff\u00bb show_categories=\u00bboff\u00bb show_pagination=\u00bboff\u00bb module_class=\u00bbthree-column-grid portfolio\u00bb _builder_version=\u00bb4.16&#8243; global_colors_info=\u00bb{}\u00bb][\/et_pb_portfolio][et_pb_button button_url=\u00bb\/proyectos-reformas\u00bb button_text=\u00bbVer m\u00e1s proyectos de reformas de locales comerciales\u00bb button_alignment=\u00bbcenter\u00bb _builder_version=\u00bb4.16&#8243; locked=\u00bboff\u00bb global_colors_info=\u00bb{}\u00bb][\/et_pb_button][\/et_pb_column][\/et_pb_row][\/et_pb_section][et_pb_section fb_built=\u00bb1&#8243; module_id=\u00bbbudget-form\u00bb _builder_version=\u00bb4.16&#8243; background_color=\u00bb#003954&#8243; locked=\u00bboff\u00bb global_colors_info=\u00bb{}\u00bb][et_pb_row _builder_version=\u00bb4.16&#8243; max_width=\u00bb700px\u00bb global_colors_info=\u00bb{}\u00bb][et_pb_column type=\u00bb4_4&#8243; _builder_version=\u00bb4.16&#8243; custom_padding=\u00bb|||\u00bb global_colors_info=\u00bb{}\u00bb custom_padding__hover=\u00bb|||\u00bb][et_pb_text _builder_version=\u00bb4.16&#8243; text_font=\u00bb||||||||\u00bb text_orientation=\u00bbcenter\u00bb background_layout=\u00bbdark\u00bb global_colors_info=\u00bb{}\u00bb]<\/p>\n<h2>\u00bfQuieres un presupuesto?<\/h2>\n<p><span>Tienes alguna reforma de vivienda en mente?<\/span><\/p>\n<p>[\/et_pb_text][\/et_pb_column][\/et_pb_row][et_pb_row _builder_version=\u00bb4.16&#8243; global_colors_info=\u00bb{}\u00bb][et_pb_column type=\u00bb4_4&#8243; _builder_version=\u00bb4.16&#8243; custom_padding=\u00bb|||\u00bb global_colors_info=\u00bb{}\u00bb custom_padding__hover=\u00bb|||\u00bb][et_pb_contact_form email=\u00bbpresupuesto@global-projects.es\u00bb custom_message=\u00bbNom: %%Name%%||et_pb_line_break_holder||Email: %%Email_Address%%||et_pb_line_break_holder||Missatge: %%Message%%\u00bb _builder_version=\u00bb4.24.0&#8243; _unique_id=\u00bb478cdee4-d865-4a12-8bcb-07a89248eb45&#8243; form_field_background_color=\u00bbrgba(0,164,179,0.2)\u00bb form_field_text_color=\u00bb#ffffff\u00bb form_field_font=\u00bb||||||||\u00bb hover_enabled=\u00bb0&#8243; custom_css_contact_fields=\u00bbcolor: white;\u00bb form_background_color=\u00bbrgba(0,164,179,0.2)\u00bb global_colors_info=\u00bb{}\u00bb use_spam_service=\u00bbon\u00bb recaptcha_list=\u00bbGlobal Projects|Global Projects-0&#8243; sticky_enabled=\u00bb0&#8243;][et_pb_contact_field field_id=\u00bbName\u00bb field_title=\u00bbNombre\u00bb _builder_version=\u00bb4.16&#8243; global_colors_info=\u00bb{}\u00bb button_text_size__hover_enabled=\u00bboff\u00bb button_one_text_size__hover_enabled=\u00bboff\u00bb button_two_text_size__hover_enabled=\u00bboff\u00bb button_text_color__hover_enabled=\u00bboff\u00bb button_one_text_color__hover_enabled=\u00bboff\u00bb button_two_text_color__hover_enabled=\u00bboff\u00bb button_border_width__hover_enabled=\u00bboff\u00bb button_one_border_width__hover_enabled=\u00bboff\u00bb button_two_border_width__hover_enabled=\u00bboff\u00bb button_border_color__hover_enabled=\u00bboff\u00bb button_one_border_color__hover_enabled=\u00bboff\u00bb button_two_border_color__hover_enabled=\u00bboff\u00bb button_border_radius__hover_enabled=\u00bboff\u00bb button_one_border_radius__hover_enabled=\u00bboff\u00bb button_two_border_radius__hover_enabled=\u00bboff\u00bb button_letter_spacing__hover_enabled=\u00bboff\u00bb button_one_letter_spacing__hover_enabled=\u00bboff\u00bb button_two_letter_spacing__hover_enabled=\u00bboff\u00bb button_bg_color__hover_enabled=\u00bboff\u00bb button_one_bg_color__hover_enabled=\u00bboff\u00bb button_two_bg_color__hover_enabled=\u00bboff\u00bb][\/et_pb_contact_field][et_pb_contact_field field_id=\u00bbEmail_Address\u00bb field_title=\u00bbDirecci\u00f3n de correo electr\u00f3nico\u00bb field_type=\u00bbemail\u00bb _builder_version=\u00bb4.16&#8243; global_colors_info=\u00bb{}\u00bb button_text_size__hover_enabled=\u00bboff\u00bb button_one_text_size__hover_enabled=\u00bboff\u00bb button_two_text_size__hover_enabled=\u00bboff\u00bb button_text_color__hover_enabled=\u00bboff\u00bb button_one_text_color__hover_enabled=\u00bboff\u00bb button_two_text_color__hover_enabled=\u00bboff\u00bb button_border_width__hover_enabled=\u00bboff\u00bb button_one_border_width__hover_enabled=\u00bboff\u00bb button_two_border_width__hover_enabled=\u00bboff\u00bb button_border_color__hover_enabled=\u00bboff\u00bb button_one_border_color__hover_enabled=\u00bboff\u00bb button_two_border_color__hover_enabled=\u00bboff\u00bb button_border_radius__hover_enabled=\u00bboff\u00bb button_one_border_radius__hover_enabled=\u00bboff\u00bb button_two_border_radius__hover_enabled=\u00bboff\u00bb button_letter_spacing__hover_enabled=\u00bboff\u00bb button_one_letter_spacing__hover_enabled=\u00bboff\u00bb button_two_letter_spacing__hover_enabled=\u00bboff\u00bb button_bg_color__hover_enabled=\u00bboff\u00bb button_one_bg_color__hover_enabled=\u00bboff\u00bb button_two_bg_color__hover_enabled=\u00bboff\u00bb][\/et_pb_contact_field][et_pb_contact_field field_id=\u00bbMessage\u00bb field_title=\u00bbMensaje\u00bb field_type=\u00bbtext\u00bb fullwidth_field=\u00bbon\u00bb _builder_version=\u00bb4.16&#8243; global_colors_info=\u00bb{}\u00bb button_text_size__hover_enabled=\u00bboff\u00bb button_one_text_size__hover_enabled=\u00bboff\u00bb button_two_text_size__hover_enabled=\u00bboff\u00bb button_text_color__hover_enabled=\u00bboff\u00bb button_one_text_color__hover_enabled=\u00bboff\u00bb button_two_text_color__hover_enabled=\u00bboff\u00bb button_border_width__hover_enabled=\u00bboff\u00bb button_one_border_width__hover_enabled=\u00bboff\u00bb button_two_border_width__hover_enabled=\u00bboff\u00bb button_border_color__hover_enabled=\u00bboff\u00bb button_one_border_color__hover_enabled=\u00bboff\u00bb button_two_border_color__hover_enabled=\u00bboff\u00bb button_border_radius__hover_enabled=\u00bboff\u00bb button_one_border_radius__hover_enabled=\u00bboff\u00bb button_two_border_radius__hover_enabled=\u00bboff\u00bb button_letter_spacing__hover_enabled=\u00bboff\u00bb button_one_letter_spacing__hover_enabled=\u00bboff\u00bb button_two_letter_spacing__hover_enabled=\u00bboff\u00bb button_bg_color__hover_enabled=\u00bboff\u00bb button_one_bg_color__hover_enabled=\u00bboff\u00bb button_two_bg_color__hover_enabled=\u00bboff\u00bb][\/et_pb_contact_field][\/et_pb_contact_form][\/et_pb_column][\/et_pb_row][\/et_pb_section]<\/p>\n","protected":false},"excerpt":{"rendered":"<p>Reformas de Locales ComercialesReformamos los espacios de tu local comercial para crear nuevas sensaciones y experiencias para tus clientes. Elegimos el mobiliario perfecto para tu negocio, siguiendo tu visi\u00f3n y teniendo en cuenta hasta el m\u00ednimo detalle. Te ayudamos a buscar la identidad corporativa y el dise\u00f1o que tu local comercial necesita.Trabajamos en el proyecto, [&hellip;]<\/p>\n","protected":false},"author":8,"featured_media":0,"parent":49,"menu_order":6,"comment_status":"closed","ping_status":"closed","template":"","meta":{"_et_pb_use_builder":"on","_et_pb_old_content":"","_et_gb_content_width":"","footnotes":""},"class_list":["post-1008","page","type-page","status-publish","hentry"],"yoast_head":"<!-- This site is optimized with the Yoast SEO plugin v27.5 - https:\/\/yoast.com\/product\/yoast-seo-wordpress\/ -->\n<title>Reformas de Locales Barcelona - Global Projects<\/title>\n<meta name=\"description\" content=\"Global Projects realiza reformas de locales en Barcelona y oficinas para obtener un dise\u00f1o \u00fanico de cada espacio y ubicaci\u00f3n. Llame al 902 207 209\" \/>\n<meta name=\"robots\" content=\"index, follow, max-snippet:-1, max-image-preview:large, max-video-preview:-1\" \/>\n<link rel=\"canonical\" href=\"https:\/\/www.global-projects.es\/es\/servicios\/reformas-de-locales-comerciales\/\" \/>\n<meta property=\"og:locale\" content=\"es_ES\" \/>\n<meta property=\"og:type\" content=\"article\" \/>\n<meta property=\"og:title\" content=\"Reformas de Locales Barcelona - Global Projects\" \/>\n<meta property=\"og:description\" content=\"Global Projects realiza reformas de locales en Barcelona y oficinas para obtener un dise\u00f1o \u00fanico de cada espacio y ubicaci\u00f3n. Llame al 902 207 209\" \/>\n<meta property=\"og:url\" content=\"https:\/\/www.global-projects.es\/es\/servicios\/reformas-de-locales-comerciales\/\" \/>\n<meta property=\"og:site_name\" content=\"Global Projects\" \/>\n<meta property=\"article:publisher\" content=\"https:\/\/www.facebook.com\/gblprojects\" \/>\n<meta property=\"article:modified_time\" content=\"2024-02-13T15:54:50+00:00\" \/>\n<meta name=\"twitter:card\" content=\"summary_large_image\" \/>\n<meta name=\"twitter:site\" content=\"@global_projects\" \/>\n<meta name=\"twitter:label1\" content=\"Tiempo de lectura\" \/>\n\t<meta name=\"twitter:data1\" content=\"6 minutos\" \/>\n<script type=\"application\/ld+json\" class=\"yoast-schema-graph\">{\"@context\":\"https:\\\/\\\/schema.org\",\"@graph\":[{\"@type\":\"WebPage\",\"@id\":\"https:\\\/\\\/www.global-projects.es\\\/es\\\/servicios\\\/reformas-de-locales-comerciales\\\/\",\"url\":\"https:\\\/\\\/www.global-projects.es\\\/es\\\/servicios\\\/reformas-de-locales-comerciales\\\/\",\"name\":\"Reformas de Locales Barcelona - Global Projects\",\"isPartOf\":{\"@id\":\"https:\\\/\\\/www.global-projects.es\\\/es\\\/#website\"},\"datePublished\":\"2019-08-28T15:36:48+00:00\",\"dateModified\":\"2024-02-13T15:54:50+00:00\",\"description\":\"Global Projects realiza reformas de locales en Barcelona y oficinas para obtener un dise\u00f1o \u00fanico de cada espacio y ubicaci\u00f3n. Llame al 902 207 209\",\"breadcrumb\":{\"@id\":\"https:\\\/\\\/www.global-projects.es\\\/es\\\/servicios\\\/reformas-de-locales-comerciales\\\/#breadcrumb\"},\"inLanguage\":\"es\",\"potentialAction\":[{\"@type\":\"ReadAction\",\"target\":[\"https:\\\/\\\/www.global-projects.es\\\/es\\\/servicios\\\/reformas-de-locales-comerciales\\\/\"]}]},{\"@type\":\"BreadcrumbList\",\"@id\":\"https:\\\/\\\/www.global-projects.es\\\/es\\\/servicios\\\/reformas-de-locales-comerciales\\\/#breadcrumb\",\"itemListElement\":[{\"@type\":\"ListItem\",\"position\":1,\"name\":\"Portada\",\"item\":\"https:\\\/\\\/www.global-projects.es\\\/es\\\/\"},{\"@type\":\"ListItem\",\"position\":2,\"name\":\"Servicios\",\"item\":\"https:\\\/\\\/www.global-projects.es\\\/es\\\/servicios\\\/\"},{\"@type\":\"ListItem\",\"position\":3,\"name\":\"Reformas de Locales Comerciales\"}]},{\"@type\":\"WebSite\",\"@id\":\"https:\\\/\\\/www.global-projects.es\\\/es\\\/#website\",\"url\":\"https:\\\/\\\/www.global-projects.es\\\/es\\\/\",\"name\":\"Global Projects\",\"description\":\"Reformas Integrales Barcelona\",\"potentialAction\":[{\"@type\":\"SearchAction\",\"target\":{\"@type\":\"EntryPoint\",\"urlTemplate\":\"https:\\\/\\\/www.global-projects.es\\\/es\\\/?s={search_term_string}\"},\"query-input\":{\"@type\":\"PropertyValueSpecification\",\"valueRequired\":true,\"valueName\":\"search_term_string\"}}],\"inLanguage\":\"es\"}]}<\/script>\n<!-- \/ Yoast SEO plugin. -->","yoast_head_json":{"title":"Reformas de Locales Barcelona - Global Projects","description":"Global Projects realiza reformas de locales en Barcelona y oficinas para obtener un dise\u00f1o \u00fanico de cada espacio y ubicaci\u00f3n. Llame al 902 207 209","robots":{"index":"index","follow":"follow","max-snippet":"max-snippet:-1","max-image-preview":"max-image-preview:large","max-video-preview":"max-video-preview:-1"},"canonical":"https:\/\/www.global-projects.es\/es\/servicios\/reformas-de-locales-comerciales\/","og_locale":"es_ES","og_type":"article","og_title":"Reformas de Locales Barcelona - Global Projects","og_description":"Global Projects realiza reformas de locales en Barcelona y oficinas para obtener un dise\u00f1o \u00fanico de cada espacio y ubicaci\u00f3n. Llame al 902 207 209","og_url":"https:\/\/www.global-projects.es\/es\/servicios\/reformas-de-locales-comerciales\/","og_site_name":"Global Projects","article_publisher":"https:\/\/www.facebook.com\/gblprojects","article_modified_time":"2024-02-13T15:54:50+00:00","twitter_card":"summary_large_image","twitter_site":"@global_projects","twitter_misc":{"Tiempo de lectura":"6 minutos"},"schema":{"@context":"https:\/\/schema.org","@graph":[{"@type":"WebPage","@id":"https:\/\/www.global-projects.es\/es\/servicios\/reformas-de-locales-comerciales\/","url":"https:\/\/www.global-projects.es\/es\/servicios\/reformas-de-locales-comerciales\/","name":"Reformas de Locales Barcelona - Global Projects","isPartOf":{"@id":"https:\/\/www.global-projects.es\/es\/#website"},"datePublished":"2019-08-28T15:36:48+00:00","dateModified":"2024-02-13T15:54:50+00:00","description":"Global Projects realiza reformas de locales en Barcelona y oficinas para obtener un dise\u00f1o \u00fanico de cada espacio y ubicaci\u00f3n. Llame al 902 207 209","breadcrumb":{"@id":"https:\/\/www.global-projects.es\/es\/servicios\/reformas-de-locales-comerciales\/#breadcrumb"},"inLanguage":"es","potentialAction":[{"@type":"ReadAction","target":["https:\/\/www.global-projects.es\/es\/servicios\/reformas-de-locales-comerciales\/"]}]},{"@type":"BreadcrumbList","@id":"https:\/\/www.global-projects.es\/es\/servicios\/reformas-de-locales-comerciales\/#breadcrumb","itemListElement":[{"@type":"ListItem","position":1,"name":"Portada","item":"https:\/\/www.global-projects.es\/es\/"},{"@type":"ListItem","position":2,"name":"Servicios","item":"https:\/\/www.global-projects.es\/es\/servicios\/"},{"@type":"ListItem","position":3,"name":"Reformas de Locales Comerciales"}]},{"@type":"WebSite","@id":"https:\/\/www.global-projects.es\/es\/#website","url":"https:\/\/www.global-projects.es\/es\/","name":"Global Projects","description":"Reformas Integrales Barcelona","potentialAction":[{"@type":"SearchAction","target":{"@type":"EntryPoint","urlTemplate":"https:\/\/www.global-projects.es\/es\/?s={search_term_string}"},"query-input":{"@type":"PropertyValueSpecification","valueRequired":true,"valueName":"search_term_string"}}],"inLanguage":"es"}]}},"_links":{"self":[{"href":"https:\/\/www.global-projects.es\/es\/wp-json\/wp\/v2\/pages\/1008","targetHints":{"allow":["GET"]}}],"collection":[{"href":"https:\/\/www.global-projects.es\/es\/wp-json\/wp\/v2\/pages"}],"about":[{"href":"https:\/\/www.global-projects.es\/es\/wp-json\/wp\/v2\/types\/page"}],"author":[{"embeddable":true,"href":"https:\/\/www.global-projects.es\/es\/wp-json\/wp\/v2\/users\/8"}],"replies":[{"embeddable":true,"href":"https:\/\/www.global-projects.es\/es\/wp-json\/wp\/v2\/comments?post=1008"}],"version-history":[{"count":1,"href":"https:\/\/www.global-projects.es\/es\/wp-json\/wp\/v2\/pages\/1008\/revisions"}],"predecessor-version":[{"id":12801,"href":"https:\/\/www.global-projects.es\/es\/wp-json\/wp\/v2\/pages\/1008\/revisions\/12801"}],"up":[{"embeddable":true,"href":"https:\/\/www.global-projects.es\/es\/wp-json\/wp\/v2\/pages\/49"}],"wp:attachment":[{"href":"https:\/\/www.global-projects.es\/es\/wp-json\/wp\/v2\/media?parent=1008"}],"curies":[{"name":"wp","href":"https:\/\/api.w.org\/{rel}","templated":true}]}}