{"id":7401,"date":"2019-08-01T00:29:33","date_gmt":"2019-07-31T22:29:33","guid":{"rendered":"http:\/\/www.global-projects.es\/?post_type=project&#038;p=7401"},"modified":"2020-05-06T13:55:50","modified_gmt":"2020-05-06T11:55:50","slug":"reforma-integral-mandri","status":"publish","type":"project","link":"https:\/\/www.global-projects.es\/ca\/project\/reforma-integral-mandri\/","title":{"rendered":"Reforma integral JS Mandri"},"content":{"rendered":"<p>[et_pb_section fb_built=&#8221;1&#8243; _builder_version=&#8221;3.22.5&#8243; custom_padding=&#8221;60px||&#8221;][et_pb_row _builder_version=&#8221;3.25&#8243;][et_pb_column type=&#8221;4_4&#8243; _builder_version=&#8221;3.25&#8243; custom_padding=&#8221;|||&#8221; custom_padding__hover=&#8221;|||&#8221;][et_pb_post_title meta=&#8221;off&#8221; featured_image=&#8221;off&#8221; _builder_version=&#8221;3.22.5&#8243;][\/et_pb_post_title][et_pb_gallery gallery_ids=&#8221;106,8273,8276,8279,8282,8285,8288,8291,8294,8297,8300,8303,8306,8309,8312,8315,8318,8321&#8243; posts_number=&#8221;21&#8243; show_title_and_caption=&#8221;off&#8221; show_pagination=&#8221;off&#8221; module_class=&#8221;three-column-grid&#8221; _builder_version=&#8221;4.4.2&#8243;][\/et_pb_gallery][\/et_pb_column][\/et_pb_row][et_pb_row column_structure=&#8221;2_3,1_3&#8243; _builder_version=&#8221;3.25&#8243;][et_pb_column type=&#8221;2_3&#8243; _builder_version=&#8221;3.25&#8243; custom_padding=&#8221;|||&#8221; custom_padding__hover=&#8221;|||&#8221;][et_pb_text _builder_version=&#8221;3.27.4&#8243;]<\/p>\n<p><u>El proyecto<\/u><\/p>\n<p>&nbsp;<\/p>\n<p><u>La ejecuci\u00f3n<\/u><\/p>\n<p>He puesto en la cabecera de la cama esa foto que nos hicimos todos juntos el primer d\u00eda \u00a0al entrar en el piso, esa foto que encarna el esp\u00edritu de lo que esta vivienda puede mantener y revivir: Los muebles todos en una perfecta sinton\u00eda, la chimenea que nos da calor por las noches, el color de las paredes y patrones de los suelos en combinaciones simp\u00e1ticas y todas al mismo son, medio inocentes y frescas. Espacios grandes y ventilados, y sobretodo luminosos.<\/p>\n<p>Este piso nos hace vivir momentos m\u00e1gicos, divertidos y felices, momentos dif\u00edciles de borrar.<\/p>\n<p>[\/et_pb_text][\/et_pb_column][et_pb_column type=&#8221;1_3&#8243; _builder_version=&#8221;3.25&#8243; custom_padding=&#8221;|||&#8221; custom_padding__hover=&#8221;|||&#8221;][et_pb_button button_text=&#8221;P\u00eddenos presupuesto&#8221; button_alignment=&#8221;left&#8221; _builder_version=&#8221;4.4.4&#8243; button_on_hover=&#8221;off&#8221; hover_enabled=&#8221;0&#8243; custom_css_main_element=&#8221;width:100%;&#8221;][\/et_pb_button][et_pb_text _builder_version=&#8221;3.27.4&#8243; _dynamic_attributes=&#8221;content&#8221; text_font=&#8221;Poppins||||||||&#8221; text_text_color=&#8221;#00a4b3&#8243;]@ET-DC@eyJkeW5hbWljIjp0cnVlLCJjb250ZW50IjoicG9zdF90YWdzIiwic2V0dGluZ3MiOnsiYmVmb3JlIjoiIiwiYWZ0ZXIiOiIiLCJsaW5rX3RvX3Rlcm1fcGFnZSI6Im9mZiIsInNlcGFyYXRvciI6IiwgIiwiY2F0ZWdvcnlfdHlwZSI6InByb2plY3RfdGFnIn19@[\/et_pb_text][et_pb_text _builder_version=&#8221;3.27.4&#8243; text_font=&#8221;||||||||&#8221; text_text_color=&#8221;#02314b&#8221;]<\/p>\n<p><strong>Tipolog\u00eda:\u00a0<\/strong>Reforma\u00a0integral de una vivienda particular.<br \/><strong>Interiorismo:\u00a0<\/strong><br \/><strong>Construcci\u00f3n:\u00a0\u00a0<\/strong><br \/><strong>Superf\u00edcie:\u00a0<\/strong><\/p>\n<p>[\/et_pb_text][\/et_pb_column][\/et_pb_row][et_pb_row use_custom_gutter=&#8221;on&#8221; gutter_width=&#8221;2&#8243; _builder_version=&#8221;4.2.2&#8243; custom_padding=&#8221;||0px||false|false&#8221; locked=&#8221;off&#8221;][et_pb_column type=&#8221;4_4&#8243; _builder_version=&#8221;4.2.2&#8243;][et_pb_text _builder_version=&#8221;4.2.2&#8243;]<\/p>\n<h2>Proyectos Relacionados<\/h2>\n<p>[\/et_pb_text][et_pb_portfolio fullwidth=&#8221;off&#8221; posts_number=&#8221;3&#8243; include_categories=&#8221;current&#8221; show_title=&#8221;off&#8221; show_categories=&#8221;off&#8221; show_pagination=&#8221;off&#8221; module_class=&#8221;three-column-grid portfolio&#8221; _builder_version=&#8221;4.2.2&#8243;][\/et_pb_portfolio][\/et_pb_column][\/et_pb_row][\/et_pb_section]<\/p>\n","protected":false},"excerpt":{"rendered":"<p>El proyecto &nbsp; La ejecuci\u00f3n He puesto en la cabecera de la cama esa foto que nos hicimos todos juntos el primer d\u00eda \u00a0al entrar en el piso, esa foto que encarna el esp\u00edritu de lo que esta vivienda puede mantener y revivir: Los muebles todos en una perfecta sinton\u00eda, la chimenea que nos da [&hellip;]<\/p>\n","protected":false},"author":2,"featured_media":8276,"comment_status":"open","ping_status":"closed","template":"","meta":{"_et_pb_use_builder":"on","_et_pb_old_content":"","_et_gb_content_width":"","footnotes":""},"project_category":[4],"project_tag":[],"class_list":["post-7401","project","type-project","status-publish","has-post-thumbnail","hentry","project_category-reformas-integrales"],"yoast_head":"<!-- This site is optimized with the Yoast SEO plugin v27.5 - https:\/\/yoast.com\/product\/yoast-seo-wordpress\/ -->\n<title>Reforma integral JS Mandri - Global Projects<\/title>\n<meta name=\"robots\" content=\"index, follow, max-snippet:-1, max-image-preview:large, max-video-preview:-1\" \/>\n<link rel=\"canonical\" href=\"https:\/\/www.global-projects.es\/ca\/project\/reforma-integral-mandri\/\" \/>\n<meta property=\"og:locale\" content=\"ca_ES\" \/>\n<meta property=\"og:type\" content=\"article\" \/>\n<meta property=\"og:title\" content=\"Reforma integral JS Mandri - Global Projects\" \/>\n<meta property=\"og:description\" content=\"El proyecto &nbsp; La ejecuci\u00f3n He puesto en la cabecera de la cama esa foto que nos hicimos todos juntos el primer d\u00eda \u00a0al entrar en el piso, esa foto que encarna el esp\u00edritu de lo que esta vivienda puede mantener y revivir: Los muebles todos en una perfecta sinton\u00eda, la chimenea que nos da [&hellip;]\" \/>\n<meta property=\"og:url\" content=\"https:\/\/www.global-projects.es\/ca\/project\/reforma-integral-mandri\/\" \/>\n<meta property=\"og:site_name\" content=\"Global Projects\" \/>\n<meta property=\"article:publisher\" content=\"https:\/\/www.facebook.com\/gblprojects\" \/>\n<meta property=\"article:modified_time\" content=\"2020-05-06T11:55:50+00:00\" \/>\n<meta property=\"og:image\" content=\"https:\/\/www.global-projects.es\/wp-content\/uploads\/2020\/03\/Reforma-integral-JS-Mandri-2.jpg\" \/>\n\t<meta property=\"og:image:width\" content=\"1200\" \/>\n\t<meta property=\"og:image:height\" content=\"800\" \/>\n\t<meta property=\"og:image:type\" content=\"image\/jpeg\" \/>\n<meta name=\"twitter:card\" content=\"summary_large_image\" \/>\n<meta name=\"twitter:site\" content=\"@global_projects\" \/>\n<meta name=\"twitter:label1\" content=\"Temps estimat de lectura\" \/>\n\t<meta name=\"twitter:data1\" content=\"2 minuts\" \/>\n<script type=\"application\/ld+json\" class=\"yoast-schema-graph\">{\"@context\":\"https:\\\/\\\/schema.org\",\"@graph\":[{\"@type\":\"WebPage\",\"@id\":\"https:\\\/\\\/www.global-projects.es\\\/ca\\\/project\\\/reforma-integral-mandri\\\/\",\"url\":\"https:\\\/\\\/www.global-projects.es\\\/ca\\\/project\\\/reforma-integral-mandri\\\/\",\"name\":\"Reforma integral JS Mandri - Global Projects\",\"isPartOf\":{\"@id\":\"https:\\\/\\\/www.global-projects.es\\\/es\\\/#website\"},\"primaryImageOfPage\":{\"@id\":\"https:\\\/\\\/www.global-projects.es\\\/ca\\\/project\\\/reforma-integral-mandri\\\/#primaryimage\"},\"image\":{\"@id\":\"https:\\\/\\\/www.global-projects.es\\\/ca\\\/project\\\/reforma-integral-mandri\\\/#primaryimage\"},\"thumbnailUrl\":\"https:\\\/\\\/www.global-projects.es\\\/wp-content\\\/uploads\\\/2020\\\/03\\\/Reforma-integral-JS-Mandri-2.jpg\",\"datePublished\":\"2019-07-31T22:29:33+00:00\",\"dateModified\":\"2020-05-06T11:55:50+00:00\",\"breadcrumb\":{\"@id\":\"https:\\\/\\\/www.global-projects.es\\\/ca\\\/project\\\/reforma-integral-mandri\\\/#breadcrumb\"},\"inLanguage\":\"ca\",\"potentialAction\":[{\"@type\":\"ReadAction\",\"target\":[\"https:\\\/\\\/www.global-projects.es\\\/ca\\\/project\\\/reforma-integral-mandri\\\/\"]}]},{\"@type\":\"ImageObject\",\"inLanguage\":\"ca\",\"@id\":\"https:\\\/\\\/www.global-projects.es\\\/ca\\\/project\\\/reforma-integral-mandri\\\/#primaryimage\",\"url\":\"https:\\\/\\\/www.global-projects.es\\\/wp-content\\\/uploads\\\/2020\\\/03\\\/Reforma-integral-JS-Mandri-2.jpg\",\"contentUrl\":\"https:\\\/\\\/www.global-projects.es\\\/wp-content\\\/uploads\\\/2020\\\/03\\\/Reforma-integral-JS-Mandri-2.jpg\",\"width\":1200,\"height\":800},{\"@type\":\"BreadcrumbList\",\"@id\":\"https:\\\/\\\/www.global-projects.es\\\/ca\\\/project\\\/reforma-integral-mandri\\\/#breadcrumb\",\"itemListElement\":[{\"@type\":\"ListItem\",\"position\":1,\"name\":\"Portada\",\"item\":\"https:\\\/\\\/www.global-projects.es\\\/es\\\/\"},{\"@type\":\"ListItem\",\"position\":2,\"name\":\"Proyectos\",\"item\":\"https:\\\/\\\/www.global-projects.es\\\/es\\\/project\\\/\"},{\"@type\":\"ListItem\",\"position\":3,\"name\":\"Reforma integral JS Mandri\"}]},{\"@type\":\"WebSite\",\"@id\":\"https:\\\/\\\/www.global-projects.es\\\/es\\\/#website\",\"url\":\"https:\\\/\\\/www.global-projects.es\\\/es\\\/\",\"name\":\"Global Projects\",\"description\":\"Reformas Integrales Barcelona\",\"potentialAction\":[{\"@type\":\"SearchAction\",\"target\":{\"@type\":\"EntryPoint\",\"urlTemplate\":\"https:\\\/\\\/www.global-projects.es\\\/es\\\/?s={search_term_string}\"},\"query-input\":{\"@type\":\"PropertyValueSpecification\",\"valueRequired\":true,\"valueName\":\"search_term_string\"}}],\"inLanguage\":\"ca\"}]}<\/script>\n<!-- \/ Yoast SEO plugin. -->","yoast_head_json":{"title":"Reforma integral JS Mandri - Global Projects","robots":{"index":"index","follow":"follow","max-snippet":"max-snippet:-1","max-image-preview":"max-image-preview:large","max-video-preview":"max-video-preview:-1"},"canonical":"https:\/\/www.global-projects.es\/ca\/project\/reforma-integral-mandri\/","og_locale":"ca_ES","og_type":"article","og_title":"Reforma integral JS Mandri - Global Projects","og_description":"El proyecto &nbsp; La ejecuci\u00f3n He puesto en la cabecera de la cama esa foto que nos hicimos todos juntos el primer d\u00eda \u00a0al entrar en el piso, esa foto que encarna el esp\u00edritu de lo que esta vivienda puede mantener y revivir: Los muebles todos en una perfecta sinton\u00eda, la chimenea que nos da [&hellip;]","og_url":"https:\/\/www.global-projects.es\/ca\/project\/reforma-integral-mandri\/","og_site_name":"Global Projects","article_publisher":"https:\/\/www.facebook.com\/gblprojects","article_modified_time":"2020-05-06T11:55:50+00:00","og_image":[{"width":1200,"height":800,"url":"https:\/\/www.global-projects.es\/wp-content\/uploads\/2020\/03\/Reforma-integral-JS-Mandri-2.jpg","type":"image\/jpeg"}],"twitter_card":"summary_large_image","twitter_site":"@global_projects","twitter_misc":{"Temps estimat de lectura":"2 minuts"},"schema":{"@context":"https:\/\/schema.org","@graph":[{"@type":"WebPage","@id":"https:\/\/www.global-projects.es\/ca\/project\/reforma-integral-mandri\/","url":"https:\/\/www.global-projects.es\/ca\/project\/reforma-integral-mandri\/","name":"Reforma integral JS Mandri - Global Projects","isPartOf":{"@id":"https:\/\/www.global-projects.es\/es\/#website"},"primaryImageOfPage":{"@id":"https:\/\/www.global-projects.es\/ca\/project\/reforma-integral-mandri\/#primaryimage"},"image":{"@id":"https:\/\/www.global-projects.es\/ca\/project\/reforma-integral-mandri\/#primaryimage"},"thumbnailUrl":"https:\/\/www.global-projects.es\/wp-content\/uploads\/2020\/03\/Reforma-integral-JS-Mandri-2.jpg","datePublished":"2019-07-31T22:29:33+00:00","dateModified":"2020-05-06T11:55:50+00:00","breadcrumb":{"@id":"https:\/\/www.global-projects.es\/ca\/project\/reforma-integral-mandri\/#breadcrumb"},"inLanguage":"ca","potentialAction":[{"@type":"ReadAction","target":["https:\/\/www.global-projects.es\/ca\/project\/reforma-integral-mandri\/"]}]},{"@type":"ImageObject","inLanguage":"ca","@id":"https:\/\/www.global-projects.es\/ca\/project\/reforma-integral-mandri\/#primaryimage","url":"https:\/\/www.global-projects.es\/wp-content\/uploads\/2020\/03\/Reforma-integral-JS-Mandri-2.jpg","contentUrl":"https:\/\/www.global-projects.es\/wp-content\/uploads\/2020\/03\/Reforma-integral-JS-Mandri-2.jpg","width":1200,"height":800},{"@type":"BreadcrumbList","@id":"https:\/\/www.global-projects.es\/ca\/project\/reforma-integral-mandri\/#breadcrumb","itemListElement":[{"@type":"ListItem","position":1,"name":"Portada","item":"https:\/\/www.global-projects.es\/es\/"},{"@type":"ListItem","position":2,"name":"Proyectos","item":"https:\/\/www.global-projects.es\/es\/project\/"},{"@type":"ListItem","position":3,"name":"Reforma integral JS Mandri"}]},{"@type":"WebSite","@id":"https:\/\/www.global-projects.es\/es\/#website","url":"https:\/\/www.global-projects.es\/es\/","name":"Global Projects","description":"Reformas Integrales Barcelona","potentialAction":[{"@type":"SearchAction","target":{"@type":"EntryPoint","urlTemplate":"https:\/\/www.global-projects.es\/es\/?s={search_term_string}"},"query-input":{"@type":"PropertyValueSpecification","valueRequired":true,"valueName":"search_term_string"}}],"inLanguage":"ca"}]}},"_links":{"self":[{"href":"https:\/\/www.global-projects.es\/ca\/wp-json\/wp\/v2\/project\/7401","targetHints":{"allow":["GET"]}}],"collection":[{"href":"https:\/\/www.global-projects.es\/ca\/wp-json\/wp\/v2\/project"}],"about":[{"href":"https:\/\/www.global-projects.es\/ca\/wp-json\/wp\/v2\/types\/project"}],"author":[{"embeddable":true,"href":"https:\/\/www.global-projects.es\/ca\/wp-json\/wp\/v2\/users\/2"}],"replies":[{"embeddable":true,"href":"https:\/\/www.global-projects.es\/ca\/wp-json\/wp\/v2\/comments?post=7401"}],"version-history":[{"count":0,"href":"https:\/\/www.global-projects.es\/ca\/wp-json\/wp\/v2\/project\/7401\/revisions"}],"wp:featuredmedia":[{"embeddable":true,"href":"https:\/\/www.global-projects.es\/ca\/wp-json\/wp\/v2\/media\/8276"}],"wp:attachment":[{"href":"https:\/\/www.global-projects.es\/ca\/wp-json\/wp\/v2\/media?parent=7401"}],"wp:term":[{"taxonomy":"project_category","embeddable":true,"href":"https:\/\/www.global-projects.es\/ca\/wp-json\/wp\/v2\/project_category?post=7401"},{"taxonomy":"project_tag","embeddable":true,"href":"https:\/\/www.global-projects.es\/ca\/wp-json\/wp\/v2\/project_tag?post=7401"}],"curies":[{"name":"wp","href":"https:\/\/api.w.org\/{rel}","templated":true}]}}