{"id":6932,"date":"2019-08-08T13:28:00","date_gmt":"2019-08-08T11:28:00","guid":{"rendered":"http:\/\/www.global-projects.es\/?post_type=project&#038;p=6932"},"modified":"2020-04-30T12:08:41","modified_gmt":"2020-04-30T10:08:41","slug":"reforma-integral-dm-sant-gervasi","status":"publish","type":"project","link":"https:\/\/www.global-projects.es\/ca\/project\/reforma-integral-dm-sant-gervasi\/","title":{"rendered":"Reforma integral DM Sant Gervasi"},"content":{"rendered":"<p>[et_pb_section fb_built=&#8221;1&#8243; _builder_version=&#8221;3.22.5&#8243; custom_padding=&#8221;60px||&#8221;][et_pb_row _builder_version=&#8221;3.25&#8243;][et_pb_column type=&#8221;4_4&#8243; _builder_version=&#8221;3.25&#8243; custom_padding=&#8221;|||&#8221; custom_padding__hover=&#8221;|||&#8221;][et_pb_post_title meta=&#8221;off&#8221; featured_image=&#8221;off&#8221; _builder_version=&#8221;3.22.5&#8243;][\/et_pb_post_title][et_pb_gallery gallery_ids=&#8221;106,6935,6936,6937,6938,6939,6940,6941,6942,6943,6944,6945,6946,6947,6948,6949,6950,6951,6952,6953,6956,6957,6958,6959,6960,6961,6962,6963,6964,6965,6966,6967,6968,6969,6970,6971,6972,6973,6974,6975,6976,6977,6978,6979,6980,6981,6982,6983,6984,6985,6986,6987,6988,6989&#8243; posts_number=&#8221;21&#8243; show_title_and_caption=&#8221;off&#8221; show_pagination=&#8221;off&#8221; module_class=&#8221;three-column-grid&#8221; _builder_version=&#8221;4.3.2&#8243;][\/et_pb_gallery][\/et_pb_column][\/et_pb_row][et_pb_row column_structure=&#8221;2_3,1_3&#8243; _builder_version=&#8221;3.25&#8243;][et_pb_column type=&#8221;2_3&#8243; _builder_version=&#8221;3.25&#8243; custom_padding=&#8221;|||&#8221; custom_padding__hover=&#8221;|||&#8221;][et_pb_text _builder_version=&#8221;3.27.4&#8243;]<\/p>\n<p><u>El proyecto<\/u><\/p>\n<p>Reforma integral de una amplia vivienda situada en el coraz\u00f3n del barrio de Sant Gervasi.<\/p>\n<p><u style=\"font-size: 14px;\">La ejecuci\u00f3n<\/u><\/p>\n<p>La reforma se plante\u00f3 de manera que se pudieran combinar los elementos originales de la vivienda con otros de estilo m\u00e1s industrial. De esta manera, logramos el objetivo de combinar la armon\u00eda entre objetos de l\u00ednea cl\u00e1sica con otros m\u00e1s modernos. \u00a0<\/p>\n<p>El coraz\u00f3n de la vivienda es su cocina, por lo que fue un espacio al que le dimos gran importancia. Se instalaron electrodom\u00e9sticos de \u00faltima generaci\u00f3n, integrando calientaplatos, horno pirol\u00edtico, fuegos de cinco piezas de De Dietrich y campana Frecan de gran capacidad de extracci\u00f3n. Gracias a una gran cristalera met\u00e1lica realizada a medida que delimita el espacio protagonista de la vivienda, creamos un rinc\u00f3n acogedor, conect\u00e1ndolo al mismo tiempo de forma visual con el sal\u00f3n, el comedor y la zona de c\u00f3ctel.<\/p>\n<p>Se instal\u00f3 un pavimento nuevo para delimitar las dos grandes zonas de la casa. Por un lado, el gres tipo hidr\u00e1ulico para las estancias generales, mientras que en las zonas nobles de la vivienda instalamos parquet de madera natural de roble ahumado con corte de sierra. Este tipo de pavimento combina perfectamente con el estilo de techo original de la vivienda, conocido como la \u00abvolta catalana\u00bb.<\/p>\n<p>En el otro extremo, en la zona de patio de manzana, reservamos un espacio para ubicar el dormitorio tipo suite con ba\u00f1o completo. Adem\u00e1s de la zona de ducha y la ba\u00f1era romana, se realiz\u00f3 a medida un gran espacio de armario vestidor y una sala de noche con una chimenea de bioetanol de acero. Vale la pena destacar la luminosa galer\u00eda acristalada que se instal\u00f3 para que el cliente pudiera disfrutar de una de sus grandes pasiones: la pintura.<\/p>\n<p>El resultado es una vivienda que combina en perfecto equilibrio la tradici\u00f3n y la modernidad mientras mantiene el verdadero y aut\u00e9ntico \u00abestilo Barcelona\u00bb.<\/p>\n<p>[\/et_pb_text][\/et_pb_column][et_pb_column type=&#8221;1_3&#8243; _builder_version=&#8221;3.25&#8243; custom_padding=&#8221;|||&#8221; custom_padding__hover=&#8221;|||&#8221;][et_pb_button button_text=&#8221;P\u00eddenos presupuesto&#8221; button_alignment=&#8221;left&#8221; _builder_version=&#8221;4.4.4&#8243; button_on_hover=&#8221;off&#8221; hover_enabled=&#8221;0&#8243; custom_css_main_element=&#8221;width:100%;&#8221;][\/et_pb_button][et_pb_text _builder_version=&#8221;3.27.4&#8243; _dynamic_attributes=&#8221;content&#8221; text_font=&#8221;Poppins||||||||&#8221; text_text_color=&#8221;#00a4b3&#8243;]@ET-DC@eyJkeW5hbWljIjp0cnVlLCJjb250ZW50IjoicG9zdF90YWdzIiwic2V0dGluZ3MiOnsiYmVmb3JlIjoiIiwiYWZ0ZXIiOiIiLCJsaW5rX3RvX3Rlcm1fcGFnZSI6Im9mZiIsInNlcGFyYXRvciI6IiwgIiwiY2F0ZWdvcnlfdHlwZSI6InByb2plY3RfdGFnIn19@[\/et_pb_text][et_pb_text _builder_version=&#8221;3.27.4&#8243; text_font=&#8221;||||||||&#8221; text_text_color=&#8221;#02314b&#8221;]<\/p>\n<p><strong>Tipolog\u00eda:\u00a0<\/strong>Reforma\u00a0integral de una vivienda particular.<br \/><strong>Interiorismo:\u00a0<\/strong>Global Projects.<br \/><strong>Construcci\u00f3n:\u00a0<\/strong>Global Projects.<br \/><strong>Superf\u00edcie:\u00a0<\/strong>120 m2<\/p>\n<p>[\/et_pb_text][\/et_pb_column][\/et_pb_row][et_pb_row use_custom_gutter=&#8221;on&#8221; gutter_width=&#8221;2&#8243; _builder_version=&#8221;4.2.2&#8243; custom_padding=&#8221;||0px||false|false&#8221; locked=&#8221;off&#8221;][et_pb_column type=&#8221;4_4&#8243; _builder_version=&#8221;4.2.2&#8243;][et_pb_text _builder_version=&#8221;4.2.2&#8243;]<\/p>\n<h2>Proyectos Relacionados<\/h2>\n<p>[\/et_pb_text][et_pb_portfolio fullwidth=&#8221;off&#8221; posts_number=&#8221;3&#8243; include_categories=&#8221;current&#8221; show_title=&#8221;off&#8221; show_categories=&#8221;off&#8221; show_pagination=&#8221;off&#8221; module_class=&#8221;three-column-grid portfolio&#8221; _builder_version=&#8221;4.2.2&#8243;][\/et_pb_portfolio][\/et_pb_column][\/et_pb_row][\/et_pb_section]<\/p>\n","protected":false},"excerpt":{"rendered":"<p>Ficha del proyecto de reforma integral en Sant Gervasi. Vivienda reformada por completo con el objetivo de combinar elementos antiguos y modernos.<\/p>\n","protected":false},"author":2,"featured_media":6961,"comment_status":"open","ping_status":"closed","template":"","meta":{"_et_pb_use_builder":"on","_et_pb_old_content":"","_et_gb_content_width":"","footnotes":""},"project_category":[4],"project_tag":[],"class_list":["post-6932","project","type-project","status-publish","has-post-thumbnail","hentry","project_category-reformas-integrales"],"yoast_head":"<!-- This site is optimized with the Yoast SEO plugin v27.5 - https:\/\/yoast.com\/product\/yoast-seo-wordpress\/ -->\n<title>Reforma integral DM Sant Gervasi - Global Projects<\/title>\n<meta name=\"description\" content=\"Ficha del proyecto de reforma integral en Sant Gervasi. Vivienda reformada por completo con el objetivo de combinar elementos antiguos y modernos.\" \/>\n<meta name=\"robots\" content=\"index, follow, max-snippet:-1, max-image-preview:large, max-video-preview:-1\" \/>\n<link rel=\"canonical\" href=\"https:\/\/www.global-projects.es\/es\/project\/reforma-integral-dm-sant-gervasi\/\" \/>\n<meta property=\"og:locale\" content=\"ca_ES\" \/>\n<meta property=\"og:type\" content=\"article\" \/>\n<meta property=\"og:title\" content=\"Reforma integral DM Sant Gervasi - Global Projects\" \/>\n<meta property=\"og:description\" content=\"Ficha del proyecto de reforma integral en Sant Gervasi. Vivienda reformada por completo con el objetivo de combinar elementos antiguos y modernos.\" \/>\n<meta property=\"og:url\" content=\"https:\/\/www.global-projects.es\/es\/project\/reforma-integral-dm-sant-gervasi\/\" \/>\n<meta property=\"og:site_name\" content=\"Global Projects\" \/>\n<meta property=\"article:publisher\" content=\"https:\/\/www.facebook.com\/gblprojects\" \/>\n<meta property=\"article:modified_time\" content=\"2020-04-30T10:08:41+00:00\" \/>\n<meta property=\"og:image\" content=\"https:\/\/www.global-projects.es\/wp-content\/uploads\/2020\/02\/Reforma-integral-DM-sant-gervasi-27.jpg\" \/>\n\t<meta property=\"og:image:width\" content=\"1200\" \/>\n\t<meta property=\"og:image:height\" content=\"800\" \/>\n\t<meta property=\"og:image:type\" content=\"image\/jpeg\" \/>\n<meta name=\"twitter:card\" content=\"summary_large_image\" \/>\n<meta name=\"twitter:site\" content=\"@global_projects\" \/>\n<meta name=\"twitter:label1\" content=\"Temps estimat de lectura\" \/>\n\t<meta name=\"twitter:data1\" content=\"3 minuts\" \/>\n<script type=\"application\/ld+json\" class=\"yoast-schema-graph\">{\"@context\":\"https:\\\/\\\/schema.org\",\"@graph\":[{\"@type\":\"WebPage\",\"@id\":\"https:\\\/\\\/www.global-projects.es\\\/es\\\/project\\\/reforma-integral-dm-sant-gervasi\\\/\",\"url\":\"https:\\\/\\\/www.global-projects.es\\\/es\\\/project\\\/reforma-integral-dm-sant-gervasi\\\/\",\"name\":\"Reforma integral DM Sant Gervasi - Global Projects\",\"isPartOf\":{\"@id\":\"https:\\\/\\\/www.global-projects.es\\\/es\\\/#website\"},\"primaryImageOfPage\":{\"@id\":\"https:\\\/\\\/www.global-projects.es\\\/es\\\/project\\\/reforma-integral-dm-sant-gervasi\\\/#primaryimage\"},\"image\":{\"@id\":\"https:\\\/\\\/www.global-projects.es\\\/es\\\/project\\\/reforma-integral-dm-sant-gervasi\\\/#primaryimage\"},\"thumbnailUrl\":\"https:\\\/\\\/www.global-projects.es\\\/wp-content\\\/uploads\\\/2020\\\/02\\\/Reforma-integral-DM-sant-gervasi-27.jpg\",\"datePublished\":\"2019-08-08T11:28:00+00:00\",\"dateModified\":\"2020-04-30T10:08:41+00:00\",\"description\":\"Ficha del proyecto de reforma integral en Sant Gervasi. Vivienda reformada por completo con el objetivo de combinar elementos antiguos y modernos.\",\"breadcrumb\":{\"@id\":\"https:\\\/\\\/www.global-projects.es\\\/es\\\/project\\\/reforma-integral-dm-sant-gervasi\\\/#breadcrumb\"},\"inLanguage\":\"ca\",\"potentialAction\":[{\"@type\":\"ReadAction\",\"target\":[\"https:\\\/\\\/www.global-projects.es\\\/es\\\/project\\\/reforma-integral-dm-sant-gervasi\\\/\"]}]},{\"@type\":\"ImageObject\",\"inLanguage\":\"ca\",\"@id\":\"https:\\\/\\\/www.global-projects.es\\\/es\\\/project\\\/reforma-integral-dm-sant-gervasi\\\/#primaryimage\",\"url\":\"https:\\\/\\\/www.global-projects.es\\\/wp-content\\\/uploads\\\/2020\\\/02\\\/Reforma-integral-DM-sant-gervasi-27.jpg\",\"contentUrl\":\"https:\\\/\\\/www.global-projects.es\\\/wp-content\\\/uploads\\\/2020\\\/02\\\/Reforma-integral-DM-sant-gervasi-27.jpg\",\"width\":1200,\"height\":800},{\"@type\":\"BreadcrumbList\",\"@id\":\"https:\\\/\\\/www.global-projects.es\\\/es\\\/project\\\/reforma-integral-dm-sant-gervasi\\\/#breadcrumb\",\"itemListElement\":[{\"@type\":\"ListItem\",\"position\":1,\"name\":\"Portada\",\"item\":\"https:\\\/\\\/www.global-projects.es\\\/es\\\/\"},{\"@type\":\"ListItem\",\"position\":2,\"name\":\"Proyectos\",\"item\":\"https:\\\/\\\/www.global-projects.es\\\/es\\\/project\\\/\"},{\"@type\":\"ListItem\",\"position\":3,\"name\":\"Reforma integral DM Sant Gervasi\"}]},{\"@type\":\"WebSite\",\"@id\":\"https:\\\/\\\/www.global-projects.es\\\/es\\\/#website\",\"url\":\"https:\\\/\\\/www.global-projects.es\\\/es\\\/\",\"name\":\"Global Projects\",\"description\":\"Reformas Integrales Barcelona\",\"potentialAction\":[{\"@type\":\"SearchAction\",\"target\":{\"@type\":\"EntryPoint\",\"urlTemplate\":\"https:\\\/\\\/www.global-projects.es\\\/es\\\/?s={search_term_string}\"},\"query-input\":{\"@type\":\"PropertyValueSpecification\",\"valueRequired\":true,\"valueName\":\"search_term_string\"}}],\"inLanguage\":\"ca\"}]}<\/script>\n<!-- \/ Yoast SEO plugin. -->","yoast_head_json":{"title":"Reforma integral DM Sant Gervasi - Global Projects","description":"Ficha del proyecto de reforma integral en Sant Gervasi. Vivienda reformada por completo con el objetivo de combinar elementos antiguos y modernos.","robots":{"index":"index","follow":"follow","max-snippet":"max-snippet:-1","max-image-preview":"max-image-preview:large","max-video-preview":"max-video-preview:-1"},"canonical":"https:\/\/www.global-projects.es\/es\/project\/reforma-integral-dm-sant-gervasi\/","og_locale":"ca_ES","og_type":"article","og_title":"Reforma integral DM Sant Gervasi - Global Projects","og_description":"Ficha del proyecto de reforma integral en Sant Gervasi. Vivienda reformada por completo con el objetivo de combinar elementos antiguos y modernos.","og_url":"https:\/\/www.global-projects.es\/es\/project\/reforma-integral-dm-sant-gervasi\/","og_site_name":"Global Projects","article_publisher":"https:\/\/www.facebook.com\/gblprojects","article_modified_time":"2020-04-30T10:08:41+00:00","og_image":[{"width":1200,"height":800,"url":"https:\/\/www.global-projects.es\/wp-content\/uploads\/2020\/02\/Reforma-integral-DM-sant-gervasi-27.jpg","type":"image\/jpeg"}],"twitter_card":"summary_large_image","twitter_site":"@global_projects","twitter_misc":{"Temps estimat de lectura":"3 minuts"},"schema":{"@context":"https:\/\/schema.org","@graph":[{"@type":"WebPage","@id":"https:\/\/www.global-projects.es\/es\/project\/reforma-integral-dm-sant-gervasi\/","url":"https:\/\/www.global-projects.es\/es\/project\/reforma-integral-dm-sant-gervasi\/","name":"Reforma integral DM Sant Gervasi - Global Projects","isPartOf":{"@id":"https:\/\/www.global-projects.es\/es\/#website"},"primaryImageOfPage":{"@id":"https:\/\/www.global-projects.es\/es\/project\/reforma-integral-dm-sant-gervasi\/#primaryimage"},"image":{"@id":"https:\/\/www.global-projects.es\/es\/project\/reforma-integral-dm-sant-gervasi\/#primaryimage"},"thumbnailUrl":"https:\/\/www.global-projects.es\/wp-content\/uploads\/2020\/02\/Reforma-integral-DM-sant-gervasi-27.jpg","datePublished":"2019-08-08T11:28:00+00:00","dateModified":"2020-04-30T10:08:41+00:00","description":"Ficha del proyecto de reforma integral en Sant Gervasi. Vivienda reformada por completo con el objetivo de combinar elementos antiguos y modernos.","breadcrumb":{"@id":"https:\/\/www.global-projects.es\/es\/project\/reforma-integral-dm-sant-gervasi\/#breadcrumb"},"inLanguage":"ca","potentialAction":[{"@type":"ReadAction","target":["https:\/\/www.global-projects.es\/es\/project\/reforma-integral-dm-sant-gervasi\/"]}]},{"@type":"ImageObject","inLanguage":"ca","@id":"https:\/\/www.global-projects.es\/es\/project\/reforma-integral-dm-sant-gervasi\/#primaryimage","url":"https:\/\/www.global-projects.es\/wp-content\/uploads\/2020\/02\/Reforma-integral-DM-sant-gervasi-27.jpg","contentUrl":"https:\/\/www.global-projects.es\/wp-content\/uploads\/2020\/02\/Reforma-integral-DM-sant-gervasi-27.jpg","width":1200,"height":800},{"@type":"BreadcrumbList","@id":"https:\/\/www.global-projects.es\/es\/project\/reforma-integral-dm-sant-gervasi\/#breadcrumb","itemListElement":[{"@type":"ListItem","position":1,"name":"Portada","item":"https:\/\/www.global-projects.es\/es\/"},{"@type":"ListItem","position":2,"name":"Proyectos","item":"https:\/\/www.global-projects.es\/es\/project\/"},{"@type":"ListItem","position":3,"name":"Reforma integral DM Sant Gervasi"}]},{"@type":"WebSite","@id":"https:\/\/www.global-projects.es\/es\/#website","url":"https:\/\/www.global-projects.es\/es\/","name":"Global Projects","description":"Reformas Integrales Barcelona","potentialAction":[{"@type":"SearchAction","target":{"@type":"EntryPoint","urlTemplate":"https:\/\/www.global-projects.es\/es\/?s={search_term_string}"},"query-input":{"@type":"PropertyValueSpecification","valueRequired":true,"valueName":"search_term_string"}}],"inLanguage":"ca"}]}},"_links":{"self":[{"href":"https:\/\/www.global-projects.es\/ca\/wp-json\/wp\/v2\/project\/6932","targetHints":{"allow":["GET"]}}],"collection":[{"href":"https:\/\/www.global-projects.es\/ca\/wp-json\/wp\/v2\/project"}],"about":[{"href":"https:\/\/www.global-projects.es\/ca\/wp-json\/wp\/v2\/types\/project"}],"author":[{"embeddable":true,"href":"https:\/\/www.global-projects.es\/ca\/wp-json\/wp\/v2\/users\/2"}],"replies":[{"embeddable":true,"href":"https:\/\/www.global-projects.es\/ca\/wp-json\/wp\/v2\/comments?post=6932"}],"version-history":[{"count":0,"href":"https:\/\/www.global-projects.es\/ca\/wp-json\/wp\/v2\/project\/6932\/revisions"}],"wp:featuredmedia":[{"embeddable":true,"href":"https:\/\/www.global-projects.es\/ca\/wp-json\/wp\/v2\/media\/6961"}],"wp:attachment":[{"href":"https:\/\/www.global-projects.es\/ca\/wp-json\/wp\/v2\/media?parent=6932"}],"wp:term":[{"taxonomy":"project_category","embeddable":true,"href":"https:\/\/www.global-projects.es\/ca\/wp-json\/wp\/v2\/project_category?post=6932"},{"taxonomy":"project_tag","embeddable":true,"href":"https:\/\/www.global-projects.es\/ca\/wp-json\/wp\/v2\/project_tag?post=6932"}],"curies":[{"name":"wp","href":"https:\/\/api.w.org\/{rel}","templated":true}]}}