{"id":6255,"date":"2019-12-10T16:29:17","date_gmt":"2019-12-10T15:29:17","guid":{"rendered":"http:\/\/www.global-projects.es\/?post_type=project&#038;p=6255"},"modified":"2020-04-30T11:59:48","modified_gmt":"2020-04-30T09:59:48","slug":"reforma-mg-matadepera","status":"publish","type":"project","link":"https:\/\/www.global-projects.es\/ca\/project\/reforma-mg-matadepera\/","title":{"rendered":"Reforma MG Matadepera"},"content":{"rendered":"<p>[et_pb_section fb_built=&#8221;1&#8243; _builder_version=&#8221;3.22.5&#8243; custom_padding=&#8221;60px||&#8221;][et_pb_row _builder_version=&#8221;3.25&#8243;][et_pb_column type=&#8221;4_4&#8243; _builder_version=&#8221;3.25&#8243; custom_padding=&#8221;|||&#8221; custom_padding__hover=&#8221;|||&#8221;][et_pb_post_title meta=&#8221;off&#8221; featured_image=&#8221;off&#8221; _builder_version=&#8221;3.22.5&#8243;][\/et_pb_post_title][et_pb_gallery gallery_ids=&#8221;106,6258,6259,6260,6261,6262,6263,6264,6265,6266,6267,6268,6269,6270,6271,6272,6273,6274&#8243; posts_number=&#8221;21&#8243; show_title_and_caption=&#8221;off&#8221; show_pagination=&#8221;off&#8221; module_class=&#8221;three-column-grid&#8221; _builder_version=&#8221;4.0.7&#8243;][\/et_pb_gallery][\/et_pb_column][\/et_pb_row][et_pb_row column_structure=&#8221;2_3,1_3&#8243; _builder_version=&#8221;3.25&#8243;][et_pb_column type=&#8221;2_3&#8243; _builder_version=&#8221;3.25&#8243; custom_padding=&#8221;|||&#8221; custom_padding__hover=&#8221;|||&#8221;][et_pb_text _builder_version=&#8221;3.27.4&#8243;]<\/p>\n<p><u>El proyecto<\/u><\/p>\n<p>El proyecto de reforma de esta vivienda consisti\u00f3 en la remodelaci\u00f3n de los espacios de la zona de d\u00eda y noche. Los trabajo iban orientado a actualizarlos y adaptarlos a las comodidades y est\u00e9ticas actuales.<\/p>\n<p><u style=\"font-size: 14px;\">La ejecuci\u00f3n<\/u><\/p>\n<p>La casa, dividida en tres plantas, estaba dotada de una zona de d\u00eda abierta al sal\u00f3n, comedor y cocina. Estos espacios conectaban al comedor exterior en la planta baja, una zona de ba\u00f1o completo, estudio\/sala de juegos, 2 habitaciones dormitorio infantil y una zona de lavander\u00eda en la planta primer. En la planta superior encontramos otras habitaci\u00f3n suite con vestidor y ba\u00f1o privado.<\/p>\n<p>El principal cambio fue realizado en la planta baja, donde las conexiones entre salas e interiores con exteriores fue la clave de la distribuci\u00f3n. Se instalaron grandes ventanales con perfiler\u00edas minimalistas, parqu\u00e9 de car\u00e1cter natural y un toque industrial con grises y antracitas. Estos elementos constituyen el tel\u00f3n de fondo y la atm\u00f3sfera de la vivienda en general.<\/p>\n<p>Los trabajos de derribo se iniciaron en el mes de marzo. Los \u00faltimos detalles de pintura fueron terminados en junio. El resultado fue una vivienda de alta calidad con acabados excelentes. Este <em>timming<\/em> consigui\u00f3 que los clientes pudieran entrar a disfrutar de la vivienda y la piscina durante los meses de verano.<\/p>\n<p>Una buena planificaci\u00f3n y un buen planteamiento inicial son la mejor base en la que asentar un gran proyecto.<\/p>\n<p>[\/et_pb_text][\/et_pb_column][et_pb_column type=&#8221;1_3&#8243; _builder_version=&#8221;3.25&#8243; custom_padding=&#8221;|||&#8221; custom_padding__hover=&#8221;|||&#8221;][et_pb_button button_url=&#8221;\/contacto&#8221; button_text=&#8221;P\u00eddenos presupuesto&#8221; button_alignment=&#8221;left&#8221; _builder_version=&#8221;4.4.4&#8243; button_on_hover=&#8221;off&#8221; hover_enabled=&#8221;0&#8243; custom_css_main_element=&#8221;width:100%;&#8221;][\/et_pb_button][et_pb_text _builder_version=&#8221;3.27.4&#8243; _dynamic_attributes=&#8221;content&#8221; text_font=&#8221;Poppins||||||||&#8221; text_text_color=&#8221;#00a4b3&#8243;]@ET-DC@eyJkeW5hbWljIjp0cnVlLCJjb250ZW50IjoicG9zdF90YWdzIiwic2V0dGluZ3MiOnsiYmVmb3JlIjoiIiwiYWZ0ZXIiOiIiLCJsaW5rX3RvX3Rlcm1fcGFnZSI6Im9mZiIsInNlcGFyYXRvciI6IiwgIiwiY2F0ZWdvcnlfdHlwZSI6InByb2plY3RfdGFnIn19@[\/et_pb_text][et_pb_text _builder_version=&#8221;3.27.4&#8243; text_font=&#8221;||||||||&#8221; text_text_color=&#8221;#02314b&#8221;]<\/p>\n<p><strong>Tipolog\u00eda:\u00a0<\/strong>Reforma\u00a0integral de una vivienda particular.<br \/><strong>Interiorismo:\u00a0<\/strong>Global Projects.<br \/><strong>Construcci\u00f3n:\u00a0<\/strong>Global Projects.<br \/><strong>Superf\u00edcie:\u00a0<\/strong>160 m2<\/p>\n<p>[\/et_pb_text][\/et_pb_column][\/et_pb_row][et_pb_row use_custom_gutter=&#8221;on&#8221; gutter_width=&#8221;2&#8243; _builder_version=&#8221;4.2.2&#8243; custom_padding=&#8221;||0px||false|false&#8221; locked=&#8221;off&#8221;][et_pb_column type=&#8221;4_4&#8243; _builder_version=&#8221;4.2.2&#8243;][et_pb_text _builder_version=&#8221;4.2.2&#8243;]<\/p>\n<h2>Proyectos Relacionados<\/h2>\n<p>[\/et_pb_text][et_pb_portfolio fullwidth=&#8221;off&#8221; posts_number=&#8221;3&#8243; include_categories=&#8221;current&#8221; show_title=&#8221;off&#8221; show_categories=&#8221;off&#8221; show_pagination=&#8221;off&#8221; module_class=&#8221;three-column-grid portfolio&#8221; _builder_version=&#8221;4.2.2&#8243;][\/et_pb_portfolio][\/et_pb_column][\/et_pb_row][\/et_pb_section]<\/p>\n","protected":false},"excerpt":{"rendered":"<p>El proyecto El proyecto de reforma de esta vivienda consisti\u00f3 en la remodelaci\u00f3n de los espacios de la zona de d\u00eda y noche. Los trabajo iban orientado a actualizarlos y adaptarlos a las comodidades y est\u00e9ticas actuales. La ejecuci\u00f3n La casa, dividida en tres plantas, estaba dotada de una zona de d\u00eda abierta al sal\u00f3n, [&hellip;]<\/p>\n","protected":false},"author":2,"featured_media":6259,"comment_status":"open","ping_status":"closed","template":"","meta":{"_et_pb_use_builder":"on","_et_pb_old_content":"","_et_gb_content_width":"","footnotes":""},"project_category":[4],"project_tag":[],"class_list":["post-6255","project","type-project","status-publish","has-post-thumbnail","hentry","project_category-reformas-integrales"],"yoast_head":"<!-- This site is optimized with the Yoast SEO plugin v27.5 - https:\/\/yoast.com\/product\/yoast-seo-wordpress\/ -->\n<title>Reforma MG Matadepera - Global Projects<\/title>\n<meta name=\"description\" content=\"Ficha de proyecto de reforma en Matadepera. Remodelaci\u00f3n y adaptaci\u00f3n de los espacios de las zonas de d\u00eda y de noche de esta vivienda particular.\" \/>\n<meta name=\"robots\" content=\"index, follow, max-snippet:-1, max-image-preview:large, max-video-preview:-1\" \/>\n<link rel=\"canonical\" href=\"https:\/\/www.global-projects.es\/en\/project\/reforma-mg-matadepera\/\" \/>\n<meta property=\"og:locale\" content=\"ca_ES\" \/>\n<meta property=\"og:type\" content=\"article\" \/>\n<meta property=\"og:title\" content=\"Reforma MG Matadepera - Global Projects\" \/>\n<meta property=\"og:description\" content=\"Ficha de proyecto de reforma en Matadepera. Remodelaci\u00f3n y adaptaci\u00f3n de los espacios de las zonas de d\u00eda y de noche de esta vivienda particular.\" \/>\n<meta property=\"og:url\" content=\"https:\/\/www.global-projects.es\/en\/project\/reforma-mg-matadepera\/\" \/>\n<meta property=\"og:site_name\" content=\"Global Projects\" \/>\n<meta property=\"article:publisher\" content=\"https:\/\/www.facebook.com\/gblprojects\" \/>\n<meta property=\"article:modified_time\" content=\"2020-04-30T09:59:48+00:00\" \/>\n<meta property=\"og:image\" content=\"https:\/\/www.global-projects.es\/wp-content\/uploads\/2019\/12\/Reforma-vivienda-MG-Matadepera-2.jpg\" \/>\n\t<meta property=\"og:image:width\" content=\"1200\" \/>\n\t<meta property=\"og:image:height\" content=\"800\" \/>\n\t<meta property=\"og:image:type\" content=\"image\/jpeg\" \/>\n<meta name=\"twitter:card\" content=\"summary_large_image\" \/>\n<meta name=\"twitter:site\" content=\"@global_projects\" \/>\n<meta name=\"twitter:label1\" content=\"Temps estimat de lectura\" \/>\n\t<meta name=\"twitter:data1\" content=\"3 minuts\" \/>\n<script type=\"application\/ld+json\" class=\"yoast-schema-graph\">{\"@context\":\"https:\\\/\\\/schema.org\",\"@graph\":[{\"@type\":\"WebPage\",\"@id\":\"https:\\\/\\\/www.global-projects.es\\\/en\\\/project\\\/reforma-mg-matadepera\\\/\",\"url\":\"https:\\\/\\\/www.global-projects.es\\\/en\\\/project\\\/reforma-mg-matadepera\\\/\",\"name\":\"Reforma MG Matadepera - Global Projects\",\"isPartOf\":{\"@id\":\"https:\\\/\\\/www.global-projects.es\\\/es\\\/#website\"},\"primaryImageOfPage\":{\"@id\":\"https:\\\/\\\/www.global-projects.es\\\/en\\\/project\\\/reforma-mg-matadepera\\\/#primaryimage\"},\"image\":{\"@id\":\"https:\\\/\\\/www.global-projects.es\\\/en\\\/project\\\/reforma-mg-matadepera\\\/#primaryimage\"},\"thumbnailUrl\":\"https:\\\/\\\/www.global-projects.es\\\/wp-content\\\/uploads\\\/2019\\\/12\\\/Reforma-vivienda-MG-Matadepera-2.jpg\",\"datePublished\":\"2019-12-10T15:29:17+00:00\",\"dateModified\":\"2020-04-30T09:59:48+00:00\",\"description\":\"Ficha de proyecto de reforma en Matadepera. Remodelaci\u00f3n y adaptaci\u00f3n de los espacios de las zonas de d\u00eda y de noche de esta vivienda particular.\",\"breadcrumb\":{\"@id\":\"https:\\\/\\\/www.global-projects.es\\\/en\\\/project\\\/reforma-mg-matadepera\\\/#breadcrumb\"},\"inLanguage\":\"ca\",\"potentialAction\":[{\"@type\":\"ReadAction\",\"target\":[\"https:\\\/\\\/www.global-projects.es\\\/en\\\/project\\\/reforma-mg-matadepera\\\/\"]}]},{\"@type\":\"ImageObject\",\"inLanguage\":\"ca\",\"@id\":\"https:\\\/\\\/www.global-projects.es\\\/en\\\/project\\\/reforma-mg-matadepera\\\/#primaryimage\",\"url\":\"https:\\\/\\\/www.global-projects.es\\\/wp-content\\\/uploads\\\/2019\\\/12\\\/Reforma-vivienda-MG-Matadepera-2.jpg\",\"contentUrl\":\"https:\\\/\\\/www.global-projects.es\\\/wp-content\\\/uploads\\\/2019\\\/12\\\/Reforma-vivienda-MG-Matadepera-2.jpg\",\"width\":1200,\"height\":800},{\"@type\":\"BreadcrumbList\",\"@id\":\"https:\\\/\\\/www.global-projects.es\\\/en\\\/project\\\/reforma-mg-matadepera\\\/#breadcrumb\",\"itemListElement\":[{\"@type\":\"ListItem\",\"position\":1,\"name\":\"Portada\",\"item\":\"https:\\\/\\\/www.global-projects.es\\\/es\\\/\"},{\"@type\":\"ListItem\",\"position\":2,\"name\":\"Proyectos\",\"item\":\"https:\\\/\\\/www.global-projects.es\\\/es\\\/project\\\/\"},{\"@type\":\"ListItem\",\"position\":3,\"name\":\"Reforma MG Matadepera\"}]},{\"@type\":\"WebSite\",\"@id\":\"https:\\\/\\\/www.global-projects.es\\\/es\\\/#website\",\"url\":\"https:\\\/\\\/www.global-projects.es\\\/es\\\/\",\"name\":\"Global Projects\",\"description\":\"Reformas Integrales Barcelona\",\"potentialAction\":[{\"@type\":\"SearchAction\",\"target\":{\"@type\":\"EntryPoint\",\"urlTemplate\":\"https:\\\/\\\/www.global-projects.es\\\/es\\\/?s={search_term_string}\"},\"query-input\":{\"@type\":\"PropertyValueSpecification\",\"valueRequired\":true,\"valueName\":\"search_term_string\"}}],\"inLanguage\":\"ca\"}]}<\/script>\n<!-- \/ Yoast SEO plugin. -->","yoast_head_json":{"title":"Reforma MG Matadepera - Global Projects","description":"Ficha de proyecto de reforma en Matadepera. Remodelaci\u00f3n y adaptaci\u00f3n de los espacios de las zonas de d\u00eda y de noche de esta vivienda particular.","robots":{"index":"index","follow":"follow","max-snippet":"max-snippet:-1","max-image-preview":"max-image-preview:large","max-video-preview":"max-video-preview:-1"},"canonical":"https:\/\/www.global-projects.es\/en\/project\/reforma-mg-matadepera\/","og_locale":"ca_ES","og_type":"article","og_title":"Reforma MG Matadepera - Global Projects","og_description":"Ficha de proyecto de reforma en Matadepera. Remodelaci\u00f3n y adaptaci\u00f3n de los espacios de las zonas de d\u00eda y de noche de esta vivienda particular.","og_url":"https:\/\/www.global-projects.es\/en\/project\/reforma-mg-matadepera\/","og_site_name":"Global Projects","article_publisher":"https:\/\/www.facebook.com\/gblprojects","article_modified_time":"2020-04-30T09:59:48+00:00","og_image":[{"width":1200,"height":800,"url":"https:\/\/www.global-projects.es\/wp-content\/uploads\/2019\/12\/Reforma-vivienda-MG-Matadepera-2.jpg","type":"image\/jpeg"}],"twitter_card":"summary_large_image","twitter_site":"@global_projects","twitter_misc":{"Temps estimat de lectura":"3 minuts"},"schema":{"@context":"https:\/\/schema.org","@graph":[{"@type":"WebPage","@id":"https:\/\/www.global-projects.es\/en\/project\/reforma-mg-matadepera\/","url":"https:\/\/www.global-projects.es\/en\/project\/reforma-mg-matadepera\/","name":"Reforma MG Matadepera - Global Projects","isPartOf":{"@id":"https:\/\/www.global-projects.es\/es\/#website"},"primaryImageOfPage":{"@id":"https:\/\/www.global-projects.es\/en\/project\/reforma-mg-matadepera\/#primaryimage"},"image":{"@id":"https:\/\/www.global-projects.es\/en\/project\/reforma-mg-matadepera\/#primaryimage"},"thumbnailUrl":"https:\/\/www.global-projects.es\/wp-content\/uploads\/2019\/12\/Reforma-vivienda-MG-Matadepera-2.jpg","datePublished":"2019-12-10T15:29:17+00:00","dateModified":"2020-04-30T09:59:48+00:00","description":"Ficha de proyecto de reforma en Matadepera. Remodelaci\u00f3n y adaptaci\u00f3n de los espacios de las zonas de d\u00eda y de noche de esta vivienda particular.","breadcrumb":{"@id":"https:\/\/www.global-projects.es\/en\/project\/reforma-mg-matadepera\/#breadcrumb"},"inLanguage":"ca","potentialAction":[{"@type":"ReadAction","target":["https:\/\/www.global-projects.es\/en\/project\/reforma-mg-matadepera\/"]}]},{"@type":"ImageObject","inLanguage":"ca","@id":"https:\/\/www.global-projects.es\/en\/project\/reforma-mg-matadepera\/#primaryimage","url":"https:\/\/www.global-projects.es\/wp-content\/uploads\/2019\/12\/Reforma-vivienda-MG-Matadepera-2.jpg","contentUrl":"https:\/\/www.global-projects.es\/wp-content\/uploads\/2019\/12\/Reforma-vivienda-MG-Matadepera-2.jpg","width":1200,"height":800},{"@type":"BreadcrumbList","@id":"https:\/\/www.global-projects.es\/en\/project\/reforma-mg-matadepera\/#breadcrumb","itemListElement":[{"@type":"ListItem","position":1,"name":"Portada","item":"https:\/\/www.global-projects.es\/es\/"},{"@type":"ListItem","position":2,"name":"Proyectos","item":"https:\/\/www.global-projects.es\/es\/project\/"},{"@type":"ListItem","position":3,"name":"Reforma MG Matadepera"}]},{"@type":"WebSite","@id":"https:\/\/www.global-projects.es\/es\/#website","url":"https:\/\/www.global-projects.es\/es\/","name":"Global Projects","description":"Reformas Integrales Barcelona","potentialAction":[{"@type":"SearchAction","target":{"@type":"EntryPoint","urlTemplate":"https:\/\/www.global-projects.es\/es\/?s={search_term_string}"},"query-input":{"@type":"PropertyValueSpecification","valueRequired":true,"valueName":"search_term_string"}}],"inLanguage":"ca"}]}},"_links":{"self":[{"href":"https:\/\/www.global-projects.es\/ca\/wp-json\/wp\/v2\/project\/6255","targetHints":{"allow":["GET"]}}],"collection":[{"href":"https:\/\/www.global-projects.es\/ca\/wp-json\/wp\/v2\/project"}],"about":[{"href":"https:\/\/www.global-projects.es\/ca\/wp-json\/wp\/v2\/types\/project"}],"author":[{"embeddable":true,"href":"https:\/\/www.global-projects.es\/ca\/wp-json\/wp\/v2\/users\/2"}],"replies":[{"embeddable":true,"href":"https:\/\/www.global-projects.es\/ca\/wp-json\/wp\/v2\/comments?post=6255"}],"version-history":[{"count":0,"href":"https:\/\/www.global-projects.es\/ca\/wp-json\/wp\/v2\/project\/6255\/revisions"}],"wp:featuredmedia":[{"embeddable":true,"href":"https:\/\/www.global-projects.es\/ca\/wp-json\/wp\/v2\/media\/6259"}],"wp:attachment":[{"href":"https:\/\/www.global-projects.es\/ca\/wp-json\/wp\/v2\/media?parent=6255"}],"wp:term":[{"taxonomy":"project_category","embeddable":true,"href":"https:\/\/www.global-projects.es\/ca\/wp-json\/wp\/v2\/project_category?post=6255"},{"taxonomy":"project_tag","embeddable":true,"href":"https:\/\/www.global-projects.es\/ca\/wp-json\/wp\/v2\/project_tag?post=6255"}],"curies":[{"name":"wp","href":"https:\/\/api.w.org\/{rel}","templated":true}]}}