{"id":7277,"date":"2019-07-24T14:15:00","date_gmt":"2019-07-24T12:15:00","guid":{"rendered":"http:\/\/www.global-projects.es\/reformas-integrales-en-barcelona\/"},"modified":"2023-02-21T17:46:10","modified_gmt":"2023-02-21T16:46:10","slug":"reformas-integrales-en-barcelona","status":"publish","type":"page","link":"https:\/\/www.global-projects.es\/ca\/reformas-integrales-en-barcelona\/","title":{"rendered":"Reformas Integrales en Barcelona"},"content":{"rendered":"<p>[et_pb_section fb_built=&#8221;1&#8243; _builder_version=&#8221;4.16&#8243; global_colors_info=&#8221;{}&#8221;][et_pb_row column_structure=&#8221;1_2,1_2&#8243; _builder_version=&#8221;4.16&#8243; global_colors_info=&#8221;{}&#8221;][et_pb_column type=&#8221;1_2&#8243; _builder_version=&#8221;4.16&#8243; custom_padding=&#8221;|||&#8221; global_colors_info=&#8221;{}&#8221; custom_padding__hover=&#8221;|||&#8221;][et_pb_text _builder_version=&#8221;4.16&#8243; custom_margin=&#8221;||15px&#8221; global_colors_info=&#8221;{}&#8221;]<\/p>\n<h1>Reformes Integrals<br \/>\na Barcelona<\/h1>\n<p>[\/et_pb_text][et_pb_text module_class=&#8221;feat-strong-text&#8221; _builder_version=&#8221;4.16&#8243; text_font=&#8221;Sanchez||||||||&#8221; text_font_size=&#8221;22px&#8221; text_line_height=&#8221;1.6em&#8221; global_colors_info=&#8221;{}&#8221;]Ideem <b>projectes totalment personalitzats<\/b>, tu ets \u00fanic, per tant el teu projecte tamb\u00e9 ser\u00e0 \u00fanic. <b>Et donem idees<\/b>, a Global Projects tot comen\u00e7a amb un di\u00e0leg per definir el projecte, lliguem idees, materials, colors, esbossos i finalment el pressupost de la reforma integral. Un document on trobar\u00e0s tot el necessari per estar al <b>100% informat de tot el proc\u00e9s<\/b>. Ens adaptem al teu pressupost i a les teves necessitats, sense deixar de banda la <b>qualitat<\/b> i l&#8217;excel\u00b7l\u00e8ncia en el treball.[\/et_pb_text][et_pb_button button_url=&#8221;#budget-form&#8221; button_text=&#8221;Vols un pressupost?&#8221; _builder_version=&#8221;4.16&#8243; global_colors_info=&#8221;{}&#8221;][\/et_pb_button][\/et_pb_column][et_pb_column type=&#8221;1_2&#8243; _builder_version=&#8221;4.16&#8243; custom_padding=&#8221;|||&#8221; global_colors_info=&#8221;{}&#8221; custom_padding__hover=&#8221;|||&#8221;][et_pb_text _builder_version=&#8221;4.16&#8243; global_colors_info=&#8221;{}&#8221;]Global Projects posa a la teva disposici\u00f3 tota la plantilla de t\u00e8cnics per dur a terme la teva reforma integral a Barcelona; un equip compost per <b>arquitectes, interioristes i operaris especialitzats<\/b>.<\/p>\n<p>Reformem qualsevol tipus d&#8217;habitatge a Barcelona, des d&#8217;una gran casa fins a un loft, de qualsevol mida, estil&#8230; no tenim l\u00edmits. Nom\u00e9s has de contactar amb nosaltres, i transmetre la teva idea per comen\u00e7ar.<\/p>\n<p>Busquem sempre la soluci\u00f3 ideal per aprofitar al m\u00e0xim l&#8217;espai, \u00e9s per aix\u00f2 que t&#8217;ajudem en tot moment, t&#8217;ajudem a triar el color de les parets, tipus de parquet, mobles&#8230; <b>t&#8217;assessorem<\/b> sobre marques, models i caracter\u00edstiques ja que <b>tenim cura fins l&#8217;\u00faltim detall<\/b>, per a complir sempre les teves expectatives. A m\u00e9s <b>et mantenim al dia<\/b>, des de l&#8217;inici de la reforma integral, assignem un responsable de la reforma que t&#8217;informar\u00e0 directament de l&#8217;evoluci\u00f3 dels treballs.<\/p>\n<p>Et sentir\u00e0s recolzat en tot moment, t&#8217;assessorem i t&#8217;informem de qualsevol novetat o proc\u00e9s de la reforma, ja que <b>el que busquem \u00e9s la teva m\u00e0xima satisfacci\u00f3<\/b>.<\/p>\n<p>A m\u00e9s et garantim que la teva reforma integral complir\u00e0 les teves expectatives, ja que <b>el nostre equip de professionals s&#8217;implica al 100%<\/b> en cada reforma.<\/p>\n<p><b>Som experts en construcci\u00f3 i interiorisme <\/b>i volem que tu puguis gaudir al m\u00e0xim de la teva reforma! Tu deixa-ho a les nostres mans i nosaltres ens encarreguem de la resta![\/et_pb_text][\/et_pb_column][\/et_pb_row][\/et_pb_section][et_pb_section fb_built=&#8221;1&#8243; _builder_version=&#8221;4.16&#8243; custom_padding=&#8221;||0px&#8221; global_colors_info=&#8221;{}&#8221;][et_pb_row _builder_version=&#8221;4.16&#8243; global_colors_info=&#8221;{}&#8221;][et_pb_column type=&#8221;4_4&#8243; _builder_version=&#8221;4.16&#8243; custom_padding=&#8221;|||&#8221; global_colors_info=&#8221;{}&#8221; custom_padding__hover=&#8221;|||&#8221;][et_pb_text _builder_version=&#8221;4.16&#8243; text_font=&#8221;|700|||||||&#8221; text_text_color=&#8221;#00a4b3&#8243; text_font_size=&#8221;22px&#8221; header_font=&#8221;||||||||&#8221; saved_tabs=&#8221;all&#8221; global_colors_info=&#8221;{}&#8221;]Algunes reformes integrals[\/et_pb_text][\/et_pb_column][\/et_pb_row][\/et_pb_section][et_pb_section fb_built=&#8221;1&#8243; _builder_version=&#8221;4.16&#8243; background_color=&#8221;#f5f5f5&#8243; use_background_color_gradient=&#8221;on&#8221; background_color_gradient_stops=&#8221;#ffffff 7%|#f0f0f0 7%&#8221; background_color_gradient_start=&#8221;#ffffff&#8221; background_color_gradient_start_position=&#8221;7%&#8221; background_color_gradient_end=&#8221;#f0f0f0&#8243; background_color_gradient_end_position=&#8221;7%&#8221; custom_margin=&#8221;||&#8221; custom_padding=&#8221;0px||&#8221; global_colors_info=&#8221;{}&#8221;][et_pb_row _builder_version=&#8221;4.16&#8243; custom_padding=&#8221;0px||&#8221; global_colors_info=&#8221;{}&#8221;][et_pb_column type=&#8221;4_4&#8243; _builder_version=&#8221;4.16&#8243; custom_padding=&#8221;|||&#8221; global_colors_info=&#8221;{}&#8221; custom_padding__hover=&#8221;|||&#8221;][et_pb_portfolio fullwidth=&#8221;off&#8221; posts_number=&#8221;6&#8243; include_categories=&#8221;4&#8243; show_title=&#8221;off&#8221; show_categories=&#8221;off&#8221; show_pagination=&#8221;off&#8221; module_class=&#8221;three-column-grid portfolio&#8221; _builder_version=&#8221;4.16&#8243; global_colors_info=&#8221;{}&#8221;][\/et_pb_portfolio][et_pb_button button_url=&#8221;https:\/\/www.global-projects.es\/ca\/proyectos-reformas\/&#8221; button_text=&#8221;Veure m\u00e9s reformes integrals&#8221; button_alignment=&#8221;center&#8221; _builder_version=&#8221;4.16&#8243; locked=&#8221;off&#8221; global_colors_info=&#8221;{}&#8221;][\/et_pb_button][\/et_pb_column][\/et_pb_row][\/et_pb_section][et_pb_section fb_built=&#8221;1&#8243; _builder_version=&#8221;4.16&#8243; global_colors_info=&#8221;{}&#8221;][et_pb_row _builder_version=&#8221;4.16&#8243; global_colors_info=&#8221;{}&#8221;][et_pb_column type=&#8221;4_4&#8243; _builder_version=&#8221;4.16&#8243; custom_padding=&#8221;|||&#8221; global_colors_info=&#8221;{}&#8221; custom_padding__hover=&#8221;|||&#8221;][et_pb_text _builder_version=&#8221;4.16&#8243; text_font=&#8221;|700|||||||&#8221; text_text_color=&#8221;#00a4b3&#8243; text_font_size=&#8221;22px&#8221; header_font=&#8221;||||||||&#8221; saved_tabs=&#8221;all&#8221; global_colors_info=&#8221;{}&#8221;]Alguns clients de reformes[\/et_pb_text][et_pb_gallery gallery_ids=&#8221;608,609,605,606,607,604,603,602,598,601,600,599,597,596,593,594,595,591,592,10076,10073,10070,10067,10064,10061&#8243; posts_number=&#8221;24&#8243; show_title_and_caption=&#8221;off&#8221; show_pagination=&#8221;off&#8221; zoom_icon_color=&#8221;rgba(0,0,0,0)&#8221; hover_overlay_color=&#8221;rgba(255,255,255,0)&#8221; module_class=&#8221;clients-gallery&#8221; _builder_version=&#8221;4.16&#8243; child_filter_saturate=&#8221;0%&#8221; global_colors_info=&#8221;{}&#8221;][\/et_pb_gallery][\/et_pb_column][\/et_pb_row][\/et_pb_section][et_pb_section fb_built=&#8221;1&#8243; module_id=&#8221;budget-form&#8221; _builder_version=&#8221;4.16&#8243; background_color=&#8221;#003954&#8243; locked=&#8221;off&#8221; global_colors_info=&#8221;{}&#8221;][et_pb_row _builder_version=&#8221;4.16&#8243; max_width=&#8221;700px&#8221; global_colors_info=&#8221;{}&#8221;][et_pb_column type=&#8221;4_4&#8243; _builder_version=&#8221;4.16&#8243; custom_padding=&#8221;|||&#8221; global_colors_info=&#8221;{}&#8221; custom_padding__hover=&#8221;|||&#8221;][et_pb_text _builder_version=&#8221;4.16&#8243; text_font=&#8221;||||||||&#8221; text_orientation=&#8221;center&#8221; background_layout=&#8221;dark&#8221; global_colors_info=&#8221;{}&#8221;]<\/p>\n<h2>\u00bfVols un pressupost?<\/h2>\n<p>Tens alguna reforma d&#8217;habitatge en ment?[\/et_pb_text][\/et_pb_column][\/et_pb_row][et_pb_row _builder_version=&#8221;4.16&#8243; global_colors_info=&#8221;{}&#8221;][et_pb_column type=&#8221;4_4&#8243; _builder_version=&#8221;4.16&#8243; custom_padding=&#8221;|||&#8221; global_colors_info=&#8221;{}&#8221; custom_padding__hover=&#8221;|||&#8221;][et_pb_contact_form email=&#8221;mriba@global-projects.es&#8221; custom_message=&#8221;Nom: %%Name%%||et_pb_line_break_holder||Email: %%Email_Address%%||et_pb_line_break_holder||Missatge: %%Message%%&#8221; _builder_version=&#8221;4.20.0&#8243; _unique_id=&#8221;9bb7e98d-8228-472f-9361-47c75a7a71f3&#8243; form_field_background_color=&#8221;rgba(0,164,179,0.2)&#8221; form_field_text_color=&#8221;#ffffff&#8221; form_field_font=&#8221;||||||||&#8221; hover_enabled=&#8221;0&#8243; custom_css_contact_fields=&#8221;color: white;&#8221; form_background_color=&#8221;rgba(0,164,179,0.2)&#8221; global_colors_info=&#8221;{}&#8221; sticky_enabled=&#8221;0&#8243;][et_pb_contact_field field_id=&#8221;Name&#8221; field_title=&#8221;Nom&#8221; _builder_version=&#8221;4.16&#8243; global_colors_info=&#8221;{}&#8221; button_text_size__hover_enabled=&#8221;off&#8221; button_one_text_size__hover_enabled=&#8221;off&#8221; button_two_text_size__hover_enabled=&#8221;off&#8221; button_text_color__hover_enabled=&#8221;off&#8221; button_one_text_color__hover_enabled=&#8221;off&#8221; button_two_text_color__hover_enabled=&#8221;off&#8221; button_border_width__hover_enabled=&#8221;off&#8221; button_one_border_width__hover_enabled=&#8221;off&#8221; button_two_border_width__hover_enabled=&#8221;off&#8221; button_border_color__hover_enabled=&#8221;off&#8221; button_one_border_color__hover_enabled=&#8221;off&#8221; button_two_border_color__hover_enabled=&#8221;off&#8221; button_border_radius__hover_enabled=&#8221;off&#8221; button_one_border_radius__hover_enabled=&#8221;off&#8221; button_two_border_radius__hover_enabled=&#8221;off&#8221; button_letter_spacing__hover_enabled=&#8221;off&#8221; button_one_letter_spacing__hover_enabled=&#8221;off&#8221; button_two_letter_spacing__hover_enabled=&#8221;off&#8221; button_bg_color__hover_enabled=&#8221;off&#8221; button_one_bg_color__hover_enabled=&#8221;off&#8221; button_two_bg_color__hover_enabled=&#8221;off&#8221;][\/et_pb_contact_field][et_pb_contact_field field_id=&#8221;Email_Address&#8221; field_title=&#8221;Direcci\u00f3 de correu electr\u00f2nic&#8221; field_type=&#8221;email&#8221; _builder_version=&#8221;4.16&#8243; global_colors_info=&#8221;{}&#8221; button_text_size__hover_enabled=&#8221;off&#8221; button_one_text_size__hover_enabled=&#8221;off&#8221; button_two_text_size__hover_enabled=&#8221;off&#8221; button_text_color__hover_enabled=&#8221;off&#8221; button_one_text_color__hover_enabled=&#8221;off&#8221; button_two_text_color__hover_enabled=&#8221;off&#8221; button_border_width__hover_enabled=&#8221;off&#8221; button_one_border_width__hover_enabled=&#8221;off&#8221; button_two_border_width__hover_enabled=&#8221;off&#8221; button_border_color__hover_enabled=&#8221;off&#8221; button_one_border_color__hover_enabled=&#8221;off&#8221; button_two_border_color__hover_enabled=&#8221;off&#8221; button_border_radius__hover_enabled=&#8221;off&#8221; button_one_border_radius__hover_enabled=&#8221;off&#8221; button_two_border_radius__hover_enabled=&#8221;off&#8221; button_letter_spacing__hover_enabled=&#8221;off&#8221; button_one_letter_spacing__hover_enabled=&#8221;off&#8221; button_two_letter_spacing__hover_enabled=&#8221;off&#8221; button_bg_color__hover_enabled=&#8221;off&#8221; button_one_bg_color__hover_enabled=&#8221;off&#8221; button_two_bg_color__hover_enabled=&#8221;off&#8221;][\/et_pb_contact_field][et_pb_contact_field field_id=&#8221;Message&#8221; field_title=&#8221;Missatge&#8221; field_type=&#8221;text&#8221; fullwidth_field=&#8221;on&#8221; _builder_version=&#8221;4.16&#8243; global_colors_info=&#8221;{}&#8221; button_text_size__hover_enabled=&#8221;off&#8221; button_one_text_size__hover_enabled=&#8221;off&#8221; button_two_text_size__hover_enabled=&#8221;off&#8221; button_text_color__hover_enabled=&#8221;off&#8221; button_one_text_color__hover_enabled=&#8221;off&#8221; button_two_text_color__hover_enabled=&#8221;off&#8221; button_border_width__hover_enabled=&#8221;off&#8221; button_one_border_width__hover_enabled=&#8221;off&#8221; button_two_border_width__hover_enabled=&#8221;off&#8221; button_border_color__hover_enabled=&#8221;off&#8221; button_one_border_color__hover_enabled=&#8221;off&#8221; button_two_border_color__hover_enabled=&#8221;off&#8221; button_border_radius__hover_enabled=&#8221;off&#8221; button_one_border_radius__hover_enabled=&#8221;off&#8221; button_two_border_radius__hover_enabled=&#8221;off&#8221; button_letter_spacing__hover_enabled=&#8221;off&#8221; button_one_letter_spacing__hover_enabled=&#8221;off&#8221; button_two_letter_spacing__hover_enabled=&#8221;off&#8221; button_bg_color__hover_enabled=&#8221;off&#8221; button_one_bg_color__hover_enabled=&#8221;off&#8221; button_two_bg_color__hover_enabled=&#8221;off&#8221;][\/et_pb_contact_field][\/et_pb_contact_form][\/et_pb_column][\/et_pb_row][\/et_pb_section]<\/p>\n","protected":false},"excerpt":{"rendered":"<p>Reformes Integrals a BarcelonaIdeem projectes totalment personalitzats, tu ets \u00fanic, per tant el teu projecte tamb\u00e9 ser\u00e0 \u00fanic. Et donem idees, a Global Projects tot comen\u00e7a amb un di\u00e0leg per definir el projecte, lliguem idees, materials, colors, esbossos i finalment el pressupost de la reforma integral. Un document on trobar\u00e0s tot el necessari per estar [&hellip;]<\/p>\n","protected":false},"author":8,"featured_media":0,"parent":0,"menu_order":8,"comment_status":"closed","ping_status":"closed","template":"","meta":{"_et_pb_use_builder":"on","_et_pb_old_content":"","_et_gb_content_width":"","footnotes":""},"class_list":["post-7277","page","type-page","status-publish","hentry"],"yoast_head":"<!-- This site is optimized with the Yoast SEO plugin v27.5 - https:\/\/yoast.com\/product\/yoast-seo-wordpress\/ -->\n<title>Reformas Integrales Barcelona - Global Projects<\/title>\n<meta name=\"description\" content=\"Empresa de reformas especializada en reformas integrales en Barcelona de pisos, locales y viviendas. Reformas de cocinas y ba\u00f1os. Tel. 902 207 209\" \/>\n<meta name=\"robots\" content=\"index, follow, max-snippet:-1, max-image-preview:large, max-video-preview:-1\" \/>\n<link rel=\"canonical\" href=\"https:\/\/www.global-projects.es\/ca\/reformas-integrales-en-barcelona\/\" \/>\n<meta property=\"og:locale\" content=\"ca_ES\" \/>\n<meta property=\"og:type\" content=\"article\" \/>\n<meta property=\"og:title\" content=\"Reformas Integrales Barcelona - Global Projects\" \/>\n<meta property=\"og:description\" content=\"Empresa de reformas especializada en reformas integrales en Barcelona de pisos, locales y viviendas. Reformas de cocinas y ba\u00f1os. Tel. 902 207 209\" \/>\n<meta property=\"og:url\" content=\"https:\/\/www.global-projects.es\/ca\/reformas-integrales-en-barcelona\/\" \/>\n<meta property=\"og:site_name\" content=\"Global Projects\" \/>\n<meta property=\"article:publisher\" content=\"https:\/\/www.facebook.com\/gblprojects\" \/>\n<meta property=\"article:modified_time\" content=\"2023-02-21T16:46:10+00:00\" \/>\n<meta name=\"twitter:card\" content=\"summary_large_image\" \/>\n<meta name=\"twitter:site\" content=\"@global_projects\" \/>\n<meta name=\"twitter:label1\" content=\"Temps estimat de lectura\" \/>\n\t<meta name=\"twitter:data1\" content=\"7 minuts\" \/>\n<script type=\"application\/ld+json\" class=\"yoast-schema-graph\">{\"@context\":\"https:\\\/\\\/schema.org\",\"@graph\":[{\"@type\":\"WebPage\",\"@id\":\"https:\\\/\\\/www.global-projects.es\\\/ca\\\/reformas-integrales-en-barcelona\\\/\",\"url\":\"https:\\\/\\\/www.global-projects.es\\\/ca\\\/reformas-integrales-en-barcelona\\\/\",\"name\":\"Reformas Integrales Barcelona - Global Projects\",\"isPartOf\":{\"@id\":\"https:\\\/\\\/www.global-projects.es\\\/es\\\/#website\"},\"datePublished\":\"2019-07-24T12:15:00+00:00\",\"dateModified\":\"2023-02-21T16:46:10+00:00\",\"description\":\"Empresa de reformas especializada en reformas integrales en Barcelona de pisos, locales y viviendas. Reformas de cocinas y ba\u00f1os. Tel. 902 207 209\",\"breadcrumb\":{\"@id\":\"https:\\\/\\\/www.global-projects.es\\\/ca\\\/reformas-integrales-en-barcelona\\\/#breadcrumb\"},\"inLanguage\":\"ca\",\"potentialAction\":[{\"@type\":\"ReadAction\",\"target\":[\"https:\\\/\\\/www.global-projects.es\\\/ca\\\/reformas-integrales-en-barcelona\\\/\"]}]},{\"@type\":\"BreadcrumbList\",\"@id\":\"https:\\\/\\\/www.global-projects.es\\\/ca\\\/reformas-integrales-en-barcelona\\\/#breadcrumb\",\"itemListElement\":[{\"@type\":\"ListItem\",\"position\":1,\"name\":\"Portada\",\"item\":\"https:\\\/\\\/www.global-projects.es\\\/es\\\/\"},{\"@type\":\"ListItem\",\"position\":2,\"name\":\"Reformas Integrales en Barcelona\"}]},{\"@type\":\"WebSite\",\"@id\":\"https:\\\/\\\/www.global-projects.es\\\/es\\\/#website\",\"url\":\"https:\\\/\\\/www.global-projects.es\\\/es\\\/\",\"name\":\"Global Projects\",\"description\":\"Reformas Integrales Barcelona\",\"potentialAction\":[{\"@type\":\"SearchAction\",\"target\":{\"@type\":\"EntryPoint\",\"urlTemplate\":\"https:\\\/\\\/www.global-projects.es\\\/es\\\/?s={search_term_string}\"},\"query-input\":{\"@type\":\"PropertyValueSpecification\",\"valueRequired\":true,\"valueName\":\"search_term_string\"}}],\"inLanguage\":\"ca\"}]}<\/script>\n<!-- \/ Yoast SEO plugin. -->","yoast_head_json":{"title":"Reformas Integrales Barcelona - Global Projects","description":"Empresa de reformas especializada en reformas integrales en Barcelona de pisos, locales y viviendas. Reformas de cocinas y ba\u00f1os. Tel. 902 207 209","robots":{"index":"index","follow":"follow","max-snippet":"max-snippet:-1","max-image-preview":"max-image-preview:large","max-video-preview":"max-video-preview:-1"},"canonical":"https:\/\/www.global-projects.es\/ca\/reformas-integrales-en-barcelona\/","og_locale":"ca_ES","og_type":"article","og_title":"Reformas Integrales Barcelona - Global Projects","og_description":"Empresa de reformas especializada en reformas integrales en Barcelona de pisos, locales y viviendas. Reformas de cocinas y ba\u00f1os. Tel. 902 207 209","og_url":"https:\/\/www.global-projects.es\/ca\/reformas-integrales-en-barcelona\/","og_site_name":"Global Projects","article_publisher":"https:\/\/www.facebook.com\/gblprojects","article_modified_time":"2023-02-21T16:46:10+00:00","twitter_card":"summary_large_image","twitter_site":"@global_projects","twitter_misc":{"Temps estimat de lectura":"7 minuts"},"schema":{"@context":"https:\/\/schema.org","@graph":[{"@type":"WebPage","@id":"https:\/\/www.global-projects.es\/ca\/reformas-integrales-en-barcelona\/","url":"https:\/\/www.global-projects.es\/ca\/reformas-integrales-en-barcelona\/","name":"Reformas Integrales Barcelona - Global Projects","isPartOf":{"@id":"https:\/\/www.global-projects.es\/es\/#website"},"datePublished":"2019-07-24T12:15:00+00:00","dateModified":"2023-02-21T16:46:10+00:00","description":"Empresa de reformas especializada en reformas integrales en Barcelona de pisos, locales y viviendas. Reformas de cocinas y ba\u00f1os. Tel. 902 207 209","breadcrumb":{"@id":"https:\/\/www.global-projects.es\/ca\/reformas-integrales-en-barcelona\/#breadcrumb"},"inLanguage":"ca","potentialAction":[{"@type":"ReadAction","target":["https:\/\/www.global-projects.es\/ca\/reformas-integrales-en-barcelona\/"]}]},{"@type":"BreadcrumbList","@id":"https:\/\/www.global-projects.es\/ca\/reformas-integrales-en-barcelona\/#breadcrumb","itemListElement":[{"@type":"ListItem","position":1,"name":"Portada","item":"https:\/\/www.global-projects.es\/es\/"},{"@type":"ListItem","position":2,"name":"Reformas Integrales en Barcelona"}]},{"@type":"WebSite","@id":"https:\/\/www.global-projects.es\/es\/#website","url":"https:\/\/www.global-projects.es\/es\/","name":"Global Projects","description":"Reformas Integrales Barcelona","potentialAction":[{"@type":"SearchAction","target":{"@type":"EntryPoint","urlTemplate":"https:\/\/www.global-projects.es\/es\/?s={search_term_string}"},"query-input":{"@type":"PropertyValueSpecification","valueRequired":true,"valueName":"search_term_string"}}],"inLanguage":"ca"}]}},"_links":{"self":[{"href":"https:\/\/www.global-projects.es\/ca\/wp-json\/wp\/v2\/pages\/7277","targetHints":{"allow":["GET"]}}],"collection":[{"href":"https:\/\/www.global-projects.es\/ca\/wp-json\/wp\/v2\/pages"}],"about":[{"href":"https:\/\/www.global-projects.es\/ca\/wp-json\/wp\/v2\/types\/page"}],"author":[{"embeddable":true,"href":"https:\/\/www.global-projects.es\/ca\/wp-json\/wp\/v2\/users\/8"}],"replies":[{"embeddable":true,"href":"https:\/\/www.global-projects.es\/ca\/wp-json\/wp\/v2\/comments?post=7277"}],"version-history":[{"count":0,"href":"https:\/\/www.global-projects.es\/ca\/wp-json\/wp\/v2\/pages\/7277\/revisions"}],"wp:attachment":[{"href":"https:\/\/www.global-projects.es\/ca\/wp-json\/wp\/v2\/media?parent=7277"}],"curies":[{"name":"wp","href":"https:\/\/api.w.org\/{rel}","templated":true}]}}