{"id":10506,"date":"2020-10-21T17:41:01","date_gmt":"2020-10-21T15:41:01","guid":{"rendered":"https:\/\/www.global-projects.es\/reformas-integrales-en-valencia\/"},"modified":"2020-10-22T13:39:18","modified_gmt":"2020-10-22T11:39:18","slug":"reformas-integrales-en-valencia","status":"publish","type":"page","link":"https:\/\/www.global-projects.es\/ca\/reformas-integrales-en-valencia\/","title":{"rendered":"Reformes Integrals a Val\u00e8ncia"},"content":{"rendered":"<p>[et_pb_section fb_built=&#8221;1&#8243; _builder_version=&#8221;3.22.5&#8243;][et_pb_row column_structure=&#8221;1_2,1_2&#8243; _builder_version=&#8221;3.25&#8243;][et_pb_column type=&#8221;1_2&#8243; _builder_version=&#8221;3.25&#8243; custom_padding=&#8221;|||&#8221; custom_padding__hover=&#8221;|||&#8221;][et_pb_text _builder_version=&#8221;4.6.1&#8243; custom_margin=&#8221;||15px&#8221;]<\/p>\n<h1>Reformes Integrals a Val\u00e8ncia<\/h1>\n<p>[\/et_pb_text][et_pb_text module_class=&#8221;feat-strong-text&#8221; _builder_version=&#8221;4.6.1&#8243; text_font=&#8221;Sanchez||||||||&#8221; text_font_size=&#8221;22px&#8221; text_line_height=&#8221;1.6em&#8221;]<\/p>\n<p><span style=\"font-weight: 400;\">Si est\u00e0s pensant en fer una <strong>reforma integral<\/strong> amb les <strong>garanties d&#8217;un equip professional<\/strong>, Global Projects pot ser l&#8217;empresa que busques.<\/span><\/p>\n<p><span style=\"font-weight: 400;\">Som especialistes en reformes integrals de tot tipus d&#8217;habitatges i espais comercials adaptant-nos sempre a les necessitats de cada client. Farem una reforma <strong>totalment personalitzada<\/strong> al teu pressupost i espai aportant solucions t\u00e8cniques i est\u00e8tiques d&#8217;acord als teus gustos <strong>sense deixar de banda la calitat i excel\u00b7l\u00e8ncia<\/strong>.<\/span><\/p>\n<p>[\/et_pb_text][et_pb_button button_url=&#8221;#budget-form&#8221; button_text=&#8221;Vols un pressupost?&#8221; _builder_version=&#8221;3.22.5&#8243;][\/et_pb_button][\/et_pb_column][et_pb_column type=&#8221;1_2&#8243; _builder_version=&#8221;3.25&#8243; custom_padding=&#8221;|||&#8221; custom_padding__hover=&#8221;|||&#8221;][et_pb_text _builder_version=&#8221;4.6.1&#8243;]<\/p>\n<p><span style=\"font-weight: 400;\">Global Projects est\u00e1 formada per un equip d&#8217;arquitectes, interioristes i operaris amb una \u00e0mplia experi\u00e8ncia en <strong>reformes integrals a Val\u00e8ncia<\/strong>. Som especialistes en reformar habitatges, reformar banys, cuines i locals comercials.<\/span><\/p>\n<p><span style=\"font-weight: 400;\">Treballem en equip per oferir-te sempre la millor soluci\u00f3 aprofitant al m\u00e0xim l&#8217;espai disponible, assessorant-te en l&#8217;elecci\u00f3 dels materiales, models, marques i caracter\u00edstiques de parquet, rajoles i mobles.<\/span><\/p>\n<p>Des del moment que contactes amb nosaltres tot el nostre equip es posa a treballar per comen\u00e7ar amb el projecte que ens has transm\u00e8s. Estar\u00e0s informat en tot moment de com va avan\u00e7ant l&#8217;obre fins la finalitzaci\u00f3 de la reforma.<\/p>\n<p>Global projects significa <span style=\"font-weight: 400;\"><strong>treball en equip, experiencia, flexibilitat i qualitat a un preu ajustat.\u00a0<\/strong>Ens impliquem al 100% en cada reforma per a que el final de la nostra feina no trobis a faltar res i estiguis orgull\u00f3s d&#8217;haver confiat en nosaltres.<\/span><\/p>\n<p>Ens avalen m\u00e9s de deu anys d&#8217;experi\u00e8ncia <span style=\"font-weight: 400;\">en <\/span><a href=\"about:blank\"><span style=\"font-weight: 400;\"><strong>reformes integrals a Barcelona<\/strong><\/span><\/a> i la seva \u00e0rea metropolitana i ara arribem a Val\u00e8ncia per a seguir fent realitat els somnis dels nostres clients.<\/p>\n<p><strong>\u00a1T\u00fa aportes les idees, nosaltres ens encarreguem de la resta!<\/strong><\/p>\n<p>[\/et_pb_text][\/et_pb_column][\/et_pb_row][\/et_pb_section][et_pb_section fb_built=&#8221;1&#8243; _builder_version=&#8221;3.22.5&#8243; custom_padding=&#8221;||0px&#8221;][et_pb_row _builder_version=&#8221;3.25&#8243;][et_pb_column type=&#8221;4_4&#8243; _builder_version=&#8221;3.25&#8243; custom_padding=&#8221;|||&#8221; custom_padding__hover=&#8221;|||&#8221;][et_pb_text _builder_version=&#8221;4.6.1&#8243; text_font=&#8221;|700|||||||&#8221; text_text_color=&#8221;#00a4b3&#8243; text_font_size=&#8221;22px&#8221; header_font=&#8221;||||||||&#8221; saved_tabs=&#8221;all&#8221;]<\/p>\n<p>Les Nostres Reformes Integrals a Val\u00e8ncia<\/p>\n<p>[\/et_pb_text][\/et_pb_column][\/et_pb_row][\/et_pb_section][et_pb_section fb_built=&#8221;1&#8243; _builder_version=&#8221;3.22.5&#8243; background_color=&#8221;#f5f5f5&#8243; use_background_color_gradient=&#8221;on&#8221; background_color_gradient_start=&#8221;#ffffff&#8221; background_color_gradient_end=&#8221;#f0f0f0&#8243; background_color_gradient_start_position=&#8221;7%&#8221; background_color_gradient_end_position=&#8221;7%&#8221; custom_margin=&#8221;||&#8221; custom_padding=&#8221;0px||&#8221;][et_pb_row _builder_version=&#8221;3.25&#8243; custom_padding=&#8221;0px||&#8221;][et_pb_column type=&#8221;4_4&#8243; _builder_version=&#8221;3.25&#8243; custom_padding=&#8221;|||&#8221; custom_padding__hover=&#8221;|||&#8221;][et_pb_portfolio fullwidth=&#8221;off&#8221; posts_number=&#8221;6&#8243; include_categories=&#8221;4&#8243; show_categories=&#8221;off&#8221; show_pagination=&#8221;off&#8221; module_id=&#8221;hover-title&#8221; module_class=&#8221;three-column-grid portfolio&#8221; _builder_version=&#8221;4.6.1&#8243; hover_enabled=&#8221;0&#8243; sticky_enabled=&#8221;0&#8243;][\/et_pb_portfolio][et_pb_button button_url=&#8221;https:\/\/www.global-projects.es\/ca\/proyectos-reformas\/&#8221; button_text=&#8221;Veure m\u00e9s reformes a Val\u00e8ncia&#8221; button_alignment=&#8221;center&#8221; _builder_version=&#8221;4.6.1&#8243; locked=&#8221;off&#8221;][\/et_pb_button][\/et_pb_column][\/et_pb_row][\/et_pb_section][et_pb_section fb_built=&#8221;1&#8243; _builder_version=&#8221;4.6.1&#8243; _module_preset=&#8221;default&#8221;][et_pb_row column_structure=&#8221;1_2,1_2&#8243; _builder_version=&#8221;4.6.1&#8243; _module_preset=&#8221;default&#8221;][et_pb_column type=&#8221;1_2&#8243; _builder_version=&#8221;4.6.1&#8243; _module_preset=&#8221;default&#8221;][et_pb_text _builder_version=&#8221;4.6.1&#8243; _module_preset=&#8221;default&#8221;]<\/p>\n<h2><span style=\"font-weight: 400;\">Garantia GP<\/span><\/h2>\n<p>Posem tots els nostres recursos per a dur a terme la teva reforma integral amb \u00e8xit. Les nostres reformes inclouen enderroc i construcci\u00f3 de nous espais, electricitat i fontaneria nova, carpinteria, mobiliari de cuina i equipaments del bany. Per a nosaltres \u00e9s molt important realitzar les nostres <strong>rehabilitacions seguint uns est\u00e0ndars de qualitat i excel\u00b7l\u00e8ncia\u00a0<\/strong>servint-nos dels materials i tecnologies m\u00e9s innovadores per a que l&#8217;habitatge sigui eficient i sostenible.<\/p>\n<p>[\/et_pb_text][\/et_pb_column][et_pb_column type=&#8221;1_2&#8243; _builder_version=&#8221;4.6.1&#8243; _module_preset=&#8221;default&#8221;][et_pb_image src=&#8221;https:\/\/www.global-projects.es\/wp-content\/uploads\/2020\/05\/reforma_GP_Gracia-6.jpg&#8221; title_text=&#8221;reforma_GP_Gracia 6&#8243; align=&#8221;right&#8221; _builder_version=&#8221;4.6.1&#8243; _module_preset=&#8221;default&#8221; height=&#8221;350px&#8221;][\/et_pb_image][\/et_pb_column][\/et_pb_row][et_pb_row column_structure=&#8221;1_2,1_2&#8243; _builder_version=&#8221;4.6.1&#8243; _module_preset=&#8221;default&#8221;][et_pb_column type=&#8221;1_2&#8243; _builder_version=&#8221;4.6.1&#8243; _module_preset=&#8221;default&#8221;][et_pb_image src=&#8221;https:\/\/www.global-projects.es\/wp-content\/uploads\/2020\/02\/reforma-integral-piso-AC-Sant-Gervasi-18.jpg&#8221; title_text=&#8221;reforma integral piso AC Sant Gervasi 18&#8243; _builder_version=&#8221;4.6.1&#8243; _module_preset=&#8221;default&#8221; height=&#8221;350px&#8221;][\/et_pb_image][\/et_pb_column][et_pb_column type=&#8221;1_2&#8243; _builder_version=&#8221;4.6.1&#8243; _module_preset=&#8221;default&#8221;][et_pb_text _builder_version=&#8221;4.6.1&#8243; _module_preset=&#8221;default&#8221;]<\/p>\n<h2><span style=\"font-weight: 400;\">Rehabilitacions a mida<\/span><\/h2>\n<p>El concepte que descriu una reforma integral de Global Project \u00e9s exclusivitat. El nostre objectiu \u00e9s crear espais personalitzats pensant en les persones que els habitar\u00e0n cada dia.\u00a0<strong>Ens agrada crear est\u00e0ncies que transmetin l&#8217;ambient ideal\u00a0<\/strong>jugant amb tots els elements com la llum, els colors, plantes, mobiliari i reflexin el car\u00e0cter i personalitat dels nostres clients.<\/p>\n<p>[\/et_pb_text][\/et_pb_column][\/et_pb_row][\/et_pb_section][et_pb_section fb_built=&#8221;1&#8243; _builder_version=&#8221;4.6.1&#8243; _module_preset=&#8221;default&#8221;][et_pb_row _builder_version=&#8221;4.6.1&#8243; _module_preset=&#8221;default&#8221;][et_pb_column type=&#8221;4_4&#8243; _builder_version=&#8221;4.6.1&#8243; _module_preset=&#8221;default&#8221;][et_pb_text _builder_version=&#8221;4.6.1&#8243; _module_preset=&#8221;default&#8221;]<\/p>\n<h2>Per qu\u00e8 contractar la teva reforma amb Global Projects?<\/h2>\n<p>[\/et_pb_text][\/et_pb_column][\/et_pb_row][et_pb_row column_structure=&#8221;1_2,1_2&#8243; _builder_version=&#8221;4.6.1&#8243; _module_preset=&#8221;default&#8221;][et_pb_column type=&#8221;1_2&#8243; _builder_version=&#8221;4.6.1&#8243; _module_preset=&#8221;default&#8221;][et_pb_blurb title=&#8221;Agilitat i Comprom\u00eds&#8221; use_icon=&#8221;on&#8221; font_icon=&#8221;%%45%%&#8221; icon_placement=&#8221;left&#8221; _builder_version=&#8221;4.6.1&#8243; _module_preset=&#8221;default&#8221;]<\/p>\n<p>Per a nosaltres tot \u00e9s important, des del primer env\u00e0 fins a l\u2019\u00faltima junta, i tractem la teva obra com si fos la nostra casa.<\/p>\n<p>[\/et_pb_blurb][et_pb_blurb title=&#8221;Diversitat de Solucions&#8221; use_icon=&#8221;on&#8221; font_icon=&#8221;%%45%%&#8221; icon_placement=&#8221;left&#8221; _builder_version=&#8221;4.6.1&#8243; _module_preset=&#8221;default&#8221;]<\/p>\n<p>Ens cenyim al teu pressupost amb el comprom\u00eds que mantinguis el control total de les obres.<\/p>\n<p>[\/et_pb_blurb][et_pb_blurb title=&#8221;Petits Detalls, Grans Difer\u00e8ncies&#8221; use_icon=&#8221;on&#8221; font_icon=&#8221;%%45%%&#8221; icon_placement=&#8221;left&#8221; _builder_version=&#8221;4.6.1&#8243; _module_preset=&#8221;default&#8221;]<\/p>\n<p>Solucions a mida per a reformes integrals d\u2019oficines, locals comercials i habitatges particulars.<\/p>\n<p>[\/et_pb_blurb][\/et_pb_column][et_pb_column type=&#8221;1_2&#8243; _builder_version=&#8221;4.6.1&#8243; _module_preset=&#8221;default&#8221;][et_pb_blurb title=&#8221;Viu tranquil&#8221; use_icon=&#8221;on&#8221; font_icon=&#8221;%%45%%&#8221; icon_placement=&#8221;left&#8221; _builder_version=&#8221;4.6.1&#8243; _module_preset=&#8221;default&#8221;]<\/p>\n<p>Estarem amb t\u00fa en tot moment, i et mantindrem informat de com marxa la reforma integral fins al final.<\/p>\n<p>[\/et_pb_blurb][et_pb_blurb title=&#8221;Garantia Exclusiva&#8221; use_icon=&#8221;on&#8221; font_icon=&#8221;%%45%%&#8221; icon_placement=&#8221;left&#8221; _builder_version=&#8221;4.6.1&#8243; _module_preset=&#8221;default&#8221;]<\/p>\n<p>2 anys de garantia exclusiva en reformes integrals.<\/p>\n<p>[\/et_pb_blurb][\/et_pb_column][\/et_pb_row][\/et_pb_section][et_pb_section fb_built=&#8221;1&#8243; _builder_version=&#8221;4.6.1&#8243; _module_preset=&#8221;default&#8221;][et_pb_row _builder_version=&#8221;4.6.1&#8243; _module_preset=&#8221;default&#8221;][et_pb_column type=&#8221;4_4&#8243; _builder_version=&#8221;4.6.1&#8243; _module_preset=&#8221;default&#8221;][et_pb_text _builder_version=&#8221;4.6.1&#8243; _module_preset=&#8221;default&#8221;]<\/p>\n<h2>Serveis Relacionats<\/h2>\n<p>[\/et_pb_text][\/et_pb_column][\/et_pb_row][et_pb_row column_structure=&#8221;1_2,1_2&#8243; _builder_version=&#8221;4.6.1&#8243; _module_preset=&#8221;default&#8221;][et_pb_column type=&#8221;1_2&#8243; _builder_version=&#8221;4.6.1&#8243; _module_preset=&#8221;default&#8221;][et_pb_blurb title=&#8221;Reformes de Locals Comercials&#8221; image=&#8221;https:\/\/www.global-projects.es\/wp-content\/uploads\/2019\/09\/Restaurante-Amarre-69-barceloneta-4.jpg&#8221; _builder_version=&#8221;4.6.1&#8243; _module_preset=&#8221;default&#8221; border_style_all_image=&#8221;none&#8221;]<\/p>\n<p>Redissenyem els espais del teu local comercial per crear noves sensacions i experi\u00e8ncies. Escollim el mobiliari perfecte per al teu negoci seguint la teva visi\u00f3. Ens adaptem als costos essencials per cobrir les teves neccesitats dins del pressupost.<\/p>\n<p>[\/et_pb_blurb][et_pb_button button_text=&#8221;M\u00e9s Informaci\u00f3&#8221; _builder_version=&#8221;4.6.1&#8243; _module_preset=&#8221;default&#8221;][\/et_pb_button][\/et_pb_column][et_pb_column type=&#8221;1_2&#8243; _builder_version=&#8221;4.6.1&#8243; _module_preset=&#8221;default&#8221;][et_pb_blurb title=&#8221;Reformes d&#8217;Oficines&#8221; image=&#8221;https:\/\/www.global-projects.es\/wp-content\/uploads\/2019\/09\/GP_DESPACHO-TERRASSA_014.jpg&#8221; _builder_version=&#8221;4.6.1&#8243; _module_preset=&#8221;default&#8221;]<\/p>\n<p>Adaptem l&#8217;interiorisme de l&#8217;espai a la imatge corporativa de l&#8217;empresa. Personalitzem el teu lloc de treball, optimitzant els espais amb una combinaci\u00f3 d&#8217;est\u00e8tica i funcionalitat, que fusioni practicitat i confort.<\/p>\n<p>[\/et_pb_blurb][et_pb_button button_text=&#8221;M\u00e9s Informaci\u00f3&#8221; _builder_version=&#8221;4.6.1&#8243; _module_preset=&#8221;default&#8221;][\/et_pb_button][\/et_pb_column][\/et_pb_row][\/et_pb_section][et_pb_section fb_built=&#8221;1&#8243; _builder_version=&#8221;4.6.1&#8243; _module_preset=&#8221;default&#8221;][et_pb_row _builder_version=&#8221;4.6.1&#8243; _module_preset=&#8221;default&#8221;][et_pb_column type=&#8221;4_4&#8243; _builder_version=&#8221;4.6.1&#8243; _module_preset=&#8221;default&#8221;][et_pb_text _builder_version=&#8221;4.6.1&#8243; _module_preset=&#8221;default&#8221;]<\/p>\n<h2>Preguntes Freq\u00fcents<\/h2>\n<p>[\/et_pb_text][\/et_pb_column][\/et_pb_row][et_pb_row column_structure=&#8221;1_2,1_2&#8243; _builder_version=&#8221;4.6.1&#8243; _module_preset=&#8221;default&#8221;][et_pb_column type=&#8221;1_2&#8243; _builder_version=&#8221;4.6.1&#8243; _module_preset=&#8221;default&#8221;][et_pb_toggle title=&#8221;En quines zones de Val\u00e8ncia treballem?&#8221; open_toggle_text_color=&#8221;#02314b&#8221; closed_toggle_background_color=&#8221;#02314b&#8221; _builder_version=&#8221;4.6.6&#8243; _module_preset=&#8221;default&#8221; title_text_color=&#8221;#ffffff&#8221; hover_enabled=&#8221;0&#8243; border_radii=&#8221;on|2px|2px|2px|2px&#8221; border_width_all=&#8221;0px&#8221; box_shadow_style=&#8221;preset1&#8243; box_shadow_blur=&#8221;50px&#8221; box_shadow_spread=&#8221;-25px&#8221; sticky_enabled=&#8221;0&#8243;]<\/p>\n<p>Treballem en tots els barris de la ciutat de Val\u00e8ncia i en els seus voltants fins a Castell\u00f3.<\/p>\n<p>[\/et_pb_toggle][et_pb_toggle title=&#8221;Quant costa una reforma integral a Val\u00e8ncia?&#8221; open_toggle_text_color=&#8221;#02314b&#8221; closed_toggle_background_color=&#8221;#02314b&#8221; _builder_version=&#8221;4.6.6&#8243; _module_preset=&#8221;default&#8221; title_text_color=&#8221;#ffffff&#8221; hover_enabled=&#8221;0&#8243; border_radii=&#8221;on|2px|2px|2px|2px&#8221; border_width_all=&#8221;0px&#8221; box_shadow_style=&#8221;preset1&#8243; box_shadow_blur=&#8221;50px&#8221; box_shadow_spread=&#8221;-25px&#8221; sticky_enabled=&#8221;0&#8243;]<\/p>\n<p>Tot i que \u00e9s molt dif\u00edcil marcar un preu per a una reforma integral, s&#8217;estima que el pressupost oscilar\u00e0 entre 600 i 1200\u20ac el m2.<\/p>\n<p><span style=\"font-weight: 400;\">El total vindr\u00e0 determinat pel nivell de prestacions, acabats i afectaci\u00f3 respect a l&#8217;original que desitgem pel nostre projecte.<\/span><\/p>\n<p>Per aix\u00f2 la nostra recomanaci\u00f3 \u00e9s establir un pressupost amb el qual ens sentim c\u00f2modes i a partir d&#8217;all\u00e0 triar la millor soluci\u00f3 per a la reforma integral.<\/p>\n<p>[\/et_pb_toggle][\/et_pb_column][et_pb_column type=&#8221;1_2&#8243; _builder_version=&#8221;4.6.1&#8243; _module_preset=&#8221;default&#8221;][et_pb_toggle title=&#8221;Qu\u00e8 inclou una reforma integral?&#8221; open_toggle_text_color=&#8221;#02314b&#8221; closed_toggle_background_color=&#8221;#02314b&#8221; _builder_version=&#8221;4.6.6&#8243; _module_preset=&#8221;default&#8221; title_text_color=&#8221;#ffffff&#8221; hover_enabled=&#8221;0&#8243; border_radii=&#8221;on|2px|2px|2px|2px&#8221; border_width_all=&#8221;0px&#8221; box_shadow_style=&#8221;preset1&#8243; box_shadow_blur=&#8221;50px&#8221; box_shadow_spread=&#8221;-25px&#8221; sticky_enabled=&#8221;0&#8243;]<\/p>\n<p>Una reforma integral de GP inclou totes les intervencions que precisi el projecte. Engloba treballs d&#8217;enderrocs interiors, construcci\u00f3 de nous espais, renovaci\u00f3 d&#8217;instal\u00b7lacions, climatitzaci\u00f3 i calefacci\u00f3, finestres i balconeres d&#8217;alumini, carpinteria de fusta, mobiliari de cuina, equipaments de banys i incl\u00f2s tot el mobiliari que puguis necessitar.<\/p>\n<p>[\/et_pb_toggle][et_pb_toggle title=&#8221;Quina garantia t\u00e9 una obra de reforma?&#8221; open_toggle_text_color=&#8221;#02314b&#8221; closed_toggle_background_color=&#8221;#02314b&#8221; _builder_version=&#8221;4.6.6&#8243; _module_preset=&#8221;default&#8221; title_text_color=&#8221;#ffffff&#8221; hover_enabled=&#8221;0&#8243; border_radii=&#8221;on|2px|2px|2px|2px&#8221; border_width_all=&#8221;0px&#8221; box_shadow_style=&#8221;preset1&#8243; box_shadow_blur=&#8221;50px&#8221; box_shadow_spread=&#8221;-25px&#8221; sticky_enabled=&#8221;0&#8243;]<\/p>\n<p>Generalment les nostres reformes inclouen un per\u00edode de garantia de 2 anys estipulat en els nostres contractes. Depenen de l&#8217;actuaci\u00f3 pot ser un any, tot i que si ha passat el per\u00edode de garantia apareix algun problema derivat de la nostra actuaci\u00f3, aportem la millor soluci\u00f3.<\/p>\n<p>[\/et_pb_toggle][\/et_pb_column][\/et_pb_row][\/et_pb_section][et_pb_section fb_built=&#8221;1&#8243; _builder_version=&#8221;3.22.5&#8243;][et_pb_row _builder_version=&#8221;3.25&#8243;][et_pb_column type=&#8221;4_4&#8243; _builder_version=&#8221;3.25&#8243; custom_padding=&#8221;|||&#8221; custom_padding__hover=&#8221;|||&#8221;][et_pb_text _builder_version=&#8221;3.27.4&#8243; text_font=&#8221;|700|||||||&#8221; text_text_color=&#8221;#00a4b3&#8243; text_font_size=&#8221;22px&#8221; header_font=&#8221;||||||||&#8221; saved_tabs=&#8221;all&#8221;]<\/p>\n<p>Alguns clients de reformes<\/p>\n<p>[\/et_pb_text][et_pb_gallery gallery_ids=&#8221;608,609,605,606,607,604,603,602,598,601,600,599,597,596,593,594,595,591,592,10076,10073,10070,10067,10064,10061&#8243; posts_number=&#8221;24&#8243; show_title_and_caption=&#8221;off&#8221; show_pagination=&#8221;off&#8221; zoom_icon_color=&#8221;rgba(0,0,0,0)&#8221; hover_overlay_color=&#8221;rgba(255,255,255,0)&#8221; module_class=&#8221;clients-gallery&#8221; _builder_version=&#8221;4.5.1&#8243; child_filter_saturate=&#8221;0%&#8221;][\/et_pb_gallery][\/et_pb_column][\/et_pb_row][\/et_pb_section][et_pb_section fb_built=&#8221;1&#8243; module_id=&#8221;budget-form&#8221; _builder_version=&#8221;3.22.5&#8243; background_color=&#8221;#003954&#8243; locked=&#8221;off&#8221;][et_pb_row _builder_version=&#8221;3.25&#8243; max_width=&#8221;700px&#8221;][et_pb_column type=&#8221;4_4&#8243; _builder_version=&#8221;3.25&#8243; custom_padding=&#8221;|||&#8221; custom_padding__hover=&#8221;|||&#8221;][et_pb_text _builder_version=&#8221;4.4.1&#8243; text_font=&#8221;||||||||&#8221; text_orientation=&#8221;center&#8221; background_layout=&#8221;dark&#8221;]<\/p>\n<h2>Vols un pressupost?<\/h2>\n<p>Tens alguna reforma d&#8217;habitatge en ment?<\/p>\n<p>[\/et_pb_text][\/et_pb_column][\/et_pb_row][et_pb_row _builder_version=&#8221;3.25&#8243;][et_pb_column type=&#8221;4_4&#8243; _builder_version=&#8221;3.25&#8243; custom_padding=&#8221;|||&#8221; custom_padding__hover=&#8221;|||&#8221;][et_pb_contact_form email=&#8221;presupuesto@global-projects.es&#8221; custom_message=&#8221;Nom: %%Name%%||et_pb_line_break_holder||Email: %%Email_Address%%||et_pb_line_break_holder||Missatge: %%Message%%&#8221; _builder_version=&#8221;4.0.11&#8243; form_field_background_color=&#8221;rgba(0,164,179,0.2)&#8221; form_field_text_color=&#8221;#ffffff&#8221; form_field_font=&#8221;||||||||&#8221; custom_css_contact_fields=&#8221;color: white;&#8221; form_background_color=&#8221;rgba(0,164,179,0.2)&#8221;][et_pb_contact_field field_id=&#8221;Name&#8221; field_title=&#8221;Nom&#8221; _builder_version=&#8221;3.16&#8243; button_text_size__hover_enabled=&#8221;off&#8221; button_one_text_size__hover_enabled=&#8221;off&#8221; button_two_text_size__hover_enabled=&#8221;off&#8221; button_text_color__hover_enabled=&#8221;off&#8221; button_one_text_color__hover_enabled=&#8221;off&#8221; button_two_text_color__hover_enabled=&#8221;off&#8221; button_border_width__hover_enabled=&#8221;off&#8221; button_one_border_width__hover_enabled=&#8221;off&#8221; button_two_border_width__hover_enabled=&#8221;off&#8221; button_border_color__hover_enabled=&#8221;off&#8221; button_one_border_color__hover_enabled=&#8221;off&#8221; button_two_border_color__hover_enabled=&#8221;off&#8221; button_border_radius__hover_enabled=&#8221;off&#8221; button_one_border_radius__hover_enabled=&#8221;off&#8221; button_two_border_radius__hover_enabled=&#8221;off&#8221; button_letter_spacing__hover_enabled=&#8221;off&#8221; button_one_letter_spacing__hover_enabled=&#8221;off&#8221; button_two_letter_spacing__hover_enabled=&#8221;off&#8221; button_bg_color__hover_enabled=&#8221;off&#8221; button_one_bg_color__hover_enabled=&#8221;off&#8221; button_two_bg_color__hover_enabled=&#8221;off&#8221;][\/et_pb_contact_field][et_pb_contact_field field_id=&#8221;Email_Address&#8221; field_title=&#8221;Direcci\u00f3 de correu electr\u00f2nic&#8221; field_type=&#8221;email&#8221; _builder_version=&#8221;4.0.11&#8243; button_text_size__hover_enabled=&#8221;off&#8221; button_one_text_size__hover_enabled=&#8221;off&#8221; button_two_text_size__hover_enabled=&#8221;off&#8221; button_text_color__hover_enabled=&#8221;off&#8221; button_one_text_color__hover_enabled=&#8221;off&#8221; button_two_text_color__hover_enabled=&#8221;off&#8221; button_border_width__hover_enabled=&#8221;off&#8221; button_one_border_width__hover_enabled=&#8221;off&#8221; button_two_border_width__hover_enabled=&#8221;off&#8221; button_border_color__hover_enabled=&#8221;off&#8221; button_one_border_color__hover_enabled=&#8221;off&#8221; button_two_border_color__hover_enabled=&#8221;off&#8221; button_border_radius__hover_enabled=&#8221;off&#8221; button_one_border_radius__hover_enabled=&#8221;off&#8221; button_two_border_radius__hover_enabled=&#8221;off&#8221; button_letter_spacing__hover_enabled=&#8221;off&#8221; button_one_letter_spacing__hover_enabled=&#8221;off&#8221; button_two_letter_spacing__hover_enabled=&#8221;off&#8221; button_bg_color__hover_enabled=&#8221;off&#8221; button_one_bg_color__hover_enabled=&#8221;off&#8221; button_two_bg_color__hover_enabled=&#8221;off&#8221;][\/et_pb_contact_field][et_pb_contact_field field_id=&#8221;Message&#8221; field_title=&#8221;Missatge&#8221; field_type=&#8221;text&#8221; fullwidth_field=&#8221;on&#8221; _builder_version=&#8221;3.16&#8243; button_text_size__hover_enabled=&#8221;off&#8221; button_one_text_size__hover_enabled=&#8221;off&#8221; button_two_text_size__hover_enabled=&#8221;off&#8221; button_text_color__hover_enabled=&#8221;off&#8221; button_one_text_color__hover_enabled=&#8221;off&#8221; button_two_text_color__hover_enabled=&#8221;off&#8221; button_border_width__hover_enabled=&#8221;off&#8221; button_one_border_width__hover_enabled=&#8221;off&#8221; button_two_border_width__hover_enabled=&#8221;off&#8221; button_border_color__hover_enabled=&#8221;off&#8221; button_one_border_color__hover_enabled=&#8221;off&#8221; button_two_border_color__hover_enabled=&#8221;off&#8221; button_border_radius__hover_enabled=&#8221;off&#8221; button_one_border_radius__hover_enabled=&#8221;off&#8221; button_two_border_radius__hover_enabled=&#8221;off&#8221; button_letter_spacing__hover_enabled=&#8221;off&#8221; button_one_letter_spacing__hover_enabled=&#8221;off&#8221; button_two_letter_spacing__hover_enabled=&#8221;off&#8221; button_bg_color__hover_enabled=&#8221;off&#8221; button_one_bg_color__hover_enabled=&#8221;off&#8221; button_two_bg_color__hover_enabled=&#8221;off&#8221;][\/et_pb_contact_field][\/et_pb_contact_form][\/et_pb_column][\/et_pb_row][\/et_pb_section]<\/p>\n","protected":false},"excerpt":{"rendered":"<p>Reformes Integrals a Val\u00e8nciaSi est\u00e0s pensant en fer una reforma integral amb les garanties d&#8217;un equip professional, Global Projects pot ser l&#8217;empresa que busques. Som especialistes en reformes integrals de tot tipus d&#8217;habitatges i espais comercials adaptant-nos sempre a les necessitats de cada client. Farem una reforma totalment personalitzada al teu pressupost i espai aportant [&hellip;]<\/p>\n","protected":false},"author":8,"featured_media":0,"parent":0,"menu_order":0,"comment_status":"closed","ping_status":"closed","template":"","meta":{"_et_pb_use_builder":"on","_et_pb_old_content":"","_et_gb_content_width":"","footnotes":""},"class_list":["post-10506","page","type-page","status-publish","hentry"],"yoast_head":"<!-- This site is optimized with the Yoast SEO plugin v27.5 - https:\/\/yoast.com\/product\/yoast-seo-wordpress\/ -->\n<title>Reformes Integrals a Val\u00e8ncia - Global Projects<\/title>\n<meta name=\"robots\" content=\"index, follow, max-snippet:-1, max-image-preview:large, max-video-preview:-1\" \/>\n<link rel=\"canonical\" href=\"https:\/\/www.global-projects.es\/ca\/reformas-integrales-en-valencia\/\" \/>\n<meta property=\"og:locale\" content=\"ca_ES\" \/>\n<meta property=\"og:type\" content=\"article\" \/>\n<meta property=\"og:title\" content=\"Reformes Integrals a Val\u00e8ncia - Global Projects\" \/>\n<meta property=\"og:description\" content=\"Reformes Integrals a Val\u00e8nciaSi est\u00e0s pensant en fer una reforma integral amb les garanties d&#039;un equip professional, Global Projects pot ser l&#039;empresa que busques. Som especialistes en reformes integrals de tot tipus d&#039;habitatges i espais comercials adaptant-nos sempre a les necessitats de cada client. Farem una reforma totalment personalitzada al teu pressupost i espai aportant [&hellip;]\" \/>\n<meta property=\"og:url\" content=\"https:\/\/www.global-projects.es\/ca\/reformas-integrales-en-valencia\/\" \/>\n<meta property=\"og:site_name\" content=\"Global Projects\" \/>\n<meta property=\"article:publisher\" content=\"https:\/\/www.facebook.com\/gblprojects\" \/>\n<meta property=\"article:modified_time\" content=\"2020-10-22T11:39:18+00:00\" \/>\n<meta name=\"twitter:card\" content=\"summary_large_image\" \/>\n<meta name=\"twitter:site\" content=\"@global_projects\" \/>\n<meta name=\"twitter:label1\" content=\"Temps estimat de lectura\" \/>\n\t<meta name=\"twitter:data1\" content=\"13 minuts\" \/>\n<script type=\"application\/ld+json\" class=\"yoast-schema-graph\">{\"@context\":\"https:\\\/\\\/schema.org\",\"@graph\":[{\"@type\":\"WebPage\",\"@id\":\"https:\\\/\\\/www.global-projects.es\\\/ca\\\/reformas-integrales-en-valencia\\\/\",\"url\":\"https:\\\/\\\/www.global-projects.es\\\/ca\\\/reformas-integrales-en-valencia\\\/\",\"name\":\"Reformes Integrals a Val\u00e8ncia - Global Projects\",\"isPartOf\":{\"@id\":\"https:\\\/\\\/www.global-projects.es\\\/es\\\/#website\"},\"datePublished\":\"2020-10-21T15:41:01+00:00\",\"dateModified\":\"2020-10-22T11:39:18+00:00\",\"breadcrumb\":{\"@id\":\"https:\\\/\\\/www.global-projects.es\\\/ca\\\/reformas-integrales-en-valencia\\\/#breadcrumb\"},\"inLanguage\":\"ca\",\"potentialAction\":[{\"@type\":\"ReadAction\",\"target\":[\"https:\\\/\\\/www.global-projects.es\\\/ca\\\/reformas-integrales-en-valencia\\\/\"]}]},{\"@type\":\"BreadcrumbList\",\"@id\":\"https:\\\/\\\/www.global-projects.es\\\/ca\\\/reformas-integrales-en-valencia\\\/#breadcrumb\",\"itemListElement\":[{\"@type\":\"ListItem\",\"position\":1,\"name\":\"Portada\",\"item\":\"https:\\\/\\\/www.global-projects.es\\\/es\\\/\"},{\"@type\":\"ListItem\",\"position\":2,\"name\":\"Reformes Integrals a Val\u00e8ncia\"}]},{\"@type\":\"WebSite\",\"@id\":\"https:\\\/\\\/www.global-projects.es\\\/es\\\/#website\",\"url\":\"https:\\\/\\\/www.global-projects.es\\\/es\\\/\",\"name\":\"Global Projects\",\"description\":\"Reformas Integrales Barcelona\",\"potentialAction\":[{\"@type\":\"SearchAction\",\"target\":{\"@type\":\"EntryPoint\",\"urlTemplate\":\"https:\\\/\\\/www.global-projects.es\\\/es\\\/?s={search_term_string}\"},\"query-input\":{\"@type\":\"PropertyValueSpecification\",\"valueRequired\":true,\"valueName\":\"search_term_string\"}}],\"inLanguage\":\"ca\"}]}<\/script>\n<!-- \/ Yoast SEO plugin. -->","yoast_head_json":{"title":"Reformes Integrals a Val\u00e8ncia - Global Projects","robots":{"index":"index","follow":"follow","max-snippet":"max-snippet:-1","max-image-preview":"max-image-preview:large","max-video-preview":"max-video-preview:-1"},"canonical":"https:\/\/www.global-projects.es\/ca\/reformas-integrales-en-valencia\/","og_locale":"ca_ES","og_type":"article","og_title":"Reformes Integrals a Val\u00e8ncia - Global Projects","og_description":"Reformes Integrals a Val\u00e8nciaSi est\u00e0s pensant en fer una reforma integral amb les garanties d'un equip professional, Global Projects pot ser l'empresa que busques. Som especialistes en reformes integrals de tot tipus d'habitatges i espais comercials adaptant-nos sempre a les necessitats de cada client. Farem una reforma totalment personalitzada al teu pressupost i espai aportant [&hellip;]","og_url":"https:\/\/www.global-projects.es\/ca\/reformas-integrales-en-valencia\/","og_site_name":"Global Projects","article_publisher":"https:\/\/www.facebook.com\/gblprojects","article_modified_time":"2020-10-22T11:39:18+00:00","twitter_card":"summary_large_image","twitter_site":"@global_projects","twitter_misc":{"Temps estimat de lectura":"13 minuts"},"schema":{"@context":"https:\/\/schema.org","@graph":[{"@type":"WebPage","@id":"https:\/\/www.global-projects.es\/ca\/reformas-integrales-en-valencia\/","url":"https:\/\/www.global-projects.es\/ca\/reformas-integrales-en-valencia\/","name":"Reformes Integrals a Val\u00e8ncia - Global Projects","isPartOf":{"@id":"https:\/\/www.global-projects.es\/es\/#website"},"datePublished":"2020-10-21T15:41:01+00:00","dateModified":"2020-10-22T11:39:18+00:00","breadcrumb":{"@id":"https:\/\/www.global-projects.es\/ca\/reformas-integrales-en-valencia\/#breadcrumb"},"inLanguage":"ca","potentialAction":[{"@type":"ReadAction","target":["https:\/\/www.global-projects.es\/ca\/reformas-integrales-en-valencia\/"]}]},{"@type":"BreadcrumbList","@id":"https:\/\/www.global-projects.es\/ca\/reformas-integrales-en-valencia\/#breadcrumb","itemListElement":[{"@type":"ListItem","position":1,"name":"Portada","item":"https:\/\/www.global-projects.es\/es\/"},{"@type":"ListItem","position":2,"name":"Reformes Integrals a Val\u00e8ncia"}]},{"@type":"WebSite","@id":"https:\/\/www.global-projects.es\/es\/#website","url":"https:\/\/www.global-projects.es\/es\/","name":"Global Projects","description":"Reformas Integrales Barcelona","potentialAction":[{"@type":"SearchAction","target":{"@type":"EntryPoint","urlTemplate":"https:\/\/www.global-projects.es\/es\/?s={search_term_string}"},"query-input":{"@type":"PropertyValueSpecification","valueRequired":true,"valueName":"search_term_string"}}],"inLanguage":"ca"}]}},"_links":{"self":[{"href":"https:\/\/www.global-projects.es\/ca\/wp-json\/wp\/v2\/pages\/10506","targetHints":{"allow":["GET"]}}],"collection":[{"href":"https:\/\/www.global-projects.es\/ca\/wp-json\/wp\/v2\/pages"}],"about":[{"href":"https:\/\/www.global-projects.es\/ca\/wp-json\/wp\/v2\/types\/page"}],"author":[{"embeddable":true,"href":"https:\/\/www.global-projects.es\/ca\/wp-json\/wp\/v2\/users\/8"}],"replies":[{"embeddable":true,"href":"https:\/\/www.global-projects.es\/ca\/wp-json\/wp\/v2\/comments?post=10506"}],"version-history":[{"count":0,"href":"https:\/\/www.global-projects.es\/ca\/wp-json\/wp\/v2\/pages\/10506\/revisions"}],"wp:attachment":[{"href":"https:\/\/www.global-projects.es\/ca\/wp-json\/wp\/v2\/media?parent=10506"}],"curies":[{"name":"wp","href":"https:\/\/api.w.org\/{rel}","templated":true}]}}